{"id":13658,"date":"2022-03-18T17:16:56","date_gmt":"2022-03-18T16:16:56","guid":{"rendered":"https:\/\/tourisme-terrestouloises.com\/die-cite-des-paysages\/"},"modified":"2024-06-27T11:19:20","modified_gmt":"2024-06-27T09:19:20","slug":"die-cite-des-paysages","status":"publish","type":"page","link":"https:\/\/tourisme-terrestouloises.com\/de\/in-der-umgebung\/die-cite-des-paysages\/","title":{"rendered":"Die Cit\u00e9 des Paysages"},"content":{"rendered":"\t\t<div data-elementor-type=\"wp-page\" data-elementor-id=\"13658\" class=\"elementor elementor-13658 elementor-2399\" data-elementor-post-type=\"page\">\n\t\t\t\t\t\t<section class=\"elementor-section elementor-top-section elementor-element elementor-element-64c13c2 elementor-section-content-top elementor-reverse-mobile elementor-section-boxed elementor-section-height-default elementor-section-height-default\" data-id=\"64c13c2\" data-element_type=\"section\" data-e-type=\"section\" data-settings=\"{&quot;background_background&quot;:&quot;classic&quot;}\">\n\t\t\t\t\t\t<div class=\"elementor-container elementor-column-gap-default\">\n\t\t\t\t\t<div class=\"elementor-column elementor-col-50 elementor-top-column elementor-element elementor-element-1eac529\" data-id=\"1eac529\" data-element_type=\"column\" data-e-type=\"column\">\n\t\t\t<div class=\"elementor-widget-wrap elementor-element-populated\">\n\t\t\t\t\t\t<div class=\"elementor-element elementor-element-d1430fb elementor-invisible elementor-widget elementor-widget-image\" data-id=\"d1430fb\" data-element_type=\"widget\" data-e-type=\"widget\" data-settings=\"{&quot;_animation&quot;:&quot;fadeInLeft&quot;,&quot;_animation_mobile&quot;:&quot;fadeIn&quot;}\" data-widget_type=\"image.default\">\n\t\t\t\t<div class=\"elementor-widget-container\">\n\t\t\t\t\t\t\t\t\t\t\t\t<figure class=\"wp-caption\">\n\t\t\t\t\t\t\t\t\t\t<img fetchpriority=\"high\" decoding=\"async\" width=\"640\" height=\"480\" src=\"https:\/\/tourisme-terrestouloises.com\/wp-content\/uploads\/2022\/03\/Cite-des-Paysages-\u00a9celinewehrung-min-1024x768.jpg\" class=\"attachment-large size-large wp-image-2470\" alt=\"La Cit\u00e9 des Paysages\" srcset=\"https:\/\/tourisme-terrestouloises.com\/wp-content\/uploads\/2022\/03\/Cite-des-Paysages-\u00a9celinewehrung-min-1024x768.jpg 1024w, https:\/\/tourisme-terrestouloises.com\/wp-content\/uploads\/2022\/03\/Cite-des-Paysages-\u00a9celinewehrung-min-300x225.jpg 300w, https:\/\/tourisme-terrestouloises.com\/wp-content\/uploads\/2022\/03\/Cite-des-Paysages-\u00a9celinewehrung-min-768x576.jpg 768w, https:\/\/tourisme-terrestouloises.com\/wp-content\/uploads\/2022\/03\/Cite-des-Paysages-\u00a9celinewehrung-min-1536x1152.jpg 1536w, https:\/\/tourisme-terrestouloises.com\/wp-content\/uploads\/2022\/03\/Cite-des-Paysages-\u00a9celinewehrung-min-225x169.jpg 225w, https:\/\/tourisme-terrestouloises.com\/wp-content\/uploads\/2022\/03\/Cite-des-Paysages-\u00a9celinewehrung-min-24x18.jpg 24w, https:\/\/tourisme-terrestouloises.com\/wp-content\/uploads\/2022\/03\/Cite-des-Paysages-\u00a9celinewehrung-min-36x27.jpg 36w, https:\/\/tourisme-terrestouloises.com\/wp-content\/uploads\/2022\/03\/Cite-des-Paysages-\u00a9celinewehrung-min-48x36.jpg 48w, https:\/\/tourisme-terrestouloises.com\/wp-content\/uploads\/2022\/03\/Cite-des-Paysages-\u00a9celinewehrung-min.jpg 2048w\" sizes=\"(max-width: 640px) 100vw, 640px\" \/>\t\t\t\t\t\t\t\t\t\t\t<figcaption class=\"widget-image-caption wp-caption-text\">\u00a9celinewehrung<\/figcaption>\n\t\t\t\t\t\t\t\t\t\t<\/figure>\n\t\t\t\t\t\t\t\t\t<\/div>\n\t\t\t\t<\/div>\n\t\t\t\t\t<\/div>\n\t\t<\/div>\n\t\t\t\t<div class=\"elementor-column elementor-col-50 elementor-top-column elementor-element elementor-element-0f8be0b\" data-id=\"0f8be0b\" data-element_type=\"column\" data-e-type=\"column\" data-settings=\"{&quot;background_background&quot;:&quot;classic&quot;}\">\n\t\t\t<div class=\"elementor-widget-wrap elementor-element-populated\">\n\t\t\t\t\t\t<div class=\"elementor-element elementor-element-5208e05 elementor-widget elementor-widget-heading\" data-id=\"5208e05\" data-element_type=\"widget\" data-e-type=\"widget\" data-widget_type=\"heading.default\">\n\t\t\t\t<div class=\"elementor-widget-container\">\n\t\t\t\t\t<h3 class=\"elementor-heading-title elementor-size-default\">Die Cit\u00e9 des Paysages<\/h3>\t\t\t\t<\/div>\n\t\t\t\t<\/div>\n\t\t\t\t<section class=\"elementor-section elementor-inner-section elementor-element elementor-element-ea093fe elementor-section-boxed elementor-section-height-default elementor-section-height-default\" data-id=\"ea093fe\" data-element_type=\"section\" data-e-type=\"section\" data-settings=\"{&quot;background_background&quot;:&quot;classic&quot;}\">\n\t\t\t\t\t\t<div class=\"elementor-container elementor-column-gap-default\">\n\t\t\t\t\t<div class=\"elementor-column elementor-col-100 elementor-inner-column elementor-element elementor-element-f452e10\" data-id=\"f452e10\" data-element_type=\"column\" data-e-type=\"column\">\n\t\t\t<div class=\"elementor-widget-wrap elementor-element-populated\">\n\t\t\t\t\t\t<div class=\"elementor-element elementor-element-23374cb elementor-widget elementor-widget-text-editor\" data-id=\"23374cb\" data-element_type=\"widget\" data-e-type=\"widget\" data-widget_type=\"text-editor.default\">\n\t\t\t\t<div class=\"elementor-widget-container\">\n\t\t\t\t\t\t\t\t\t<p>Auf der Colline de Sion am Fu\u00df der Basilika in alten Klostergeb\u00e4uden \u00f6ffnet sich der kulturelle und didaktische Raum der Cit\u00e9 des Paysages f\u00fcr das breite Publikum und vor allem Kinder und ihre Familien. Es ist der Landschaft, der biologischen Vielfalt und dem \u00f6kologischen Wandel gewidmet.<\/p>\n\t\t\t\t\t\t\t\t<\/div>\n\t\t\t\t<\/div>\n\t\t\t\t<div class=\"elementor-element elementor-element-d1aec05 elementor-align-center elementor-mobile-align-center elementor-invisible elementor-widget elementor-widget-button\" data-id=\"d1aec05\" data-element_type=\"widget\" data-e-type=\"widget\" data-settings=\"{&quot;_animation&quot;:&quot;fadeIn&quot;}\" data-widget_type=\"button.default\">\n\t\t\t\t<div class=\"elementor-widget-container\">\n\t\t\t\t\t\t\t\t\t<div class=\"elementor-button-wrapper\">\n\t\t\t\t\t<a class=\"elementor-button elementor-button-link elementor-size-sm\" href=\"https:\/\/citedespaysages.meurthe-et-moselle.fr\/\" target=\"_blank\">\n\t\t\t\t\t\t<span class=\"elementor-button-content-wrapper\">\n\t\t\t\t\t\t\t\t\t<span class=\"elementor-button-text\">Weitere Infos<\/span>\n\t\t\t\t\t<\/span>\n\t\t\t\t\t<\/a>\n\t\t\t\t<\/div>\n\t\t\t\t\t\t\t\t<\/div>\n\t\t\t\t<\/div>\n\t\t\t\t\t<\/div>\n\t\t<\/div>\n\t\t\t\t\t<\/div>\n\t\t<\/section>\n\t\t\t\t\t<\/div>\n\t\t<\/div>\n\t\t\t\t\t<\/div>\n\t\t<\/section>\n\t\t\t\t<\/div>\n\t\t","protected":false},"excerpt":{"rendered":"<p>\u00a9 celinewehrung Die Cit\u00e9 des Paysages Auf der Colline de Sion am Fu\u00df der Basilika in alten Klostergeb\u00e4uden \u00f6ffnet sich der kulturelle und didaktische Raum der Cit\u00e9 des Paysages f\u00fcr das breite Publikum und vor allem Kinder und ihre Familien. Es ist der Landschaft, der biologischen Vielfalt und dem \u00f6kologischen Wandel gewidmet. Weitere Infos<\/p>\n","protected":false},"author":1,"featured_media":2470,"parent":523180,"menu_order":0,"comment_status":"closed","ping_status":"closed","template":"elementor_header_footer","meta":{"_acf_changed":false,"footnotes":""},"class_list":["post-13658","page","type-page","status-publish","has-post-thumbnail","hentry"],"acf":[],"yoast_head":"<!-- This site is optimized with the Yoast SEO plugin v27.5 - https:\/\/yoast.com\/product\/yoast-seo-wordpress\/ -->\n<title>Die Cit\u00e9 des Paysages - Tourismusb\u00fcro Terres Touloises<\/title>\n<meta name=\"description\" content=\"Entdecken Sie die Cit\u00e9 des Paysages in der Umgebung von Toul auf dem H\u00fcgel von Sion im Departement Meurthe-et-Moselle.\" \/>\n<meta name=\"robots\" content=\"index, follow, max-snippet:-1, max-image-preview:large, max-video-preview:-1\" \/>\n<link rel=\"canonical\" href=\"https:\/\/tourisme-terrestouloises.com\/de\/in-der-umgebung\/die-cite-des-paysages\/\" \/>\n<meta property=\"og:locale\" content=\"de_DE\" \/>\n<meta property=\"og:type\" content=\"article\" \/>\n<meta property=\"og:title\" content=\"Die Cit\u00e9 des Paysages - Tourismusb\u00fcro Terres Touloises\" \/>\n<meta property=\"og:description\" content=\"Entdecken Sie die Cit\u00e9 des Paysages in der Umgebung von Toul auf dem H\u00fcgel von Sion im Departement Meurthe-et-Moselle.\" \/>\n<meta property=\"og:url\" content=\"https:\/\/tourisme-terrestouloises.com\/de\/in-der-umgebung\/die-cite-des-paysages\/\" \/>\n<meta property=\"og:site_name\" content=\"Tourismusb\u00fcro Terres Touloises\" \/>\n<meta property=\"article:modified_time\" content=\"2024-06-27T09:19:20+00:00\" \/>\n<meta property=\"og:image\" content=\"https:\/\/tourisme-terrestouloises.com\/wp-content\/uploads\/2022\/03\/Cite-des-Paysages-\u00a9celinewehrung-min.jpg\" \/>\n\t<meta property=\"og:image:width\" content=\"2048\" \/>\n\t<meta property=\"og:image:height\" content=\"1536\" \/>\n\t<meta property=\"og:image:type\" content=\"image\/jpeg\" \/>\n<meta name=\"twitter:card\" content=\"summary_large_image\" \/>\n<script type=\"application\/ld+json\" class=\"yoast-schema-graph\">{\"@context\":\"https:\\\/\\\/schema.org\",\"@graph\":[{\"@type\":\"WebPage\",\"@id\":\"https:\\\/\\\/tourisme-terrestouloises.com\\\/de\\\/in-der-umgebung\\\/die-cite-des-paysages\\\/\",\"url\":\"https:\\\/\\\/tourisme-terrestouloises.com\\\/de\\\/in-der-umgebung\\\/die-cite-des-paysages\\\/\",\"name\":\"Die Cit\u00e9 des Paysages - Tourismusb\u00fcro Terres Touloises\",\"isPartOf\":{\"@id\":\"https:\\\/\\\/tourisme-terrestouloises.com\\\/de\\\/#website\"},\"primaryImageOfPage\":{\"@id\":\"https:\\\/\\\/tourisme-terrestouloises.com\\\/de\\\/in-der-umgebung\\\/die-cite-des-paysages\\\/#primaryimage\"},\"image\":{\"@id\":\"https:\\\/\\\/tourisme-terrestouloises.com\\\/de\\\/in-der-umgebung\\\/die-cite-des-paysages\\\/#primaryimage\"},\"thumbnailUrl\":\"https:\\\/\\\/tourisme-terrestouloises.com\\\/wp-content\\\/uploads\\\/2022\\\/03\\\/Cite-des-Paysages-\u00a9celinewehrung-min.jpg\",\"datePublished\":\"2022-03-18T16:16:56+00:00\",\"dateModified\":\"2024-06-27T09:19:20+00:00\",\"description\":\"Entdecken Sie die Cit\u00e9 des Paysages in der Umgebung von Toul auf dem H\u00fcgel von Sion im Departement Meurthe-et-Moselle.\",\"breadcrumb\":{\"@id\":\"https:\\\/\\\/tourisme-terrestouloises.com\\\/de\\\/in-der-umgebung\\\/die-cite-des-paysages\\\/#breadcrumb\"},\"inLanguage\":\"de\",\"potentialAction\":[{\"@type\":\"ReadAction\",\"target\":[\"https:\\\/\\\/tourisme-terrestouloises.com\\\/de\\\/in-der-umgebung\\\/die-cite-des-paysages\\\/\"]}]},{\"@type\":\"ImageObject\",\"inLanguage\":\"de\",\"@id\":\"https:\\\/\\\/tourisme-terrestouloises.com\\\/de\\\/in-der-umgebung\\\/die-cite-des-paysages\\\/#primaryimage\",\"url\":\"https:\\\/\\\/tourisme-terrestouloises.com\\\/wp-content\\\/uploads\\\/2022\\\/03\\\/Cite-des-Paysages-\u00a9celinewehrung-min.jpg\",\"contentUrl\":\"https:\\\/\\\/tourisme-terrestouloises.com\\\/wp-content\\\/uploads\\\/2022\\\/03\\\/Cite-des-Paysages-\u00a9celinewehrung-min.jpg\",\"width\":2048,\"height\":1536,\"caption\":\"\u00a9celinewehrung\"},{\"@type\":\"BreadcrumbList\",\"@id\":\"https:\\\/\\\/tourisme-terrestouloises.com\\\/de\\\/in-der-umgebung\\\/die-cite-des-paysages\\\/#breadcrumb\",\"itemListElement\":[{\"@type\":\"ListItem\",\"position\":1,\"name\":\"Accueil\",\"item\":\"https:\\\/\\\/tourisme-terrestouloises.com\\\/de\\\/\"},{\"@type\":\"ListItem\",\"position\":2,\"name\":\"In der Umgebung\",\"item\":\"https:\\\/\\\/tourisme-terrestouloises.com\\\/de\\\/in-der-umgebung\\\/\"},{\"@type\":\"ListItem\",\"position\":3,\"name\":\"Die Cit\u00e9 des Paysages\"}]},{\"@type\":\"WebSite\",\"@id\":\"https:\\\/\\\/tourisme-terrestouloises.com\\\/de\\\/#website\",\"url\":\"https:\\\/\\\/tourisme-terrestouloises.com\\\/de\\\/\",\"name\":\"Tourismusb\u00fcro Terres Touloises\",\"description\":\"Bienvenue en Terres Touloises\",\"publisher\":{\"@id\":\"https:\\\/\\\/tourisme-terrestouloises.com\\\/de\\\/#organization\"},\"potentialAction\":[{\"@type\":\"SearchAction\",\"target\":{\"@type\":\"EntryPoint\",\"urlTemplate\":\"https:\\\/\\\/tourisme-terrestouloises.com\\\/de\\\/?s={search_term_string}\"},\"query-input\":{\"@type\":\"PropertyValueSpecification\",\"valueRequired\":true,\"valueName\":\"search_term_string\"}}],\"inLanguage\":\"de\"},{\"@type\":\"Organization\",\"@id\":\"https:\\\/\\\/tourisme-terrestouloises.com\\\/de\\\/#organization\",\"name\":\"Tourismusb\u00fcro Terres Touloises\",\"url\":\"https:\\\/\\\/tourisme-terrestouloises.com\\\/de\\\/\",\"logo\":{\"@type\":\"ImageObject\",\"inLanguage\":\"de\",\"@id\":\"https:\\\/\\\/tourisme-terrestouloises.com\\\/de\\\/#\\\/schema\\\/logo\\\/image\\\/\",\"url\":\"https:\\\/\\\/tourisme-terrestouloises.com\\\/wp-content\\\/uploads\\\/2021\\\/11\\\/TerresTouloises_Tourisme.svg\",\"contentUrl\":\"https:\\\/\\\/tourisme-terrestouloises.com\\\/wp-content\\\/uploads\\\/2021\\\/11\\\/TerresTouloises_Tourisme.svg\",\"width\":126,\"height\":166,\"caption\":\"Tourismusb\u00fcro Terres Touloises\"},\"image\":{\"@id\":\"https:\\\/\\\/tourisme-terrestouloises.com\\\/de\\\/#\\\/schema\\\/logo\\\/image\\\/\"}}]}<\/script>\n<!-- \/ Yoast SEO plugin. -->","yoast_head_json":{"title":"Die Cit\u00e9 des Paysages - Tourismusb\u00fcro Terres Touloises","description":"Entdecken Sie die Cit\u00e9 des Paysages in der Umgebung von Toul auf dem H\u00fcgel von Sion im Departement Meurthe-et-Moselle.","robots":{"index":"index","follow":"follow","max-snippet":"max-snippet:-1","max-image-preview":"max-image-preview:large","max-video-preview":"max-video-preview:-1"},"canonical":"https:\/\/tourisme-terrestouloises.com\/de\/in-der-umgebung\/die-cite-des-paysages\/","og_locale":"de_DE","og_type":"article","og_title":"Die Cit\u00e9 des Paysages - Tourismusb\u00fcro Terres Touloises","og_description":"Entdecken Sie die Cit\u00e9 des Paysages in der Umgebung von Toul auf dem H\u00fcgel von Sion im Departement Meurthe-et-Moselle.","og_url":"https:\/\/tourisme-terrestouloises.com\/de\/in-der-umgebung\/die-cite-des-paysages\/","og_site_name":"Tourismusb\u00fcro Terres Touloises","article_modified_time":"2024-06-27T09:19:20+00:00","og_image":[{"width":2048,"height":1536,"url":"https:\/\/tourisme-terrestouloises.com\/wp-content\/uploads\/2022\/03\/Cite-des-Paysages-\u00a9celinewehrung-min.jpg","type":"image\/jpeg"}],"twitter_card":"summary_large_image","schema":{"@context":"https:\/\/schema.org","@graph":[{"@type":"WebPage","@id":"https:\/\/tourisme-terrestouloises.com\/de\/in-der-umgebung\/die-cite-des-paysages\/","url":"https:\/\/tourisme-terrestouloises.com\/de\/in-der-umgebung\/die-cite-des-paysages\/","name":"Die Cit\u00e9 des Paysages - Tourismusb\u00fcro Terres Touloises","isPartOf":{"@id":"https:\/\/tourisme-terrestouloises.com\/de\/#website"},"primaryImageOfPage":{"@id":"https:\/\/tourisme-terrestouloises.com\/de\/in-der-umgebung\/die-cite-des-paysages\/#primaryimage"},"image":{"@id":"https:\/\/tourisme-terrestouloises.com\/de\/in-der-umgebung\/die-cite-des-paysages\/#primaryimage"},"thumbnailUrl":"https:\/\/tourisme-terrestouloises.com\/wp-content\/uploads\/2022\/03\/Cite-des-Paysages-\u00a9celinewehrung-min.jpg","datePublished":"2022-03-18T16:16:56+00:00","dateModified":"2024-06-27T09:19:20+00:00","description":"Entdecken Sie die Cit\u00e9 des Paysages in der Umgebung von Toul auf dem H\u00fcgel von Sion im Departement Meurthe-et-Moselle.","breadcrumb":{"@id":"https:\/\/tourisme-terrestouloises.com\/de\/in-der-umgebung\/die-cite-des-paysages\/#breadcrumb"},"inLanguage":"de","potentialAction":[{"@type":"ReadAction","target":["https:\/\/tourisme-terrestouloises.com\/de\/in-der-umgebung\/die-cite-des-paysages\/"]}]},{"@type":"ImageObject","inLanguage":"de","@id":"https:\/\/tourisme-terrestouloises.com\/de\/in-der-umgebung\/die-cite-des-paysages\/#primaryimage","url":"https:\/\/tourisme-terrestouloises.com\/wp-content\/uploads\/2022\/03\/Cite-des-Paysages-\u00a9celinewehrung-min.jpg","contentUrl":"https:\/\/tourisme-terrestouloises.com\/wp-content\/uploads\/2022\/03\/Cite-des-Paysages-\u00a9celinewehrung-min.jpg","width":2048,"height":1536,"caption":"\u00a9celinewehrung"},{"@type":"BreadcrumbList","@id":"https:\/\/tourisme-terrestouloises.com\/de\/in-der-umgebung\/die-cite-des-paysages\/#breadcrumb","itemListElement":[{"@type":"ListItem","position":1,"name":"Accueil","item":"https:\/\/tourisme-terrestouloises.com\/de\/"},{"@type":"ListItem","position":2,"name":"In der Umgebung","item":"https:\/\/tourisme-terrestouloises.com\/de\/in-der-umgebung\/"},{"@type":"ListItem","position":3,"name":"Die Cit\u00e9 des Paysages"}]},{"@type":"WebSite","@id":"https:\/\/tourisme-terrestouloises.com\/de\/#website","url":"https:\/\/tourisme-terrestouloises.com\/de\/","name":"Tourismusb\u00fcro Terres Touloises","description":"Bienvenue en Terres Touloises","publisher":{"@id":"https:\/\/tourisme-terrestouloises.com\/de\/#organization"},"potentialAction":[{"@type":"SearchAction","target":{"@type":"EntryPoint","urlTemplate":"https:\/\/tourisme-terrestouloises.com\/de\/?s={search_term_string}"},"query-input":{"@type":"PropertyValueSpecification","valueRequired":true,"valueName":"search_term_string"}}],"inLanguage":"de"},{"@type":"Organization","@id":"https:\/\/tourisme-terrestouloises.com\/de\/#organization","name":"Tourismusb\u00fcro Terres Touloises","url":"https:\/\/tourisme-terrestouloises.com\/de\/","logo":{"@type":"ImageObject","inLanguage":"de","@id":"https:\/\/tourisme-terrestouloises.com\/de\/#\/schema\/logo\/image\/","url":"https:\/\/tourisme-terrestouloises.com\/wp-content\/uploads\/2021\/11\/TerresTouloises_Tourisme.svg","contentUrl":"https:\/\/tourisme-terrestouloises.com\/wp-content\/uploads\/2021\/11\/TerresTouloises_Tourisme.svg","width":126,"height":166,"caption":"Tourismusb\u00fcro Terres Touloises"},"image":{"@id":"https:\/\/tourisme-terrestouloises.com\/de\/#\/schema\/logo\/image\/"}}]}},"_links":{"self":[{"href":"https:\/\/tourisme-terrestouloises.com\/de\/wp-json\/wp\/v2\/pages\/13658","targetHints":{"allow":["GET"]}}],"collection":[{"href":"https:\/\/tourisme-terrestouloises.com\/de\/wp-json\/wp\/v2\/pages"}],"about":[{"href":"https:\/\/tourisme-terrestouloises.com\/de\/wp-json\/wp\/v2\/types\/page"}],"author":[{"embeddable":true,"href":"https:\/\/tourisme-terrestouloises.com\/de\/wp-json\/wp\/v2\/users\/1"}],"replies":[{"embeddable":true,"href":"https:\/\/tourisme-terrestouloises.com\/de\/wp-json\/wp\/v2\/comments?post=13658"}],"version-history":[{"count":2,"href":"https:\/\/tourisme-terrestouloises.com\/de\/wp-json\/wp\/v2\/pages\/13658\/revisions"}],"predecessor-version":[{"id":523073,"href":"https:\/\/tourisme-terrestouloises.com\/de\/wp-json\/wp\/v2\/pages\/13658\/revisions\/523073"}],"up":[{"embeddable":true,"href":"https:\/\/tourisme-terrestouloises.com\/de\/wp-json\/wp\/v2\/pages\/523180"}],"wp:featuredmedia":[{"embeddable":true,"href":"https:\/\/tourisme-terrestouloises.com\/de\/wp-json\/wp\/v2\/media\/2470"}],"wp:attachment":[{"href":"https:\/\/tourisme-terrestouloises.com\/de\/wp-json\/wp\/v2\/media?parent=13658"}],"curies":[{"name":"wp","href":"https:\/\/api.w.org\/{rel}","templated":true}]}}