{"id":524666,"date":"2024-09-10T11:34:08","date_gmt":"2024-09-10T09:34:08","guid":{"rendered":"https:\/\/tourisme-terrestouloises.com\/?page_id=524666"},"modified":"2026-09-03T14:28:42","modified_gmt":"2026-09-03T12:28:42","slug":"accueil-copy","status":"publish","type":"page","link":"https:\/\/tourisme-terrestouloises.com\/en\/","title":{"rendered":"Accueil Copy"},"content":{"rendered":"\t\t<div data-elementor-type=\"wp-page\" data-elementor-id=\"524666\" class=\"elementor elementor-524666 elementor-524664\" data-elementor-post-type=\"page\">\n\t\t\t\t\t\t<section class=\"elementor-section elementor-top-section elementor-element elementor-element-ff4e1d3 elementor-section-height-min-height elementor-section-items-stretch elementor-section-boxed elementor-section-height-default\" data-id=\"ff4e1d3\" data-element_type=\"section\" data-e-type=\"section\" data-settings=\"{&quot;background_background&quot;:&quot;video&quot;,&quot;background_video_link&quot;:&quot;https:\\\/\\\/tourisme-terrestouloises.com\\\/wp-content\\\/uploads\\\/2022\\\/03\\\/video-compressed.mp4&quot;}\">\n\t\t\t\t\t\t\t\t<div class=\"elementor-background-video-container elementor-hidden-mobile\">\n\t\t\t\t\t\t\t\t\t\t\t\t\t<video class=\"elementor-background-video-hosted\" role=\"presentation\" autoplay muted playsinline loop><\/video>\n\t\t\t\t\t\t\t\t\t\t\t<\/div>\n\t\t\t\t\t\t\t\t\t<div class=\"elementor-background-overlay\"><\/div>\n\t\t\t\t\t\t\t<div class=\"elementor-container elementor-column-gap-default\">\n\t\t\t\t\t<div class=\"elementor-column elementor-col-100 elementor-top-column elementor-element elementor-element-efa31fd\" data-id=\"efa31fd\" data-element_type=\"column\" data-e-type=\"column\">\n\t\t\t<div class=\"elementor-widget-wrap elementor-element-populated\">\n\t\t\t\t\t\t<div class=\"elementor-element elementor-element-11072a0 elementor-invisible elementor-widget elementor-widget-heading\" data-id=\"11072a0\" data-element_type=\"widget\" data-e-type=\"widget\" data-settings=\"{&quot;_animation&quot;:&quot;fadeInLeft&quot;,&quot;_animation_mobile&quot;:&quot;fadeIn&quot;}\" data-widget_type=\"heading.default\">\n\t\t\t\t<div class=\"elementor-widget-container\">\n\t\t\t\t\t<h1 class=\"elementor-heading-title elementor-size-default\">Welcome to the<br \/>Terres Touloises<\/h1>\t\t\t\t<\/div>\n\t\t\t\t<\/div>\n\t\t\t\t<div class=\"elementor-element elementor-element-767bc78 elementor-invisible elementor-widget elementor-widget-shortcode\" data-id=\"767bc78\" data-element_type=\"widget\" data-e-type=\"widget\" data-settings=\"{&quot;_animation&quot;:&quot;fadeInLeft&quot;,&quot;_animation_mobile&quot;:&quot;fadeIn&quot;}\" data-widget_type=\"shortcode.default\">\n\t\t\t\t<div class=\"elementor-widget-container\">\n\t\t\t\t\t\t\t<div class=\"elementor-shortcode\">\n<div class=\"wpcf7 no-js\" id=\"wpcf7-f2642-o1\" lang=\"en-US\" dir=\"ltr\" data-wpcf7-id=\"2642\">\n<div class=\"screen-reader-response\"><p role=\"status\" aria-live=\"polite\" aria-atomic=\"true\"><\/p> <ul><\/ul><\/div>\n<form action=\"\/en\/wp-json\/wp\/v2\/pages\/524666#wpcf7-f2642-o1\" method=\"post\" class=\"wpcf7-form init\" aria-label=\"Contact form\" novalidate=\"novalidate\" data-status=\"init\">\n<fieldset class=\"hidden-fields-container\"><input type=\"hidden\" name=\"_wpcf7\" value=\"2642\" \/><input type=\"hidden\" name=\"_wpcf7_version\" value=\"6.1.7\" \/><input type=\"hidden\" name=\"_wpcf7_locale\" value=\"en_US\" \/><input type=\"hidden\" name=\"_wpcf7_unit_tag\" value=\"wpcf7-f2642-o1\" \/><input type=\"hidden\" name=\"_wpcf7_container_post\" value=\"0\" \/><input type=\"hidden\" name=\"_wpcf7_posted_data_hash\" value=\"\" \/>\n<\/fieldset>\n<p><label> What to do? <span class=\"wpcf7-form-control-wrap\" data-name=\"duration\"><select class=\"wpcf7-form-control wpcf7-select wpcf7-validates-as-required\" id=\"duration\" aria-required=\"true\" aria-invalid=\"false\" name=\"duration\"><option value=\"In a few hours\">In a few hours<\/option><option value=\"In a weekend\" selected=\"selected\">In a weekend<\/option><\/select><\/span><\/label>\n<\/p>\n<p><input class=\"wpcf7-form-control wpcf7-submit has-spinner\" type=\"submit\" value=\"Go\" \/>\n<\/p><div class=\"wpcf7-response-output\" aria-hidden=\"true\"><\/div>\n<\/form>\n<\/div>\n<\/div>\n\t\t\t\t\t\t<\/div>\n\t\t\t\t<\/div>\n\t\t\t\t<div class=\"elementor-element elementor-element-ec9957a elementor-widget elementor-widget-html\" data-id=\"ec9957a\" data-element_type=\"widget\" data-e-type=\"widget\" data-widget_type=\"html.default\">\n\t\t\t\t<div class=\"elementor-widget-container\">\n\t\t\t\t\tdocument.addEventListener( 'wpcf7submit', function( event ) {\r\n  var duration =  document.getElementById(\"duration\").value;\r\n  if (duration == \"En quelques heures\") <span>location = 'https:\/\/tourisme-terrestouloises.com\/quelques-heures-en-terres-touloises';\r\n  <\/span> else if(duration == \"En un week-end\") <span>location = 'https:\/\/tourisme-terrestouloises.com\/un-week-end-en-terres-touloises';\r\n  <\/span> else if(duration == \"In a few hours\") <span>location = 'https:\/\/tourisme-terrestouloises.com\/en\/a-few-hours-in-terres-touloises\/';\r\n  <\/span> else if(duration == \"In a weekend\") <span>location = 'https:\/\/tourisme-terrestouloises.com\/en\/a-weekend-in-terres-touloises\/';\r\n  <\/span> else if(duration == \"In wenigen Stunden\") <span>location = 'https:\/\/tourisme-terrestouloises.com\/de\/einige-stunden-in-der-region-um-toul\/';\r\n  <\/span> else if(duration == \"An einem Wochenende\") <span>location = 'https:\/\/tourisme-terrestouloises.com\/de\/wochenendtrip-in-die-region-um-toul\/';\r\n  <\/span>}, false );\r\n\t\t\t\t<\/div>\n\t\t\t\t<\/div>\n\t\t\t\t<div class=\"elementor-element elementor-element-f04e726 elementor-absolute elementor-view-default elementor-invisible elementor-widget elementor-widget-icon\" data-id=\"f04e726\" data-element_type=\"widget\" data-e-type=\"widget\" data-settings=\"{&quot;_position&quot;:&quot;absolute&quot;,&quot;_animation&quot;:&quot;pulse&quot;}\" data-widget_type=\"icon.default\">\n\t\t\t\t<div class=\"elementor-widget-container\">\n\t\t\t\t\t\t\t<div class=\"elementor-icon-wrapper\">\n\t\t\t<a class=\"elementor-icon\" href=\"#content\">\n\t\t\t<svg xmlns=\"http:\/\/www.w3.org\/2000\/svg\" width=\"39.471\" height=\"39.471\" viewBox=\"0 0 39.471 39.471\"><g id=\"Icon_ionic-ios-arrow-dropdown\" data-name=\"Icon ionic-ios-arrow-dropdown\" transform=\"translate(-3.375 -3.375)\"><path id=\"Trac&#xE9;_91\" data-name=\"Trac&#xE9; 91\" d=\"M10.516,14.955a1.838,1.838,0,0,0,0,2.59L19.6,26.6a1.829,1.829,0,0,0,2.524.057l8.947-8.919a1.828,1.828,0,1,0-2.581-2.59L20.8,22.717l-7.695-7.771A1.83,1.83,0,0,0,10.516,14.955Z\" transform=\"translate(2.309 3.857)\" fill=\"#fff\"><\/path><path id=\"Trac&#xE9;_92\" data-name=\"Trac&#xE9; 92\" d=\"M3.375,23.11A19.735,19.735,0,1,0,23.11,3.375,19.732,19.732,0,0,0,3.375,23.11Zm31.539-11.8A16.692,16.692,0,1,1,11.307,34.914,16.692,16.692,0,1,1,34.914,11.307Z\" fill=\"#fff\"><\/path><\/g><\/svg>\t\t\t<\/a>\n\t\t<\/div>\n\t\t\t\t\t\t<\/div>\n\t\t\t\t<\/div>\n\t\t\t\t\t<\/div>\n\t\t<\/div>\n\t\t\t\t\t<\/div>\n\t\t<\/section>\n\t\t\t\t<section class=\"elementor-section elementor-top-section elementor-element elementor-element-908745b elementor-section-full_width elementor-section-height-default elementor-section-height-default\" data-id=\"908745b\" data-element_type=\"section\" data-e-type=\"section\" data-settings=\"{&quot;background_background&quot;:&quot;classic&quot;}\">\n\t\t\t\t\t\t<div class=\"elementor-container elementor-column-gap-default\">\n\t\t\t\t\t<div class=\"elementor-column elementor-col-100 elementor-top-column elementor-element elementor-element-6bc4461\" data-id=\"6bc4461\" data-element_type=\"column\" data-e-type=\"column\">\n\t\t\t<div class=\"elementor-widget-wrap elementor-element-populated\">\n\t\t\t\t\t\t<div class=\"elementor-element elementor-element-c7d5de7 elementor-widget elementor-widget-heading\" data-id=\"c7d5de7\" data-element_type=\"widget\" data-e-type=\"widget\" data-widget_type=\"heading.default\">\n\t\t\t\t<div class=\"elementor-widget-container\">\n\t\t\t\t\t<span class=\"elementor-heading-title elementor-size-default\">\u00a9 Ville de Toul<\/span>\t\t\t\t<\/div>\n\t\t\t\t<\/div>\n\t\t\t\t\t<\/div>\n\t\t<\/div>\n\t\t\t\t\t<\/div>\n\t\t<\/section>\n\t\t\t\t<section class=\"elementor-section elementor-top-section elementor-element elementor-element-7deb778 elementor-section-boxed elementor-section-height-default elementor-section-height-default\" data-id=\"7deb778\" data-element_type=\"section\" data-e-type=\"section\">\n\t\t\t\t\t\t<div class=\"elementor-container elementor-column-gap-default\">\n\t\t\t\t\t<div class=\"elementor-column elementor-col-100 elementor-top-column elementor-element elementor-element-d80d1aa\" data-id=\"d80d1aa\" data-element_type=\"column\" data-e-type=\"column\">\n\t\t\t<div class=\"elementor-widget-wrap elementor-element-populated\">\n\t\t\t\t\t\t<div class=\"elementor-element elementor-element-b71562c elementor-invisible elementor-widget elementor-widget-heading\" data-id=\"b71562c\" data-element_type=\"widget\" data-e-type=\"widget\" data-settings=\"{&quot;_animation&quot;:&quot;fadeIn&quot;}\" data-widget_type=\"heading.default\">\n\t\t\t\t<div class=\"elementor-widget-container\">\n\t\t\t\t\t<h2 class=\"elementor-heading-title elementor-size-default\">European Heritage Days<\/h2>\t\t\t\t<\/div>\n\t\t\t\t<\/div>\n\t\t\t\t\t<\/div>\n\t\t<\/div>\n\t\t\t\t\t<\/div>\n\t\t<\/section>\n\t\t\t\t<section class=\"elementor-section elementor-top-section elementor-element elementor-element-e1afaf9 elementor-section-boxed elementor-section-height-default elementor-section-height-default\" data-id=\"e1afaf9\" data-element_type=\"section\" data-e-type=\"section\">\n\t\t\t\t\t\t<div class=\"elementor-container elementor-column-gap-default\">\n\t\t\t\t\t<div class=\"elementor-column elementor-col-100 elementor-top-column elementor-element elementor-element-86e9d38\" data-id=\"86e9d38\" data-element_type=\"column\" data-e-type=\"column\">\n\t\t\t<div class=\"elementor-widget-wrap elementor-element-populated\">\n\t\t\t\t\t\t<div class=\"elementor-element elementor-element-f650666 elementor-widget elementor-widget-text-editor\" data-id=\"f650666\" data-element_type=\"widget\" data-e-type=\"widget\" data-widget_type=\"text-editor.default\">\n\t\t\t\t<div class=\"elementor-widget-container\">\n\t\t\t\t\t\t\t\t\t<p>On <strong>September 19 and 20, 2026<\/strong>, take advantage of European Heritage Days to explore the treasures of <strong>the Terres Touloises<\/strong>!<\/p><p>Tours, special openings, historical and architectural heritage, exploring new places and discovering local skills\u2026 <strong>plenty of activities await you throughout the weekend.<\/strong><\/p><p>Find all the events and practical information in the official program by <a href=\"https:\/\/journeesdupatrimoine.culture.gouv.fr\/programme#\/search@48.6252147,5.9519354,11.13\">clicking here<\/a>!<\/p><p><em>Please remember to check the visiting and booking arrangements before you come.<\/em><\/p>\t\t\t\t\t\t\t\t<\/div>\n\t\t\t\t<\/div>\n\t\t\t\t<div data-ha-element-link=\"{&quot;url&quot;:&quot;https:\\\/\\\/journeesdupatrimoine.culture.gouv.fr\\\/programme#\\\/search@48.6252147,5.9519354,11.13&quot;,&quot;is_external&quot;:&quot;&quot;,&quot;nofollow&quot;:&quot;&quot;}\" style=\"cursor: pointer\" class=\"elementor-element elementor-element-0f1fd58 elementor-widget elementor-widget-image\" data-id=\"0f1fd58\" data-element_type=\"widget\" data-e-type=\"widget\" data-widget_type=\"image.default\">\n\t\t\t\t<div class=\"elementor-widget-container\">\n\t\t\t\t\t\t\t\t\t\t\t\t\t\t\t<img fetchpriority=\"high\" decoding=\"async\" width=\"640\" height=\"391\" src=\"https:\/\/tourisme-terrestouloises.com\/wp-content\/uploads\/2026\/09\/jep.png\" class=\"attachment-large size-large wp-image-526634\" alt=\"Affiche officielle - Journ\u00e9es europ\u00e9ennes du patrimoine 2026\" srcset=\"https:\/\/tourisme-terrestouloises.com\/wp-content\/uploads\/2026\/09\/jep.png 770w, https:\/\/tourisme-terrestouloises.com\/wp-content\/uploads\/2026\/09\/jep-300x184.png 300w, https:\/\/tourisme-terrestouloises.com\/wp-content\/uploads\/2026\/09\/jep-768x470.png 768w, https:\/\/tourisme-terrestouloises.com\/wp-content\/uploads\/2026\/09\/jep-276x169.png 276w\" sizes=\"(max-width: 640px) 100vw, 640px\" \/>\t\t\t\t\t\t\t\t\t\t\t\t\t\t\t<\/div>\n\t\t\t\t<\/div>\n\t\t\t\t<div class=\"elementor-element elementor-element-35424c4 elementor-widget elementor-widget-spacer\" data-id=\"35424c4\" data-element_type=\"widget\" data-e-type=\"widget\" data-widget_type=\"spacer.default\">\n\t\t\t\t<div class=\"elementor-widget-container\">\n\t\t\t\t\t\t\t<div class=\"elementor-spacer\">\n\t\t\t<div class=\"elementor-spacer-inner\"><\/div>\n\t\t<\/div>\n\t\t\t\t\t\t<\/div>\n\t\t\t\t<\/div>\n\t\t\t\t\t<\/div>\n\t\t<\/div>\n\t\t\t\t\t<\/div>\n\t\t<\/section>\n\t\t\t\t<section class=\"elementor-section elementor-top-section elementor-element elementor-element-b1f42a6 actu-home elementor-section-boxed elementor-section-height-default elementor-section-height-default\" data-id=\"b1f42a6\" data-element_type=\"section\" data-e-type=\"section\" data-settings=\"{&quot;background_background&quot;:&quot;classic&quot;}\">\n\t\t\t\t\t\t<div class=\"elementor-container elementor-column-gap-default\">\n\t\t\t\t\t<div class=\"elementor-column elementor-col-100 elementor-top-column elementor-element elementor-element-8251d63\" data-id=\"8251d63\" data-element_type=\"column\" data-e-type=\"column\" id=\"content\">\n\t\t\t<div class=\"elementor-widget-wrap elementor-element-populated\">\n\t\t\t\t\t\t<div class=\"elementor-element elementor-element-9789e22 elementor-invisible elementor-widget elementor-widget-heading\" data-id=\"9789e22\" data-element_type=\"widget\" data-e-type=\"widget\" data-settings=\"{&quot;_animation&quot;:&quot;fadeIn&quot;}\" data-widget_type=\"heading.default\">\n\t\t\t\t<div class=\"elementor-widget-container\">\n\t\t\t\t\t<h2 class=\"elementor-heading-title elementor-size-default\">Our upcoming events<\/h2>\t\t\t\t<\/div>\n\t\t\t\t<\/div>\n\t\t\t\t<div class=\"elementor-element elementor-element-0e96a60 elementor-widget elementor-widget-illico-sit_liste_dynamique\" data-id=\"0e96a60\" data-element_type=\"widget\" data-e-type=\"widget\" data-widget_type=\"illico-sit_liste_dynamique.default\">\n\t\t\t\t<div class=\"elementor-widget-container\">\n\t\t\t\t\t    <div class=\"sit-div\" id=\"84354\">\n        <div class=\"form_flux\" id=\"form_flux\" data-alea=\"84354\" style=\"display:none;\">\n            <form action=\"javascript:void(0);\" method=\"POST\" id=\"ChoixDate84354\" class=\"ChoixDate\">\n                <div class=\"bloc-titre\">\n                    <h2>Filters<\/h2>\n                    <button class=\"filter-button\" id=\"filter-close-button\" onclick=\"toggleFilter(84354)\">Show result(s)<img decoding=\"async\" src=\"https:\/\/tourisme-terrestouloises.com\/wp-content\/plugins\/Illico-GestionDonnees\/\/assets\/images\/right.svg\" alt=\"Voir les r\u00e9sultats\" title=\"Voir les r\u00e9sultats\"><\/button>\n                <\/div>\n                <div class=\"form_mandatory_value\">\n                    <input type=\"hidden\" id=\"form_page_id\" name =\"form_page_id\" value='0'>\n                    <input type=\"hidden\" id=\"form_sit_id\" name =\"form_sit_id\" value='523940'>\n                    <input type=\"hidden\" id=\"alea\" name=\"alea\" value=\"84354\">\n                <\/div>\n                \n            <div class=\"form_optional_value\">\n                <div class=\"form_section communes_global\">\n    <span class=\"form_section_title\">Municipalities<\/span>\n    <div class=\"form_section_content\">\n        <select id=\"lacuidad\" name=\"lacuidad\"><option value=\"\">Select a municipality<\/option><option value=\"AVRAINVILLE\">AVRAINVILLE<\/option><option value=\"CHAUDENEY%2BSUR%2BMOSELLE\">CHAUDENEY SUR MOSELLE<\/option><option value=\"LUCEY\">LUCEY<\/option><option value=\"TOUL\">TOUL<\/option><option value=\"VILLEY%2BSAINT%2BETIENNE\">VILLEY SAINT ETIENNE<\/option><\/select>\n    <\/div>\n<\/div>\n                \n                    <div class=\"form_section dates_global disponibilites_dates\">\n        <span class=\"form_section_title\">Dates<\/span>\n        <div class=\"form_section_content\">\n            <div class=\"dates_start_end\">\n                <div class=\"date_start\"><span class=\"form_span_text\">From <\/span><input type=\"date\" class=\"form_input_date\" id=\"date_start\" name=\"date_start\" value=\"\"><\/div>\n                <div class=\"date_end\"><span class=\"form_span_text\"> to <\/span><input type=\"date\" class=\"form_input_date\" id=\"date_end\" name=\"date_end\" value=\"\"><\/div>\n            <\/div>\n        <\/div>\n    <\/div>\n                \n                \n                <div class=\"recherche_mots_cles\">\n                    <div class=\"recherche_mots_cles_input\">\n                        <span class=\"form_section_title\">Search by keywords<\/span>\n                        <input type=\"text\" id=\"recherche_mots_cles\" name=\"recherche_mots_cles\">\n                    <\/div>\n                <\/div>\n            <\/div>\n            <input type=\"button\" class=\"btn btn-reset\" onclick=\"clearAllFormValue(this.form, 84354, )\" value=\"Reset\">\n                <button class=\"filter-button filter-button-bottom\" id=\"filter-close-button-footer\" onclick=\"toggleFilter(84354)\">Show result(s)<img decoding=\"async\" src=\"https:\/\/tourisme-terrestouloises.com\/wp-content\/plugins\/Illico-GestionDonnees\/\/assets\/images\/right.svg\" alt=\"Voir les r\u00e9sultats\" title=\"Voir les r\u00e9sultats\"><\/button>\n            <\/form>\n        <\/div>\n        <div class=\"filter-preview\" id=\"filter-preview\"><\/div>\n        <div class=\"global_result\" id=\"global_result84354\">\n            \n            <div class=\"div-list\" id=\"84354\">\n                <div class=\"left-column\" id=\"left-column\">\n                    <div class=\"loader\">\n                        <div class=\"circle\"><\/div>\n                        <div class=\"circle\"><\/div>\n                        <div class=\"circle\"><\/div>\n                        <div class=\"circle\"><\/div>\n                    <\/div>\n                <\/div>\n                <div class=\"right-column\" id=\"right-column\"><\/div>\n            <\/div>\n        <\/div>\n    <\/div>\n            <script>\n                jQuery(document).ready(function()\n                {\n                    getSitResults(1, 84354, null, false, false);\n                    var form = document.querySelector(\"#ChoixDate84354\");\n                    form.addEventListener(\"change\", function()\n                    {\n                        getSitResults(1, 84354, null, false, false);\n                    });\n                });\n            <\/script>\t\t\t\t<\/div>\n\t\t\t\t<\/div>\n\t\t\t\t<div class=\"elementor-element elementor-element-de0734e elementor-align-center elementor-invisible elementor-widget elementor-widget-button\" data-id=\"de0734e\" data-element_type=\"widget\" data-e-type=\"widget\" data-settings=\"{&quot;_animation&quot;:&quot;fadeIn&quot;}\" data-widget_type=\"button.default\">\n\t\t\t\t<div class=\"elementor-widget-container\">\n\t\t\t\t\t\t\t\t\t<div class=\"elementor-button-wrapper\">\n\t\t\t\t\t<a class=\"elementor-button elementor-button-link elementor-size-sm\" href=\"https:\/\/tourisme-terrestouloises.com\/en\/prepare-my-destination\/whats-on\/\">\n\t\t\t\t\t\t<span class=\"elementor-button-content-wrapper\">\n\t\t\t\t\t\t\t\t\t<span class=\"elementor-button-text\">All the events<\/span>\n\t\t\t\t\t<\/span>\n\t\t\t\t\t<\/a>\n\t\t\t\t<\/div>\n\t\t\t\t\t\t\t\t<\/div>\n\t\t\t\t<\/div>\n\t\t\t\t\t<\/div>\n\t\t<\/div>\n\t\t\t\t\t<\/div>\n\t\t<\/section>\n\t\t\t\t<section class=\"elementor-section elementor-top-section elementor-element elementor-element-6f93995 elementor-section-boxed elementor-section-height-default elementor-section-height-default\" data-id=\"6f93995\" data-element_type=\"section\" data-e-type=\"section\">\n\t\t\t\t\t\t<div class=\"elementor-container elementor-column-gap-default\">\n\t\t\t\t\t<div class=\"elementor-column elementor-col-100 elementor-top-column elementor-element elementor-element-d42522d\" data-id=\"d42522d\" data-element_type=\"column\" data-e-type=\"column\">\n\t\t\t<div class=\"elementor-widget-wrap elementor-element-populated\">\n\t\t\t\t\t\t<div class=\"elementor-element elementor-element-e9bb48a elementor-invisible elementor-widget elementor-widget-heading\" data-id=\"e9bb48a\" data-element_type=\"widget\" data-e-type=\"widget\" data-settings=\"{&quot;_animation&quot;:&quot;fadeIn&quot;}\" data-widget_type=\"heading.default\">\n\t\t\t\t<div class=\"elementor-widget-container\">\n\t\t\t\t\t<h2 class=\"elementor-heading-title elementor-size-default\">Be inspired<\/h2>\t\t\t\t<\/div>\n\t\t\t\t<\/div>\n\t\t\t\t\t<\/div>\n\t\t<\/div>\n\t\t\t\t\t<\/div>\n\t\t<\/section>\n\t\t\t\t<section class=\"elementor-section elementor-top-section elementor-element elementor-element-ec7e3a9 elementor-section-boxed elementor-section-height-default elementor-section-height-default\" data-id=\"ec7e3a9\" data-element_type=\"section\" data-e-type=\"section\">\n\t\t\t\t\t\t<div class=\"elementor-container elementor-column-gap-default\">\n\t\t\t\t\t<div class=\"elementor-column elementor-col-50 elementor-top-column elementor-element elementor-element-1dab1c2\" data-id=\"1dab1c2\" data-element_type=\"column\" data-e-type=\"column\">\n\t\t\t<div class=\"elementor-widget-wrap elementor-element-populated\">\n\t\t\t\t\t\t<section class=\"elementor-section elementor-inner-section elementor-element elementor-element-e0e62fa elementor-section-boxed elementor-section-height-default elementor-section-height-default\" data-id=\"e0e62fa\" data-element_type=\"section\" data-e-type=\"section\">\n\t\t\t\t\t\t<div class=\"elementor-container elementor-column-gap-default\">\n\t\t\t\t\t<div class=\"elementor-column elementor-col-50 elementor-inner-column elementor-element elementor-element-b352fce\" data-id=\"b352fce\" data-element_type=\"column\" data-e-type=\"column\">\n\t\t\t<div class=\"elementor-widget-wrap elementor-element-populated\">\n\t\t\t\t\t\t<div class=\"elementor-element elementor-element-d580890 elementor-invisible elementor-widget elementor-widget-image\" data-id=\"d580890\" data-element_type=\"widget\" data-e-type=\"widget\" data-settings=\"{&quot;_animation&quot;:&quot;fadeInLeft&quot;}\" data-widget_type=\"image.default\">\n\t\t\t\t<div class=\"elementor-widget-container\">\n\t\t\t\t\t\t\t\t\t\t\t\t<figure class=\"wp-caption\">\n\t\t\t\t\t\t\t\t\t\t<img decoding=\"async\" width=\"640\" height=\"960\" src=\"https:\/\/tourisme-terrestouloises.com\/wp-content\/uploads\/2025\/04\/Bruley-\u00a9Christopher-Arnoldi-Terroir-Moselle-683x1024.jpg\" class=\"attachment-large size-large wp-image-525450\" alt=\"\" srcset=\"https:\/\/tourisme-terrestouloises.com\/wp-content\/uploads\/2025\/04\/Bruley-\u00a9Christopher-Arnoldi-Terroir-Moselle-683x1024.jpg 683w, https:\/\/tourisme-terrestouloises.com\/wp-content\/uploads\/2025\/04\/Bruley-\u00a9Christopher-Arnoldi-Terroir-Moselle-200x300.jpg 200w, https:\/\/tourisme-terrestouloises.com\/wp-content\/uploads\/2025\/04\/Bruley-\u00a9Christopher-Arnoldi-Terroir-Moselle-768x1152.jpg 768w, https:\/\/tourisme-terrestouloises.com\/wp-content\/uploads\/2025\/04\/Bruley-\u00a9Christopher-Arnoldi-Terroir-Moselle-1024x1536.jpg 1024w, https:\/\/tourisme-terrestouloises.com\/wp-content\/uploads\/2025\/04\/Bruley-\u00a9Christopher-Arnoldi-Terroir-Moselle-1365x2048.jpg 1365w, https:\/\/tourisme-terrestouloises.com\/wp-content\/uploads\/2025\/04\/Bruley-\u00a9Christopher-Arnoldi-Terroir-Moselle-113x169.jpg 113w, https:\/\/tourisme-terrestouloises.com\/wp-content\/uploads\/2025\/04\/Bruley-\u00a9Christopher-Arnoldi-Terroir-Moselle-16x24.jpg 16w, https:\/\/tourisme-terrestouloises.com\/wp-content\/uploads\/2025\/04\/Bruley-\u00a9Christopher-Arnoldi-Terroir-Moselle-24x36.jpg 24w, https:\/\/tourisme-terrestouloises.com\/wp-content\/uploads\/2025\/04\/Bruley-\u00a9Christopher-Arnoldi-Terroir-Moselle-32x48.jpg 32w, https:\/\/tourisme-terrestouloises.com\/wp-content\/uploads\/2025\/04\/Bruley-\u00a9Christopher-Arnoldi-Terroir-Moselle.jpg 1600w\" sizes=\"(max-width: 640px) 100vw, 640px\" \/>\t\t\t\t\t\t\t\t\t\t\t<figcaption class=\"widget-image-caption wp-caption-text\">\u00a9C. Arnoldi - Terroir Moselle<\/figcaption>\n\t\t\t\t\t\t\t\t\t\t<\/figure>\n\t\t\t\t\t\t\t\t\t<\/div>\n\t\t\t\t<\/div>\n\t\t\t\t\t<\/div>\n\t\t<\/div>\n\t\t\t\t<div class=\"elementor-column elementor-col-50 elementor-inner-column elementor-element elementor-element-61f1e80 elementor-invisible\" data-id=\"61f1e80\" data-element_type=\"column\" data-e-type=\"column\" data-settings=\"{&quot;background_background&quot;:&quot;classic&quot;,&quot;animation&quot;:&quot;fadeIn&quot;}\">\n\t\t\t<div class=\"elementor-widget-wrap elementor-element-populated\">\n\t\t\t\t\t\t<div class=\"elementor-element elementor-element-7c33d39 elementor-widget elementor-widget-heading\" data-id=\"7c33d39\" data-element_type=\"widget\" data-e-type=\"widget\" data-widget_type=\"heading.default\">\n\t\t\t\t<div class=\"elementor-widget-container\">\n\t\t\t\t\t<h3 class=\"elementor-heading-title elementor-size-default\">The AOC C\u00f4tes de Toul Route<\/h3>\t\t\t\t<\/div>\n\t\t\t\t<\/div>\n\t\t\t\t<div class=\"elementor-element elementor-element-89ad112 elementor-widget elementor-widget-text-editor\" data-id=\"89ad112\" data-element_type=\"widget\" data-e-type=\"widget\" data-widget_type=\"text-editor.default\">\n\t\t\t\t<div class=\"elementor-widget-container\">\n\t\t\t\t\t\t\t\t\t<p>Awaken your taste buds with the wines of the AOC C\u00f4tes de Toul and meet passionate winegrowers.<\/p>\t\t\t\t\t\t\t\t<\/div>\n\t\t\t\t<\/div>\n\t\t\t\t<div class=\"elementor-element elementor-element-7261324 elementor-align-center elementor-invisible elementor-widget elementor-widget-button\" data-id=\"7261324\" data-element_type=\"widget\" data-e-type=\"widget\" data-settings=\"{&quot;_animation&quot;:&quot;fadeIn&quot;}\" data-widget_type=\"button.default\">\n\t\t\t\t<div class=\"elementor-widget-container\">\n\t\t\t\t\t\t\t\t\t<div class=\"elementor-button-wrapper\">\n\t\t\t\t\t<a class=\"elementor-button elementor-button-link elementor-size-sm\" href=\"https:\/\/tourisme-terrestouloises.com\/en\/the-unavoidables\/cotes-de-toul-tourist-route\/\">\n\t\t\t\t\t\t<span class=\"elementor-button-content-wrapper\">\n\t\t\t\t\t\t\t\t\t<span class=\"elementor-button-text\">See more<\/span>\n\t\t\t\t\t<\/span>\n\t\t\t\t\t<\/a>\n\t\t\t\t<\/div>\n\t\t\t\t\t\t\t\t<\/div>\n\t\t\t\t<\/div>\n\t\t\t\t\t<\/div>\n\t\t<\/div>\n\t\t\t\t\t<\/div>\n\t\t<\/section>\n\t\t\t\t\t<\/div>\n\t\t<\/div>\n\t\t\t\t<div class=\"elementor-column elementor-col-50 elementor-top-column elementor-element elementor-element-1088448\" data-id=\"1088448\" data-element_type=\"column\" data-e-type=\"column\">\n\t\t\t<div class=\"elementor-widget-wrap elementor-element-populated\">\n\t\t\t\t\t\t<section class=\"elementor-section elementor-inner-section elementor-element elementor-element-69fde5c elementor-section-boxed elementor-section-height-default elementor-section-height-default\" data-id=\"69fde5c\" data-element_type=\"section\" data-e-type=\"section\">\n\t\t\t\t\t\t<div class=\"elementor-container elementor-column-gap-default\">\n\t\t\t\t\t<div class=\"elementor-column elementor-col-50 elementor-inner-column elementor-element elementor-element-106de6f\" data-id=\"106de6f\" data-element_type=\"column\" data-e-type=\"column\">\n\t\t\t<div class=\"elementor-widget-wrap elementor-element-populated\">\n\t\t\t\t\t\t<div class=\"elementor-element elementor-element-ae0279a elementor-invisible elementor-widget elementor-widget-image\" data-id=\"ae0279a\" data-element_type=\"widget\" data-e-type=\"widget\" data-settings=\"{&quot;_animation&quot;:&quot;fadeInLeft&quot;}\" data-widget_type=\"image.default\">\n\t\t\t\t<div class=\"elementor-widget-container\">\n\t\t\t\t\t\t\t\t\t\t\t\t<figure class=\"wp-caption\">\n\t\t\t\t\t\t\t\t\t\t<img decoding=\"async\" width=\"640\" height=\"428\" src=\"https:\/\/tourisme-terrestouloises.com\/wp-content\/uploads\/2024\/08\/Fortifications-\u00a9Udo-Bernhart-1024x684.jpg\" class=\"attachment-large size-large wp-image-524481\" alt=\"\" srcset=\"https:\/\/tourisme-terrestouloises.com\/wp-content\/uploads\/2024\/08\/Fortifications-\u00a9Udo-Bernhart-1024x684.jpg 1024w, https:\/\/tourisme-terrestouloises.com\/wp-content\/uploads\/2024\/08\/Fortifications-\u00a9Udo-Bernhart-300x200.jpg 300w, https:\/\/tourisme-terrestouloises.com\/wp-content\/uploads\/2024\/08\/Fortifications-\u00a9Udo-Bernhart-768x513.jpg 768w, https:\/\/tourisme-terrestouloises.com\/wp-content\/uploads\/2024\/08\/Fortifications-\u00a9Udo-Bernhart-253x169.jpg 253w, https:\/\/tourisme-terrestouloises.com\/wp-content\/uploads\/2024\/08\/Fortifications-\u00a9Udo-Bernhart-24x16.jpg 24w, https:\/\/tourisme-terrestouloises.com\/wp-content\/uploads\/2024\/08\/Fortifications-\u00a9Udo-Bernhart-36x24.jpg 36w, https:\/\/tourisme-terrestouloises.com\/wp-content\/uploads\/2024\/08\/Fortifications-\u00a9Udo-Bernhart-48x32.jpg 48w, https:\/\/tourisme-terrestouloises.com\/wp-content\/uploads\/2024\/08\/Fortifications-\u00a9Udo-Bernhart.jpg 1200w\" sizes=\"(max-width: 640px) 100vw, 640px\" \/>\t\t\t\t\t\t\t\t\t\t\t<figcaption class=\"widget-image-caption wp-caption-text\">Frankreich Lothringen Grand Est Meurthe-et-Moselle Toul Tull Kathedrale St-\u00c9tienne Festungswall von Vauban<\/figcaption>\n\t\t\t\t\t\t\t\t\t\t<\/figure>\n\t\t\t\t\t\t\t\t\t<\/div>\n\t\t\t\t<\/div>\n\t\t\t\t\t<\/div>\n\t\t<\/div>\n\t\t\t\t<div class=\"elementor-column elementor-col-50 elementor-inner-column elementor-element elementor-element-18110f4 elementor-invisible\" data-id=\"18110f4\" data-element_type=\"column\" data-e-type=\"column\" data-settings=\"{&quot;background_background&quot;:&quot;classic&quot;,&quot;animation&quot;:&quot;fadeIn&quot;}\">\n\t\t\t<div class=\"elementor-widget-wrap elementor-element-populated\">\n\t\t\t\t\t\t<div class=\"elementor-element elementor-element-95f93e4 elementor-widget elementor-widget-heading\" data-id=\"95f93e4\" data-element_type=\"widget\" data-e-type=\"widget\" data-widget_type=\"heading.default\">\n\t\t\t\t<div class=\"elementor-widget-container\">\n\t\t\t\t\t<h3 class=\"elementor-heading-title elementor-size-default\">The fortifications<\/h3>\t\t\t\t<\/div>\n\t\t\t\t<\/div>\n\t\t\t\t<div class=\"elementor-element elementor-element-982c7a2 elementor-widget elementor-widget-text-editor\" data-id=\"982c7a2\" data-element_type=\"widget\" data-e-type=\"widget\" data-widget_type=\"text-editor.default\">\n\t\t\t\t<div class=\"elementor-widget-container\">\n\t\t\t\t\t\t\t\t\t<p>Throw yourself at the ramparts and forts of Toul and the area!<\/p>\t\t\t\t\t\t\t\t<\/div>\n\t\t\t\t<\/div>\n\t\t\t\t<div class=\"elementor-element elementor-element-cce57b8 elementor-align-center elementor-invisible elementor-widget elementor-widget-button\" data-id=\"cce57b8\" data-element_type=\"widget\" data-e-type=\"widget\" data-settings=\"{&quot;_animation&quot;:&quot;fadeIn&quot;}\" data-widget_type=\"button.default\">\n\t\t\t\t<div class=\"elementor-widget-container\">\n\t\t\t\t\t\t\t\t\t<div class=\"elementor-button-wrapper\">\n\t\t\t\t\t<a class=\"elementor-button elementor-button-link elementor-size-sm\" href=\"https:\/\/tourisme-terrestouloises.com\/en\/the-unavoidables\/fortified-heritage\/\">\n\t\t\t\t\t\t<span class=\"elementor-button-content-wrapper\">\n\t\t\t\t\t\t\t\t\t<span class=\"elementor-button-text\">See more<\/span>\n\t\t\t\t\t<\/span>\n\t\t\t\t\t<\/a>\n\t\t\t\t<\/div>\n\t\t\t\t\t\t\t\t<\/div>\n\t\t\t\t<\/div>\n\t\t\t\t\t<\/div>\n\t\t<\/div>\n\t\t\t\t\t<\/div>\n\t\t<\/section>\n\t\t\t\t\t<\/div>\n\t\t<\/div>\n\t\t\t\t\t<\/div>\n\t\t<\/section>\n\t\t\t\t<section class=\"elementor-section elementor-top-section elementor-element elementor-element-57caea0 elementor-section-boxed elementor-section-height-default elementor-section-height-default\" data-id=\"57caea0\" data-element_type=\"section\" data-e-type=\"section\">\n\t\t\t\t\t\t<div class=\"elementor-container elementor-column-gap-default\">\n\t\t\t\t\t<div class=\"elementor-column elementor-col-50 elementor-top-column elementor-element elementor-element-240a49b\" data-id=\"240a49b\" data-element_type=\"column\" data-e-type=\"column\">\n\t\t\t<div class=\"elementor-widget-wrap elementor-element-populated\">\n\t\t\t\t\t\t<section class=\"elementor-section elementor-inner-section elementor-element elementor-element-20322ca elementor-section-boxed elementor-section-height-default elementor-section-height-default\" data-id=\"20322ca\" data-element_type=\"section\" data-e-type=\"section\">\n\t\t\t\t\t\t<div class=\"elementor-container elementor-column-gap-default\">\n\t\t\t\t\t<div class=\"elementor-column elementor-col-50 elementor-inner-column elementor-element elementor-element-1310c02\" data-id=\"1310c02\" data-element_type=\"column\" data-e-type=\"column\">\n\t\t\t<div class=\"elementor-widget-wrap elementor-element-populated\">\n\t\t\t\t\t\t<div class=\"elementor-element elementor-element-d69c3bc elementor-invisible elementor-widget elementor-widget-image\" data-id=\"d69c3bc\" data-element_type=\"widget\" data-e-type=\"widget\" data-settings=\"{&quot;_animation&quot;:&quot;fadeInLeft&quot;}\" data-widget_type=\"image.default\">\n\t\t\t\t<div class=\"elementor-widget-container\">\n\t\t\t\t\t\t\t\t\t\t\t\t<figure class=\"wp-caption\">\n\t\t\t\t\t\t\t\t\t\t<img loading=\"lazy\" decoding=\"async\" width=\"640\" height=\"361\" src=\"https:\/\/tourisme-terrestouloises.com\/wp-content\/uploads\/2021\/11\/cathderale-menu-min.jpg\" class=\"attachment-large size-large wp-image-1111\" alt=\"Cath\u00e9drale Saint-Etienne\" srcset=\"https:\/\/tourisme-terrestouloises.com\/wp-content\/uploads\/2021\/11\/cathderale-menu-min.jpg 648w, https:\/\/tourisme-terrestouloises.com\/wp-content\/uploads\/2021\/11\/cathderale-menu-min-300x169.jpg 300w, https:\/\/tourisme-terrestouloises.com\/wp-content\/uploads\/2021\/11\/cathderale-menu-min-48x27.jpg 48w, https:\/\/tourisme-terrestouloises.com\/wp-content\/uploads\/2021\/11\/cathderale-menu-min-36x20.jpg 36w, https:\/\/tourisme-terrestouloises.com\/wp-content\/uploads\/2021\/11\/cathderale-menu-min-24x14.jpg 24w\" sizes=\"(max-width: 640px) 100vw, 640px\" \/>\t\t\t\t\t\t\t\t\t\t\t<figcaption class=\"widget-image-caption wp-caption-text\">\u00a9 Boucle de la Moselle<\/figcaption>\n\t\t\t\t\t\t\t\t\t\t<\/figure>\n\t\t\t\t\t\t\t\t\t<\/div>\n\t\t\t\t<\/div>\n\t\t\t\t\t<\/div>\n\t\t<\/div>\n\t\t\t\t<div class=\"elementor-column elementor-col-50 elementor-inner-column elementor-element elementor-element-d3d5f22 elementor-invisible\" data-id=\"d3d5f22\" data-element_type=\"column\" data-e-type=\"column\" data-settings=\"{&quot;background_background&quot;:&quot;classic&quot;,&quot;animation&quot;:&quot;fadeIn&quot;}\">\n\t\t\t<div class=\"elementor-widget-wrap elementor-element-populated\">\n\t\t\t\t\t\t<div class=\"elementor-element elementor-element-911dcd2 elementor-widget elementor-widget-heading\" data-id=\"911dcd2\" data-element_type=\"widget\" data-e-type=\"widget\" data-widget_type=\"heading.default\">\n\t\t\t\t<div class=\"elementor-widget-container\">\n\t\t\t\t\t<h3 class=\"elementor-heading-title elementor-size-default\">The Saint-Etienne Cathedral<\/h3>\t\t\t\t<\/div>\n\t\t\t\t<\/div>\n\t\t\t\t<div class=\"elementor-element elementor-element-8abb9b9 elementor-widget elementor-widget-text-editor\" data-id=\"8abb9b9\" data-element_type=\"widget\" data-e-type=\"widget\" data-widget_type=\"text-editor.default\">\n\t\t\t\t<div class=\"elementor-widget-container\">\n\t\t\t\t\t\t\t\t\t<p>Travel through time and discover the historical heritage of Toul and its area!<\/p>\t\t\t\t\t\t\t\t<\/div>\n\t\t\t\t<\/div>\n\t\t\t\t<div class=\"elementor-element elementor-element-fa27b9c elementor-align-center elementor-invisible elementor-widget elementor-widget-button\" data-id=\"fa27b9c\" data-element_type=\"widget\" data-e-type=\"widget\" data-settings=\"{&quot;_animation&quot;:&quot;fadeIn&quot;}\" data-widget_type=\"button.default\">\n\t\t\t\t<div class=\"elementor-widget-container\">\n\t\t\t\t\t\t\t\t\t<div class=\"elementor-button-wrapper\">\n\t\t\t\t\t<a class=\"elementor-button elementor-button-link elementor-size-sm\" href=\"https:\/\/tourisme-terrestouloises.com\/en\/the-unavoidables\/the-saint-etienne-cathedral\/\">\n\t\t\t\t\t\t<span class=\"elementor-button-content-wrapper\">\n\t\t\t\t\t\t\t\t\t<span class=\"elementor-button-text\">See more<\/span>\n\t\t\t\t\t<\/span>\n\t\t\t\t\t<\/a>\n\t\t\t\t<\/div>\n\t\t\t\t\t\t\t\t<\/div>\n\t\t\t\t<\/div>\n\t\t\t\t\t<\/div>\n\t\t<\/div>\n\t\t\t\t\t<\/div>\n\t\t<\/section>\n\t\t\t\t\t<\/div>\n\t\t<\/div>\n\t\t\t\t<div class=\"elementor-column elementor-col-50 elementor-top-column elementor-element elementor-element-3e27029\" data-id=\"3e27029\" data-element_type=\"column\" data-e-type=\"column\">\n\t\t\t<div class=\"elementor-widget-wrap elementor-element-populated\">\n\t\t\t\t\t\t<section class=\"elementor-section elementor-inner-section elementor-element elementor-element-6d60975 elementor-section-boxed elementor-section-height-default elementor-section-height-default\" data-id=\"6d60975\" data-element_type=\"section\" data-e-type=\"section\">\n\t\t\t\t\t\t<div class=\"elementor-container elementor-column-gap-default\">\n\t\t\t\t\t<div class=\"elementor-column elementor-col-50 elementor-inner-column elementor-element elementor-element-a546a5e\" data-id=\"a546a5e\" data-element_type=\"column\" data-e-type=\"column\">\n\t\t\t<div class=\"elementor-widget-wrap elementor-element-populated\">\n\t\t\t\t\t\t<div class=\"elementor-element elementor-element-8f83b48 elementor-invisible elementor-widget elementor-widget-image\" data-id=\"8f83b48\" data-element_type=\"widget\" data-e-type=\"widget\" data-settings=\"{&quot;_animation&quot;:&quot;fadeInLeft&quot;}\" data-widget_type=\"image.default\">\n\t\t\t\t<div class=\"elementor-widget-container\">\n\t\t\t\t\t\t\t\t\t\t\t\t<figure class=\"wp-caption\">\n\t\t\t\t\t\t\t\t\t\t<img loading=\"lazy\" decoding=\"async\" width=\"640\" height=\"960\" src=\"https:\/\/tourisme-terrestouloises.com\/wp-content\/uploads\/2025\/03\/Boucle-de-la-Moselle-HD-12-683x1024.jpg\" class=\"attachment-large size-large wp-image-525282\" alt=\"Boucle de la Moselle \u00e0 v\u00e9lo\" srcset=\"https:\/\/tourisme-terrestouloises.com\/wp-content\/uploads\/2025\/03\/Boucle-de-la-Moselle-HD-12-683x1024.jpg 683w, https:\/\/tourisme-terrestouloises.com\/wp-content\/uploads\/2025\/03\/Boucle-de-la-Moselle-HD-12-200x300.jpg 200w, https:\/\/tourisme-terrestouloises.com\/wp-content\/uploads\/2025\/03\/Boucle-de-la-Moselle-HD-12-768x1151.jpg 768w, https:\/\/tourisme-terrestouloises.com\/wp-content\/uploads\/2025\/03\/Boucle-de-la-Moselle-HD-12-1025x1536.jpg 1025w, https:\/\/tourisme-terrestouloises.com\/wp-content\/uploads\/2025\/03\/Boucle-de-la-Moselle-HD-12-1366x2048.jpg 1366w, https:\/\/tourisme-terrestouloises.com\/wp-content\/uploads\/2025\/03\/Boucle-de-la-Moselle-HD-12-113x169.jpg 113w, https:\/\/tourisme-terrestouloises.com\/wp-content\/uploads\/2025\/03\/Boucle-de-la-Moselle-HD-12-16x24.jpg 16w, https:\/\/tourisme-terrestouloises.com\/wp-content\/uploads\/2025\/03\/Boucle-de-la-Moselle-HD-12-24x36.jpg 24w, https:\/\/tourisme-terrestouloises.com\/wp-content\/uploads\/2025\/03\/Boucle-de-la-Moselle-HD-12-32x48.jpg 32w, https:\/\/tourisme-terrestouloises.com\/wp-content\/uploads\/2025\/03\/Boucle-de-la-Moselle-HD-12-scaled.jpg 1708w\" sizes=\"(max-width: 640px) 100vw, 640px\" \/>\t\t\t\t\t\t\t\t\t\t\t<figcaption class=\"widget-image-caption wp-caption-text\">\u00a9French Wanderers<\/figcaption>\n\t\t\t\t\t\t\t\t\t\t<\/figure>\n\t\t\t\t\t\t\t\t\t<\/div>\n\t\t\t\t<\/div>\n\t\t\t\t\t<\/div>\n\t\t<\/div>\n\t\t\t\t<div class=\"elementor-column elementor-col-50 elementor-inner-column elementor-element elementor-element-fe25c1a elementor-invisible\" data-id=\"fe25c1a\" data-element_type=\"column\" data-e-type=\"column\" data-settings=\"{&quot;background_background&quot;:&quot;classic&quot;,&quot;animation&quot;:&quot;fadeIn&quot;}\">\n\t\t\t<div class=\"elementor-widget-wrap elementor-element-populated\">\n\t\t\t\t\t\t<div class=\"elementor-element elementor-element-0a9f60f elementor-widget elementor-widget-heading\" data-id=\"0a9f60f\" data-element_type=\"widget\" data-e-type=\"widget\" data-widget_type=\"heading.default\">\n\t\t\t\t<div class=\"elementor-widget-container\">\n\t\t\t\t\t<h3 class=\"elementor-heading-title elementor-size-default\">The Boucle de la Moselle<\/h3>\t\t\t\t<\/div>\n\t\t\t\t<\/div>\n\t\t\t\t<div class=\"elementor-element elementor-element-2f0e9fb elementor-widget elementor-widget-text-editor\" data-id=\"2f0e9fb\" data-element_type=\"widget\" data-e-type=\"widget\" data-widget_type=\"text-editor.default\">\n\t\t\t\t<div class=\"elementor-widget-container\">\n\t\t\t\t\t\t\t\t\t<p>Awaken the sportsperson in yourself or have a leisure walk in family on the Boucle de la Moselle!<\/p>\t\t\t\t\t\t\t\t<\/div>\n\t\t\t\t<\/div>\n\t\t\t\t<div class=\"elementor-element elementor-element-9fa5777 elementor-align-center elementor-invisible elementor-widget elementor-widget-button\" data-id=\"9fa5777\" data-element_type=\"widget\" data-e-type=\"widget\" data-settings=\"{&quot;_animation&quot;:&quot;fadeIn&quot;}\" data-widget_type=\"button.default\">\n\t\t\t\t<div class=\"elementor-widget-container\">\n\t\t\t\t\t\t\t\t\t<div class=\"elementor-button-wrapper\">\n\t\t\t\t\t<a class=\"elementor-button elementor-button-link elementor-size-sm\" href=\"https:\/\/tourisme-terrestouloises.com\/en\/the-unavoidables\/the-boucle-de-la-moselle\/\">\n\t\t\t\t\t\t<span class=\"elementor-button-content-wrapper\">\n\t\t\t\t\t\t\t\t\t<span class=\"elementor-button-text\">See more<\/span>\n\t\t\t\t\t<\/span>\n\t\t\t\t\t<\/a>\n\t\t\t\t<\/div>\n\t\t\t\t\t\t\t\t<\/div>\n\t\t\t\t<\/div>\n\t\t\t\t\t<\/div>\n\t\t<\/div>\n\t\t\t\t\t<\/div>\n\t\t<\/section>\n\t\t\t\t\t<\/div>\n\t\t<\/div>\n\t\t\t\t\t<\/div>\n\t\t<\/section>\n\t\t\t\t<section class=\"elementor-section elementor-top-section elementor-element elementor-element-2b3f902 elementor-section-boxed elementor-section-height-default elementor-section-height-default\" data-id=\"2b3f902\" data-element_type=\"section\" data-e-type=\"section\" data-settings=\"{&quot;background_background&quot;:&quot;classic&quot;}\">\n\t\t\t\t\t\t<div class=\"elementor-container elementor-column-gap-default\">\n\t\t\t\t\t<div class=\"elementor-column elementor-col-100 elementor-top-column elementor-element elementor-element-96d2640\" data-id=\"96d2640\" data-element_type=\"column\" data-e-type=\"column\">\n\t\t\t<div class=\"elementor-widget-wrap elementor-element-populated\">\n\t\t\t\t\t\t<div class=\"elementor-element elementor-element-79e3638 elementor-invisible elementor-widget elementor-widget-heading\" data-id=\"79e3638\" data-element_type=\"widget\" data-e-type=\"widget\" data-settings=\"{&quot;_animation&quot;:&quot;fadeIn&quot;}\" data-widget_type=\"heading.default\">\n\t\t\t\t<div class=\"elementor-widget-container\">\n\t\t\t\t\t<h2 class=\"elementor-heading-title elementor-size-default\">Discover our tasting area and shop<\/h2>\t\t\t\t<\/div>\n\t\t\t\t<\/div>\n\t\t\t\t<section class=\"elementor-section elementor-inner-section elementor-element elementor-element-ab51505 elementor-section-boxed elementor-section-height-default elementor-section-height-default\" data-id=\"ab51505\" data-element_type=\"section\" data-e-type=\"section\">\n\t\t\t\t\t\t<div class=\"elementor-container elementor-column-gap-default\">\n\t\t\t\t\t<div class=\"elementor-column elementor-col-50 elementor-inner-column elementor-element elementor-element-3f17d01\" data-id=\"3f17d01\" data-element_type=\"column\" data-e-type=\"column\">\n\t\t\t<div class=\"elementor-widget-wrap elementor-element-populated\">\n\t\t\t\t\t\t<div class=\"elementor-element elementor-element-3a1127d elementor-invisible elementor-widget elementor-widget-image\" data-id=\"3a1127d\" data-element_type=\"widget\" data-e-type=\"widget\" data-settings=\"{&quot;_animation&quot;:&quot;fadeInLeft&quot;,&quot;_animation_mobile&quot;:&quot;fadeIn&quot;}\" data-widget_type=\"image.default\">\n\t\t\t\t<div class=\"elementor-widget-container\">\n\t\t\t\t\t\t\t\t\t\t\t\t<figure class=\"wp-caption\">\n\t\t\t\t\t\t\t\t\t\t<img loading=\"lazy\" decoding=\"async\" width=\"640\" height=\"399\" src=\"https:\/\/tourisme-terrestouloises.com\/wp-content\/uploads\/2021\/11\/espace-degustation-min-1024x639.jpg\" class=\"attachment-large size-large wp-image-1139\" alt=\"Espace d\u00e9gustation\" srcset=\"https:\/\/tourisme-terrestouloises.com\/wp-content\/uploads\/2021\/11\/espace-degustation-min-1024x639.jpg 1024w, https:\/\/tourisme-terrestouloises.com\/wp-content\/uploads\/2021\/11\/espace-degustation-min-300x187.jpg 300w, https:\/\/tourisme-terrestouloises.com\/wp-content\/uploads\/2021\/11\/espace-degustation-min-768x479.jpg 768w, https:\/\/tourisme-terrestouloises.com\/wp-content\/uploads\/2021\/11\/espace-degustation-min.jpg 1350w\" sizes=\"(max-width: 640px) 100vw, 640px\" \/>\t\t\t\t\t\t\t\t\t\t\t<figcaption class=\"widget-image-caption wp-caption-text\">\u00a9 MDT<\/figcaption>\n\t\t\t\t\t\t\t\t\t\t<\/figure>\n\t\t\t\t\t\t\t\t\t<\/div>\n\t\t\t\t<\/div>\n\t\t\t\t\t<\/div>\n\t\t<\/div>\n\t\t\t\t<div class=\"elementor-column elementor-col-50 elementor-inner-column elementor-element elementor-element-eb121af elementor-invisible\" data-id=\"eb121af\" data-element_type=\"column\" data-e-type=\"column\" data-settings=\"{&quot;background_background&quot;:&quot;classic&quot;,&quot;animation&quot;:&quot;fadeIn&quot;}\">\n\t\t\t<div class=\"elementor-widget-wrap elementor-element-populated\">\n\t\t\t\t\t\t<div class=\"elementor-element elementor-element-0042218 elementor-widget elementor-widget-text-editor\" data-id=\"0042218\" data-element_type=\"widget\" data-e-type=\"widget\" data-widget_type=\"text-editor.default\">\n\t\t\t\t<div class=\"elementor-widget-container\">\n\t\t\t\t\t\t\t\t\t<p>Right next to the Cathedral, the tasting space of the Maison du Tourisme is an essential step to discover the wines of the C\u00f4tes de Toul all year long. Taste a selection of Gris de Toul, Auxerrois and Pinots Noirs of the AOC C\u00f4tes de Toul and the winegrowers of the Toulois. <\/p><p>The tasting space is the first of its kind in the Grand Est area with its Enomatic wine serving system, that ensures and optimises tasting conditions. You can also buy all wines available for tasting. <\/p>\t\t\t\t\t\t\t\t<\/div>\n\t\t\t\t<\/div>\n\t\t\t\t<div class=\"elementor-element elementor-element-b07371a elementor-align-center elementor-invisible elementor-widget elementor-widget-button\" data-id=\"b07371a\" data-element_type=\"widget\" data-e-type=\"widget\" data-settings=\"{&quot;_animation&quot;:&quot;fadeIn&quot;}\" data-widget_type=\"button.default\">\n\t\t\t\t<div class=\"elementor-widget-container\">\n\t\t\t\t\t\t\t\t\t<div class=\"elementor-button-wrapper\">\n\t\t\t\t\t<a class=\"elementor-button elementor-button-link elementor-size-sm\" href=\"https:\/\/tourisme-terrestouloises.com\/en\/the-unavoidables\/cotes-de-toul-tourist-route\/tasting-space\/\">\n\t\t\t\t\t\t<span class=\"elementor-button-content-wrapper\">\n\t\t\t\t\t\t\t\t\t<span class=\"elementor-button-text\">See more<\/span>\n\t\t\t\t\t<\/span>\n\t\t\t\t\t<\/a>\n\t\t\t\t<\/div>\n\t\t\t\t\t\t\t\t<\/div>\n\t\t\t\t<\/div>\n\t\t\t\t\t<\/div>\n\t\t<\/div>\n\t\t\t\t\t<\/div>\n\t\t<\/section>\n\t\t\t\t\t<\/div>\n\t\t<\/div>\n\t\t\t\t\t<\/div>\n\t\t<\/section>\n\t\t\t\t<section class=\"elementor-section elementor-top-section elementor-element elementor-element-c741dae elementor-section-boxed elementor-section-height-default elementor-section-height-default\" data-id=\"c741dae\" data-element_type=\"section\" data-e-type=\"section\">\n\t\t\t\t\t\t<div class=\"elementor-container elementor-column-gap-default\">\n\t\t\t\t\t<div class=\"elementor-column elementor-col-100 elementor-top-column elementor-element elementor-element-594fe32\" data-id=\"594fe32\" data-element_type=\"column\" data-e-type=\"column\">\n\t\t\t<div class=\"elementor-widget-wrap elementor-element-populated\">\n\t\t\t\t\t\t<div class=\"elementor-element elementor-element-af383c8 elementor-widget elementor-widget-shortcode\" data-id=\"af383c8\" data-element_type=\"widget\" data-e-type=\"widget\" data-widget_type=\"shortcode.default\">\n\t\t\t\t<div class=\"elementor-widget-container\">\n\t\t\t\t\t\t\t<div class=\"elementor-shortcode\">\n<div id=\"sb_instagram\"  class=\"sbi sbi_mob_col_1 sbi_tab_col_3 sbi_col_4 sbi_width_resp sbi-theme sbi-default_theme sbi-style-regular\" style=\"padding-bottom: 12px;\" data-post-style=\"regular\"\t role=\"region\" aria-label=\"Instagram feed\"\n\t data-feedid=\"*6\"  data-res=\"auto\" data-cols=\"4\" data-colsmobile=\"1\" data-colstablet=\"3\" data-num=\"8\" data-nummobile=\"4\" data-header-size=\"medium\" data-item-padding=\"6\"\t data-shortcode-atts=\"{&quot;feed&quot;:&quot;6&quot;}\"  data-postid=\"524666\" data-locatornonce=\"dfdf07adb4\" data-options=\"{&quot;grid&quot;:true,&quot;avatars&quot;:{&quot;terrestouloises&quot;:&quot;https:\\\/\\\/scontent-bru2-1.cdninstagram.com\\\/v\\\/t51.2885-19\\\/434581911_1095161461792456_1779633722141861464_n.jpg?stp=dst-jpg_s206x206_tt6&amp;_nc_cat=105&amp;ccb=7-5&amp;_nc_sid=bf7eb4&amp;efg=eyJ2ZW5jb2RlX3RhZyI6InByb2ZpbGVfcGljLnd3dy4zMTEuQzMifQ%3D%3D&amp;_nc_ohc=mRXezM4oizsQ7kNvwGjuoTF&amp;_nc_oc=Adq7sBi_Ua2A4b9UhkwBe2oKdvqYKVXLX4z6zU_ZE6w-XEalFp-LaUUck3lOipAccj8&amp;_nc_zt=24&amp;_nc_ht=scontent-bru2-1.cdninstagram.com&amp;edm=AP4hL3IEAAAA&amp;_nc_tpa=Q5bMBQKU-KSuQLWOMQPF6u7R_M2tn2N2TxfVOmaJ8l-AXUUVM_qQ_5YfnxF_1l8Al13ukLBJ3HtBdxZFHA&amp;oh=00_AQJZrjroXYoQRRgWHOAzyE-_mvo9LSSgSqp30DLfLywpTw&amp;oe=6A9FCFDB&quot;,&quot;LCLterrestouloises&quot;:0},&quot;lightboxcomments&quot;:20,&quot;colsmobile&quot;:1,&quot;colstablet&quot;:&quot;3&quot;,&quot;captionsize&quot;:12,&quot;captionlength&quot;:50,&quot;hovercaptionlength&quot;:50,&quot;feedtheme&quot;:&quot;default_theme&quot;,&quot;imageaspectratio&quot;:&quot;1:1&quot;}\" data-sbi-flags=\"favorLocal\">\n\n\t\t<div class=\"sb_instagram_header sbi_feed_type_user sbi_medium sbi-theme sbi-default_theme\"  >\n\t\t<a class=\"sbi_header_link\" target=\"_blank\"\n\t\t   aria-label=\"terrestouloises on Instagram\"\n\t\t   rel=\"nofollow noopener\"  href=\"https:\/\/www.instagram.com\/terrestouloises\/\" title=\"@terrestouloises\">\n\t\t\t<div class=\"sbi_header_text\">\n\t\t\t\t\t<div class=\"sbi_header_img\"   data-avatar-url=\"https:\/\/scontent-bru2-1.cdninstagram.com\/v\/t51.2885-19\/434581911_1095161461792456_1779633722141861464_n.jpg?stp=dst-jpg_s206x206_tt6&amp;_nc_cat=105&amp;ccb=7-5&amp;_nc_sid=bf7eb4&amp;efg=eyJ2ZW5jb2RlX3RhZyI6InByb2ZpbGVfcGljLnd3dy4zMTEuQzMifQ%3D%3D&amp;_nc_ohc=mRXezM4oizsQ7kNvwGjuoTF&amp;_nc_oc=Adq7sBi_Ua2A4b9UhkwBe2oKdvqYKVXLX4z6zU_ZE6w-XEalFp-LaUUck3lOipAccj8&amp;_nc_zt=24&amp;_nc_ht=scontent-bru2-1.cdninstagram.com&amp;edm=AP4hL3IEAAAA&amp;_nc_tpa=Q5bMBQKU-KSuQLWOMQPF6u7R_M2tn2N2TxfVOmaJ8l-AXUUVM_qQ_5YfnxF_1l8Al13ukLBJ3HtBdxZFHA&amp;oh=00_AQJZrjroXYoQRRgWHOAzyE-_mvo9LSSgSqp30DLfLywpTw&amp;oe=6A9FCFDB\">\n\t\t\t\t\t<div class=\"sbi_header_img_hover\">\n\t\t\t\t<svg  class=\"sbi_new_logo fa-instagram fa-w-14\" aria-hidden=\"true\" data-fa-processed=\"\" data-prefix=\"fab\" data-icon=\"instagram\" role=\"img\" viewBox=\"0 0 448 512\"><path fill=\"currentColor\" d=\"M224.1 141c-63.6 0-114.9 51.3-114.9 114.9s51.3 114.9 114.9 114.9S339 319.5 339 255.9 287.7 141 224.1 141zm0 189.6c-41.1 0-74.7-33.5-74.7-74.7s33.5-74.7 74.7-74.7 74.7 33.5 74.7 74.7-33.6 74.7-74.7 74.7zm146.4-194.3c0 14.9-12 26.8-26.8 26.8-14.9 0-26.8-12-26.8-26.8s12-26.8 26.8-26.8 26.8 12 26.8 26.8zm76.1 27.2c-1.7-35.9-9.9-67.7-36.2-93.9-26.2-26.2-58-34.4-93.9-36.2-37-2.1-147.9-2.1-184.9 0-35.8 1.7-67.6 9.9-93.9 36.1s-34.4 58-36.2 93.9c-2.1 37-2.1 147.9 0 184.9 1.7 35.9 9.9 67.7 36.2 93.9s58 34.4 93.9 36.2c37 2.1 147.9 2.1 184.9 0 35.9-1.7 67.7-9.9 93.9-36.2 26.2-26.2 34.4-58 36.2-93.9 2.1-37 2.1-147.8 0-184.8zM398.8 388c-7.8 19.6-22.9 34.7-42.6 42.6-29.5 11.7-99.5 9-132.1 9s-102.7 2.6-132.1-9c-19.6-7.8-34.7-22.9-42.6-42.6-11.7-29.5-9-99.5-9-132.1s-2.6-102.7 9-132.1c7.8-19.6 22.9-34.7 42.6-42.6 29.5-11.7 99.5-9 132.1-9s102.7-2.6 132.1 9c19.6 7.8 34.7 22.9 42.6 42.6 11.7 29.5 9 99.5 9 132.1s2.7 102.7-9 132.1z\"><\/path><\/svg>\t\t\t<\/div>\n\t\t\t\t\t\t<img loading=\"lazy\" decoding=\"async\"   src=\"https:\/\/scontent-bru2-1.cdninstagram.com\/v\/t51.2885-19\/434581911_1095161461792456_1779633722141861464_n.jpg?stp=dst-jpg_s206x206_tt6&amp;_nc_cat=105&amp;ccb=7-5&amp;_nc_sid=bf7eb4&amp;efg=eyJ2ZW5jb2RlX3RhZyI6InByb2ZpbGVfcGljLnd3dy4zMTEuQzMifQ%3D%3D&amp;_nc_ohc=mRXezM4oizsQ7kNvwGjuoTF&amp;_nc_oc=Adq7sBi_Ua2A4b9UhkwBe2oKdvqYKVXLX4z6zU_ZE6w-XEalFp-LaUUck3lOipAccj8&amp;_nc_zt=24&amp;_nc_ht=scontent-bru2-1.cdninstagram.com&amp;edm=AP4hL3IEAAAA&amp;_nc_tpa=Q5bMBQKU-KSuQLWOMQPF6u7R_M2tn2N2TxfVOmaJ8l-AXUUVM_qQ_5YfnxF_1l8Al13ukLBJ3HtBdxZFHA&amp;oh=00_AQJZrjroXYoQRRgWHOAzyE-_mvo9LSSgSqp30DLfLywpTw&amp;oe=6A9FCFDB\" alt=\"\" width=\"84\" height=\"84\">\n\t\t\t<\/div>\n\n\t\t\t\t<div class=\"sbi_feedtheme_header_text\">\n\t\t\t\t\t<div class=\"sbi_feedtheme_title_wrapper\">\n\t\t\t\t\t\t<h3>\n\t\t\t\t\t\t\tterrestouloises\t\t\t\t\t\t<\/h3>\n\n\t\t\t\t\t\t\t\t\t\t\t\t\t<p class=\"sbi_bio_info\" >\n\t\t\t\t\t\t\t\t\t\t<span\n\t\t\tclass=\"sbi_posts_count\" \t\t\taria-label=\"335 posts\"\n\t\t\t >\n\t\t\t<svg class=\"svg-inline--fa fa-image fa-w-16\" aria-hidden=\"true\" data-fa-processed=\"\" data-prefix=\"far\" data-icon=\"image\" role=\"presentation\" xmlns=\"http:\/\/www.w3.org\/2000\/svg\" viewBox=\"0 0 512 512\"><path fill=\"currentColor\" d=\"M464 448H48c-26.51 0-48-21.49-48-48V112c0-26.51 21.49-48 48-48h416c26.51 0 48 21.49 48 48v288c0 26.51-21.49 48-48 48zM112 120c-30.928 0-56 25.072-56 56s25.072 56 56 56 56-25.072 56-56-25.072-56-56-56zM64 384h384V272l-87.515-87.515c-4.686-4.686-12.284-4.686-16.971 0L208 320l-55.515-55.515c-4.686-4.686-12.284-4.686-16.971 0L64 336v48z\"><\/path><\/svg>335\t\t<\/span>\n\t\t\t\t<span\n\t\t\t\tclass=\"sbi_followers\" \t\t\t\taria-label=\"494 followers\" \n\t\t\t\t >\n\t\t\t\t<svg class=\"svg-inline--fa fa-user fa-w-16\" aria-hidden=\"true\" data-fa-processed=\"\" data-prefix=\"fa\" data-icon=\"user\" role=\"presentation\" xmlns=\"http:\/\/www.w3.org\/2000\/svg\" viewBox=\"0 0 512 512\"><path fill=\"currentColor\" d=\"M96 160C96 71.634 167.635 0 256 0s160 71.634 160 160-71.635 160-160 160S96 248.366 96 160zm304 192h-28.556c-71.006 42.713-159.912 42.695-230.888 0H112C50.144 352 0 402.144 0 464v24c0 13.255 10.745 24 24 24h464c13.255 0 24-10.745 24-24v-24c0-61.856-50.144-112-112-112z\"><\/path><\/svg>494\t\t\t<\/span>\n\t\t\t\t\t\t\t\t\t<\/p>\n\t\t\t\t\t\t\n\t\t\t\t\t<\/div>\n\n\t\t\t\t\t\t\t\t\t\t\t\t<p class=\"sbi_bio\">\n\t\tD\u00e9couvrez le territoire du Toulois \u00e0 travers son patrimoine, sa gastronomie et ses paysages ! \u2600\ufe0f\t<\/p>\n\t\t\t\t\t\t\t\t\t<\/div>\n\n\t\t\t<\/div>\n\n\t\t<\/a>\n\n\t\t\t<\/div>\n\n\t<div id=\"sbi_images\" role=\"list\" style=\"gap: 12px;\">\n\t\t<div class=\"sbi_item sbi_type_carousel sbi_new sbi_transition\" role=\"listitem\"\t id=\"sbi_18070242848722333\" data-date=\"1788440421\"\n\t data-numcomments=\"0\" data-template=\"ft_default\">\n\t<div class=\"sbi_inner_wrap\" >\n\n\t\t\n\t\t\t<div class=\"sbi_photo_wrap\" >\n\t\t\t\t<svg class=\"svg-inline--fa fa-clone fa-w-16 sbi_lightbox_carousel_icon\" aria-hidden=\"true\" aria-label=\"Clone\" data-fa-pro\u0192cessed=\"\" data-prefix=\"far\" data-icon=\"clone\" role=\"img\" xmlns=\"http:\/\/www.w3.org\/2000\/svg\" viewBox=\"0 0 512 512\">\n                    <path fill=\"currentColor\" d=\"M464 0H144c-26.51 0-48 21.49-48 48v48H48c-26.51 0-48 21.49-48 48v320c0 26.51 21.49 48 48 48h320c26.51 0 48-21.49 48-48v-48h48c26.51 0 48-21.49 48-48V48c0-26.51-21.49-48-48-48zM362 464H54a6 6 0 0 1-6-6V150a6 6 0 0 1 6-6h42v224c0 26.51 21.49 48 48 48h224v42a6 6 0 0 1-6 6zm96-96H150a6 6 0 0 1-6-6V54a6 6 0 0 1 6-6h308a6 6 0 0 1 6 6v308a6 6 0 0 1-6 6z\"><\/path>\n                <\/svg>\t\t\n\t\t<div  style=\"background: rgba(0,0,0,0.85)\"  class=\"sbi_link \" >\n\t\t\t<div class=\"sbi_hover_top\">\n\n\t\t\t\t\t<p class=\"sbi_hover_caption_wrap\"\n\t\t>\n\t\t<span\n\t\t\tclass=\"sbi_caption\">Esprit Verre : entre feu et verre \ud83d\udd25<br><br>\u00c0 Avrainville, poussez la porte de l\u2019atelier @espritverre et d\u00e9couvrez le travail du verre !<br>Isabelle Petegnief, artisane verri\u00e8re, fa\u00e7onne le verre au chalumeau pour cr\u00e9er des pi\u00e8ces uniques : perles, bijoux, objets d\u00e9coratifs\u2026 \u2728<br><br>L\u2019atelier propose \u00e9galement des d\u00e9monstrations et des ateliers sur rendez-vous, pour d\u00e9couvrir ce savoir-faire de plus pr\u00e8s.<br><br>\ud83d\udccd Atelier Esprit Verre, Avrainville<br>\ud83d\udca1 Une belle adresse pour d\u00e9couvrir un m\u00e9tier d\u2019art et le savoir-faire d\u2019une artisane locale !<br><br>https:\/\/espritverre.fr\/<br><br>\u00a9Esprit Verre<br><br>#LesBonnesAdresses #TerresTouloises #Avrainville #EspritVerre #ArtisanatLocal #M\u00e9tiersDArt #SavoirFaire<\/span>\n\t<\/p>\n\n\t\t\t<\/div>\n\n\t\t\t\n\t\t\t<div class=\"sbi_hover_bottom \" >\n\n\t\t\t\t\n\t\t\t\t\t\t\t\t\t<div\n\t\t\t\t\t\tclass=\"sbi_meta\" >\n\n\t\t\t\t\t\t\t<span\n\t\tclass=\"sbi_likes\" style=\"font-size: 13px;\" >\n\t\t<svg  style=\"font-size: 13px;\" class=\"svg-inline--fa fa-heart fa-w-18\" aria-hidden=\"true\" data-fa-processed=\"\" data-prefix=\"fa\" data-icon=\"heart\" role=\"presentation\" xmlns=\"http:\/\/www.w3.org\/2000\/svg\" viewBox=\"0 0 576 512\"><path fill=\"currentColor\" d=\"M414.9 24C361.8 24 312 65.7 288 89.3 264 65.7 214.2 24 161.1 24 70.3 24 16 76.9 16 165.5c0 72.6 66.8 133.3 69.2 135.4l187 180.8c8.8 8.5 22.8 8.5 31.6 0l186.7-180.2c2.7-2.7 69.5-63.5 69.5-136C560 76.9 505.7 24 414.9 24z\"><\/path><\/svg>\t\t13\t<\/span>\n\t<span\n\t\tclass=\"sbi_comments\" style=\"font-size: 13px;\" >\n\t\t<svg  style=\"font-size: 13px;\" class=\"svg-inline--fa fa-comment fa-w-18\" aria-hidden=\"true\" data-fa-processed=\"\" data-prefix=\"fa\" data-icon=\"comment\" role=\"presentation\" xmlns=\"http:\/\/www.w3.org\/2000\/svg\" viewBox=\"0 0 576 512\"><path fill=\"currentColor\" d=\"M576 240c0 115-129 208-288 208-48.3 0-93.9-8.6-133.9-23.8-40.3 31.2-89.8 50.3-142.4 55.7-5.2.6-10.2-2.8-11.5-7.7-1.3-5 2.7-8.1 6.6-11.8 19.3-18.4 42.7-32.8 51.9-94.6C21.9 330.9 0 287.3 0 240 0 125.1 129 32 288 32s288 93.1 288 208z\"><\/path><\/svg>\t\t0\t<\/span>\n\t\t\t\t\t<\/div>\n\t\t\t\t\n\t\t\t<\/div>\n\n\t\t\t<a class=\"sbi_link_area nofancybox\" rel=\"nofollow noopener\" href=\"https:\/\/scontent-bru2-1.cdninstagram.com\/v\/t39.30808-6\/793159033_1726989609432770_1970527365455902671_n.jpg?stp=dst-jpg_e35_tt6&#038;_nc_cat=111&#038;ccb=7-5&#038;_nc_sid=18de74&#038;efg=eyJlZmdfdGFnIjoiQ0FST1VTRUxfSVRFTS5iZXN0X2ltYWdlX3VybGdlbi5DMyJ9&#038;_nc_ohc=747VXqEI9UcQ7kNvwFnm4UR&#038;_nc_oc=AdoMc68nZGJ7iZH8bj0vsyXDe5PbedXjJf6Bugjng9Hu6fjIH-uRRrZ7HgmbBaUqUUo&#038;_nc_zt=23&#038;_nc_ht=scontent-bru2-1.cdninstagram.com&#038;edm=ANo9K5cEAAAA&#038;_nc_gid=f8HCxtrkqFlcMWY05w_7uQ&#038;_nc_tpa=Q5bMBQJu5pELZJQcWQaQS0xzYB18UoMEiqb7ftAi3iTFSEg8vyduzWiDs2ZE74PeFasezAM3MgZlbClovA&#038;oh=00_AQJv83zJc2qwZHSNd72g9lv_A2nwmKt9p4mVGyqgspaD1A&#038;oe=6A9FE954\"\n\t\t\t   data-lightbox-sbi=\"\"\n\t\t\t   data-title=\"Esprit Verre : entre feu et verre \ud83d\udd25&lt;br&gt;\n&lt;br&gt;\n\u00c0 Avrainville, poussez la porte de l\u2019atelier @espritverre et d\u00e9couvrez le travail du verre !&lt;br&gt;\nIsabelle Petegnief, artisane verri\u00e8re, fa\u00e7onne le verre au chalumeau pour cr\u00e9er des pi\u00e8ces uniques : perles, bijoux, objets d\u00e9coratifs\u2026 \u2728&lt;br&gt;\n&lt;br&gt;\nL\u2019atelier propose \u00e9galement des d\u00e9monstrations et des ateliers sur rendez-vous, pour d\u00e9couvrir ce savoir-faire de plus pr\u00e8s.&lt;br&gt;\n&lt;br&gt;\n\ud83d\udccd Atelier Esprit Verre, Avrainville&lt;br&gt;\n\ud83d\udca1 Une belle adresse pour d\u00e9couvrir un m\u00e9tier d\u2019art et le savoir-faire d\u2019une artisane locale !&lt;br&gt;\n&lt;br&gt;\nhttps:\/\/espritverre.fr\/&lt;br&gt;\n&lt;br&gt;\n\u00a9Esprit Verre&lt;br&gt;\n&lt;br&gt;\n#LesBonnesAdresses #TerresTouloises #Avrainville #EspritVerre #ArtisanatLocal #M\u00e9tiersDArt #SavoirFaire\"\n\t\t\t   data-video=\"\"\n\t\t\t   data-carousel=\"{&quot;data&quot;:[{&quot;type&quot;:&quot;image&quot;,&quot;media&quot;:&quot;https:\\\/\\\/scontent-bru2-1.cdninstagram.com\\\/v\\\/t39.30808-6\\\/793159033_1726989609432770_1970527365455902671_n.jpg?stp=dst-jpg_e35_tt6&amp;_nc_cat=111&amp;ccb=7-5&amp;_nc_sid=18de74&amp;efg=eyJlZmdfdGFnIjoiQ0FST1VTRUxfSVRFTS5iZXN0X2ltYWdlX3VybGdlbi5DMyJ9&amp;_nc_ohc=747VXqEI9UcQ7kNvwFnm4UR&amp;_nc_oc=AdoMc68nZGJ7iZH8bj0vsyXDe5PbedXjJf6Bugjng9Hu6fjIH-uRRrZ7HgmbBaUqUUo&amp;_nc_zt=23&amp;_nc_ht=scontent-bru2-1.cdninstagram.com&amp;edm=ANo9K5cEAAAA&amp;_nc_gid=f8HCxtrkqFlcMWY05w_7uQ&amp;_nc_tpa=Q5bMBQJndCaPN0FwFXZbjHpnLhqNCPFNqHenaoezC7Mca9S0zAXaXh0Qoe8N54KNwQQNIcIyByUJgm9Y5g&amp;oh=00_AQImA-ZgBehDVidg_NObI7-jHRDxHQyPceh5JdWdbwu-Pw&amp;oe=6A9FE954&quot;},{&quot;type&quot;:&quot;image&quot;,&quot;media&quot;:&quot;https:\\\/\\\/scontent-bru2-1.cdninstagram.com\\\/v\\\/t39.30808-6\\\/793212457_1726989612766103_8883390832965221797_n.jpg?stp=dst-jpg_e35_tt6&amp;_nc_cat=110&amp;ccb=7-5&amp;_nc_sid=18de74&amp;efg=eyJlZmdfdGFnIjoiQ0FST1VTRUxfSVRFTS5iZXN0X2ltYWdlX3VybGdlbi5DMyJ9&amp;_nc_ohc=WiGgiAvDD74Q7kNvwFSqg1Z&amp;_nc_oc=AdoKpQhK0rdVrkTDSid19oy01XzgjvgjOGWyQcNE8YL-xkuqAW10Qo3VtmB7w4J3GQo&amp;_nc_zt=23&amp;_nc_ht=scontent-bru2-1.cdninstagram.com&amp;edm=ANo9K5cEAAAA&amp;_nc_gid=f8HCxtrkqFlcMWY05w_7uQ&amp;_nc_tpa=Q5bMBQKbOERBhpVJxHavvq1E69Hk4_WrFG1Mo2htNq9SDklArbFQmsRVD78TNec-3Q8DbEg7seVD2cR7YA&amp;oh=00_AQKUN_vj7aBAT_finT1diGuk97S0_nYsrsF25KiXtt93DA&amp;oe=6A9FDBA1&quot;},{&quot;type&quot;:&quot;image&quot;,&quot;media&quot;:&quot;https:\\\/\\\/scontent-bru2-1.cdninstagram.com\\\/v\\\/t39.30808-6\\\/793212337_1726989606099437_4257910117442611061_n.jpg?stp=dst-jpg_e35_tt6&amp;_nc_cat=102&amp;ccb=7-5&amp;_nc_sid=18de74&amp;efg=eyJlZmdfdGFnIjoiQ0FST1VTRUxfSVRFTS5iZXN0X2ltYWdlX3VybGdlbi5DMyJ9&amp;_nc_ohc=SX-7nOiO_VsQ7kNvwEAjUa0&amp;_nc_oc=AdqN-mEUw_2KG6Kb5Zyx6nVLNIUGYYwTIF1YnitUREQ4yJieal2YReTGl_Tf8b6aXjg&amp;_nc_zt=23&amp;_nc_ht=scontent-bru2-1.cdninstagram.com&amp;edm=ANo9K5cEAAAA&amp;_nc_gid=f8HCxtrkqFlcMWY05w_7uQ&amp;_nc_tpa=Q5bMBQK-aRKMVOrxJH0WdmutQqShDZa_8zEb-oHX1-B1BD-vZfDYZhtZBDO3yj8g_kM3NOsGbfqh1Vt-KQ&amp;oh=00_AQLGFf1KGInJ4pUMquWbWmyJ9hZsZOS19vl9gQtEpKEj3w&amp;oe=6A9FBE8E&quot;},{&quot;type&quot;:&quot;image&quot;,&quot;media&quot;:&quot;https:\\\/\\\/scontent-bru2-1.cdninstagram.com\\\/v\\\/t39.30808-6\\\/793212618_1726989616099436_7597123417972171483_n.jpg?stp=dst-jpg_e35_tt6&amp;_nc_cat=102&amp;ccb=7-5&amp;_nc_sid=18de74&amp;efg=eyJlZmdfdGFnIjoiQ0FST1VTRUxfSVRFTS5iZXN0X2ltYWdlX3VybGdlbi5DMyJ9&amp;_nc_ohc=arAWkeeHb7oQ7kNvwFaR3QZ&amp;_nc_oc=AdpBCvBJcn2J7bcmgx6udi-yRzZJ8C3IpGi6rO5Z85LM0HSUPTN7NfI5HwX1I47uwtk&amp;_nc_zt=23&amp;_nc_ht=scontent-bru2-1.cdninstagram.com&amp;edm=ANo9K5cEAAAA&amp;_nc_gid=f8HCxtrkqFlcMWY05w_7uQ&amp;_nc_tpa=Q5bMBQKD3qzCFf1xUCuLGtTspv0YsOqQYU6szFIlmBQUJj0UWUxHpD7201f-RVL1h1BH4ABY3xoaNWgeBQ&amp;oh=00_AQIXgm1eHbNMB_wlA37iGdOY7sbwvQmT8W9uqadqo9WIeg&amp;oe=6A9FD6AE&quot;}],&quot;vid_first&quot;:false}\"\n\t\t\t   data-id=\"sbi_18070242848722333\" data-user=\"terrestouloises\"\n\t\t\t   data-url=\"https:\/\/www.instagram.com\/p\/Dc03oVkjb6l\/\" data-avatar=\"https:\/\/scontent-bru2-1.cdninstagram.com\/v\/t51.2885-19\/434581911_1095161461792456_1779633722141861464_n.jpg?stp=dst-jpg_s206x206_tt6&amp;_nc_cat=105&amp;ccb=7-5&amp;_nc_sid=bf7eb4&amp;efg=eyJ2ZW5jb2RlX3RhZyI6InByb2ZpbGVfcGljLnd3dy4zMTEuQzMifQ%3D%3D&amp;_nc_ohc=mRXezM4oizsQ7kNvwGjuoTF&amp;_nc_oc=Adq7sBi_Ua2A4b9UhkwBe2oKdvqYKVXLX4z6zU_ZE6w-XEalFp-LaUUck3lOipAccj8&amp;_nc_zt=24&amp;_nc_ht=scontent-bru2-1.cdninstagram.com&amp;edm=AP4hL3IEAAAA&amp;_nc_tpa=Q5bMBQKU-KSuQLWOMQPF6u7R_M2tn2N2TxfVOmaJ8l-AXUUVM_qQ_5YfnxF_1l8Al13ukLBJ3HtBdxZFHA&amp;oh=00_AQJZrjroXYoQRRgWHOAzyE-_mvo9LSSgSqp30DLfLywpTw&amp;oe=6A9FCFDB\"\n\t\t\t   data-account-type=\"business\"\n\t\t\t   data-iframe=''\n\t\t\t   data-media-type=\"feed\"\n\t\t\t   data-posted-on=\"\"\n\t\t\t   data-custom-avatar=\"\">\n\t\t\t\t<span class=\"sbi-screenreader\">\n\t\t\t\t\tOpen post by terrestouloises with ID 18070242848722333\t\t\t\t<\/span>\n\t\t\t\t\t\t\t<\/a>\n\t\t<\/div>\n\n\t\t<a class=\"sbi_photo\" target=\"_blank\" rel=\"nofollow noopener\" href=\"https:\/\/www.instagram.com\/p\/Dc03oVkjb6l\/\"\n\t\t   data-full-res=\"https:\/\/scontent-bru2-1.cdninstagram.com\/v\/t39.30808-6\/793159033_1726989609432770_1970527365455902671_n.jpg?stp=dst-jpg_e35_tt6&#038;_nc_cat=111&#038;ccb=7-5&#038;_nc_sid=18de74&#038;efg=eyJlZmdfdGFnIjoiQ0FST1VTRUxfSVRFTS5iZXN0X2ltYWdlX3VybGdlbi5DMyJ9&#038;_nc_ohc=747VXqEI9UcQ7kNvwFnm4UR&#038;_nc_oc=AdoMc68nZGJ7iZH8bj0vsyXDe5PbedXjJf6Bugjng9Hu6fjIH-uRRrZ7HgmbBaUqUUo&#038;_nc_zt=23&#038;_nc_ht=scontent-bru2-1.cdninstagram.com&#038;edm=ANo9K5cEAAAA&#038;_nc_gid=f8HCxtrkqFlcMWY05w_7uQ&#038;_nc_tpa=Q5bMBQJu5pELZJQcWQaQS0xzYB18UoMEiqb7ftAi3iTFSEg8vyduzWiDs2ZE74PeFasezAM3MgZlbClovA&#038;oh=00_AQJv83zJc2qwZHSNd72g9lv_A2nwmKt9p4mVGyqgspaD1A&#038;oe=6A9FE954\"\n\t\t   data-img-src-set=\"{&quot;d&quot;:&quot;https:\\\/\\\/scontent-bru2-1.cdninstagram.com\\\/v\\\/t39.30808-6\\\/793159033_1726989609432770_1970527365455902671_n.jpg?stp=dst-jpg_e35_tt6&amp;_nc_cat=111&amp;ccb=7-5&amp;_nc_sid=18de74&amp;efg=eyJlZmdfdGFnIjoiQ0FST1VTRUxfSVRFTS5iZXN0X2ltYWdlX3VybGdlbi5DMyJ9&amp;_nc_ohc=747VXqEI9UcQ7kNvwFnm4UR&amp;_nc_oc=AdoMc68nZGJ7iZH8bj0vsyXDe5PbedXjJf6Bugjng9Hu6fjIH-uRRrZ7HgmbBaUqUUo&amp;_nc_zt=23&amp;_nc_ht=scontent-bru2-1.cdninstagram.com&amp;edm=ANo9K5cEAAAA&amp;_nc_gid=f8HCxtrkqFlcMWY05w_7uQ&amp;_nc_tpa=Q5bMBQJu5pELZJQcWQaQS0xzYB18UoMEiqb7ftAi3iTFSEg8vyduzWiDs2ZE74PeFasezAM3MgZlbClovA&amp;oh=00_AQJv83zJc2qwZHSNd72g9lv_A2nwmKt9p4mVGyqgspaD1A&amp;oe=6A9FE954&quot;,&quot;150&quot;:&quot;https:\\\/\\\/scontent-bru2-1.cdninstagram.com\\\/v\\\/t39.30808-6\\\/793159033_1726989609432770_1970527365455902671_n.jpg?stp=dst-jpg_e35_tt6&amp;_nc_cat=111&amp;ccb=7-5&amp;_nc_sid=18de74&amp;efg=eyJlZmdfdGFnIjoiQ0FST1VTRUxfSVRFTS5iZXN0X2ltYWdlX3VybGdlbi5DMyJ9&amp;_nc_ohc=747VXqEI9UcQ7kNvwFnm4UR&amp;_nc_oc=AdoMc68nZGJ7iZH8bj0vsyXDe5PbedXjJf6Bugjng9Hu6fjIH-uRRrZ7HgmbBaUqUUo&amp;_nc_zt=23&amp;_nc_ht=scontent-bru2-1.cdninstagram.com&amp;edm=ANo9K5cEAAAA&amp;_nc_gid=f8HCxtrkqFlcMWY05w_7uQ&amp;_nc_tpa=Q5bMBQJu5pELZJQcWQaQS0xzYB18UoMEiqb7ftAi3iTFSEg8vyduzWiDs2ZE74PeFasezAM3MgZlbClovA&amp;oh=00_AQJv83zJc2qwZHSNd72g9lv_A2nwmKt9p4mVGyqgspaD1A&amp;oe=6A9FE954&quot;,&quot;320&quot;:&quot;https:\\\/\\\/scontent-bru2-1.cdninstagram.com\\\/v\\\/t39.30808-6\\\/793159033_1726989609432770_1970527365455902671_n.jpg?stp=dst-jpg_e35_tt6&amp;_nc_cat=111&amp;ccb=7-5&amp;_nc_sid=18de74&amp;efg=eyJlZmdfdGFnIjoiQ0FST1VTRUxfSVRFTS5iZXN0X2ltYWdlX3VybGdlbi5DMyJ9&amp;_nc_ohc=747VXqEI9UcQ7kNvwFnm4UR&amp;_nc_oc=AdoMc68nZGJ7iZH8bj0vsyXDe5PbedXjJf6Bugjng9Hu6fjIH-uRRrZ7HgmbBaUqUUo&amp;_nc_zt=23&amp;_nc_ht=scontent-bru2-1.cdninstagram.com&amp;edm=ANo9K5cEAAAA&amp;_nc_gid=f8HCxtrkqFlcMWY05w_7uQ&amp;_nc_tpa=Q5bMBQJu5pELZJQcWQaQS0xzYB18UoMEiqb7ftAi3iTFSEg8vyduzWiDs2ZE74PeFasezAM3MgZlbClovA&amp;oh=00_AQJv83zJc2qwZHSNd72g9lv_A2nwmKt9p4mVGyqgspaD1A&amp;oe=6A9FE954&quot;,&quot;640&quot;:&quot;https:\\\/\\\/scontent-bru2-1.cdninstagram.com\\\/v\\\/t39.30808-6\\\/793159033_1726989609432770_1970527365455902671_n.jpg?stp=dst-jpg_e35_tt6&amp;_nc_cat=111&amp;ccb=7-5&amp;_nc_sid=18de74&amp;efg=eyJlZmdfdGFnIjoiQ0FST1VTRUxfSVRFTS5iZXN0X2ltYWdlX3VybGdlbi5DMyJ9&amp;_nc_ohc=747VXqEI9UcQ7kNvwFnm4UR&amp;_nc_oc=AdoMc68nZGJ7iZH8bj0vsyXDe5PbedXjJf6Bugjng9Hu6fjIH-uRRrZ7HgmbBaUqUUo&amp;_nc_zt=23&amp;_nc_ht=scontent-bru2-1.cdninstagram.com&amp;edm=ANo9K5cEAAAA&amp;_nc_gid=f8HCxtrkqFlcMWY05w_7uQ&amp;_nc_tpa=Q5bMBQJu5pELZJQcWQaQS0xzYB18UoMEiqb7ftAi3iTFSEg8vyduzWiDs2ZE74PeFasezAM3MgZlbClovA&amp;oh=00_AQJv83zJc2qwZHSNd72g9lv_A2nwmKt9p4mVGyqgspaD1A&amp;oe=6A9FE954&quot;}\" tabindex=\"-1\">\n\t\t\t<img decoding=\"async\" src=\"https:\/\/tourisme-terrestouloises.com\/wp-content\/plugins\/instagram-feed-pro\/img\/placeholder.png\" alt=\"Esprit Verre : entre feu et verre \ud83d\udd25\n\n\u00c0 Avrainville, poussez la porte de l\u2019atelier @espritverre et d\u00e9couvrez le travail du verre !\nIsabelle Petegnief, artisane verri\u00e8re, fa\u00e7onne le verre au chalumeau pour cr\u00e9er des pi\u00e8ces uniques : perles, bijoux, objets d\u00e9coratifs\u2026 \u2728\n\nL\u2019atelier propose \u00e9galement des d\u00e9monstrations et des ateliers sur rendez-vous, pour d\u00e9couvrir ce savoir-faire de plus pr\u00e8s.\n\n\ud83d\udccd Atelier Esprit Verre, Avrainville\n\ud83d\udca1 Une belle adresse pour d\u00e9couvrir un m\u00e9tier d\u2019art et le savoir-faire d\u2019une artisane locale !\n\nhttps:\/\/espritverre.fr\/\n\n\u00a9Esprit Verre\n\n#LesBonnesAdresses #TerresTouloises #Avrainville #EspritVerre #ArtisanatLocal #M\u00e9tiersDArt #SavoirFaire\">\n\t\t<\/a>\n\t<\/div>\n\n\n\t\t\n\t\t<div class=\"sbi_info_wrapper\">\n\t\t\t<div class=\"sbi_info \">\n\n\t\t\t\t\t\t\t\t\t<p class=\"sbi_caption_wrap\" >\n\t\t\t\t\t\t<span\n\t\t\t\t\t\t\tclass=\"sbi_caption\"  style=\"font-size: 12px;color: rgb(67,73,96);\" aria-hidden=\"true\">Esprit Verre : entre feu et verre \ud83d\udd25<br><br>\u00c0 Avrainville, poussez la porte de l\u2019atelier @espritverre et d\u00e9couvrez le travail du verre !<br>Isabelle Petegnief, artisane verri\u00e8re, fa\u00e7onne le verre au chalumeau pour cr\u00e9er des pi\u00e8ces uniques : perles, bijoux, objets d\u00e9coratifs\u2026 \u2728<br><br>L\u2019atelier propose \u00e9galement des d\u00e9monstrations et des ateliers sur rendez-vous, pour d\u00e9couvrir ce savoir-faire de plus pr\u00e8s.<br><br>\ud83d\udccd Atelier Esprit Verre, Avrainville<br>\ud83d\udca1 Une belle adresse pour d\u00e9couvrir un m\u00e9tier d\u2019art et le savoir-faire d\u2019une artisane locale !<br><br>https:\/\/espritverre.fr\/<br><br>\u00a9Esprit Verre<br><br>#LesBonnesAdresses #TerresTouloises #Avrainville #EspritVerre #ArtisanatLocal #M\u00e9tiersDArt #SavoirFaire<\/span>\n\t\t\t\t\t\t<span class=\"sbi_expand\">\n\t\t\t\t\t\t\t<button type=\"button\" class=\"sbi_more_btn\" aria-label=\"Show full caption\" aria-expanded=\"false\" style=\"background:none;border:0;padding:0;font:inherit;color:inherit;cursor:pointer;\"><span class=\"sbi_more\" aria-hidden=\"true\">...<\/span><\/button>\n\t\t\t\t\t\t<\/span>\n\t\t\t\t\t<\/p>\n\t\t\t\t\n\t\t\t\t<div class=\"sbi_meta_wrap\">\n\t\t\t\t\t\t\t\t\t\t\t<div\n\t\t\t\t\t\t\tclass=\"sbi_meta\" >\n\t\t\t\t\t\t\t\t<span\n\t\tclass=\"sbi_likes\"  style=\"font-size: 13px;\" \t\taria-label=\"13 likes\">\n\t\t<span>\n\t\t\t<svg  style=\"font-size: 13px;\" class=\"svg-inline--fa fa-heart fa-w-18\" aria-hidden=\"true\" data-fa-processed=\"\" data-prefix=\"fa\" data-icon=\"heart\" role=\"presentation\" xmlns=\"http:\/\/www.w3.org\/2000\/svg\" viewBox=\"0 0 576 512\"><path fill=\"currentColor\" d=\"M414.9 24C361.8 24 312 65.7 288 89.3 264 65.7 214.2 24 161.1 24 70.3 24 16 76.9 16 165.5c0 72.6 66.8 133.3 69.2 135.4l187 180.8c8.8 8.5 22.8 8.5 31.6 0l186.7-180.2c2.7-2.7 69.5-63.5 69.5-136C560 76.9 505.7 24 414.9 24z\"><\/path><\/svg>\t\t<\/span>\n\t\t13\t<\/span>\n\t<span\n\t\tclass=\"sbi_comments\"  style=\"font-size: 13px;\" \t\taria-label=\"0 comments\">\n\t\t<span>\n\t\t\t<svg  style=\"font-size: 13px;\" class=\"svg-inline--fa fa-comment fa-w-18\" aria-hidden=\"true\" data-fa-processed=\"\" data-prefix=\"fa\" data-icon=\"comment\" role=\"presentation\" xmlns=\"http:\/\/www.w3.org\/2000\/svg\" viewBox=\"0 0 576 512\"><path fill=\"currentColor\" d=\"M576 240c0 115-129 208-288 208-48.3 0-93.9-8.6-133.9-23.8-40.3 31.2-89.8 50.3-142.4 55.7-5.2.6-10.2-2.8-11.5-7.7-1.3-5 2.7-8.1 6.6-11.8 19.3-18.4 42.7-32.8 51.9-94.6C21.9 330.9 0 287.3 0 240 0 125.1 129 32 288 32s288 93.1 288 208z\"><\/path><\/svg>\t\t<\/span>\n\t\t0\t<\/span>\n\n\t\t\t\t\t\t\t\t\t\t\t\t\t<\/div>\n\t\t\t\t\t\n\t\t\t\t\t\t\t\t\t<\/div>\n\t\t\t<\/div>\n\t\t<\/div>\n\t<\/div>\n\n\t<div class=\"sbi-divider\"><\/div>\n<\/div>\n<div class=\"sbi_item sbi_type_image sbi_new sbi_transition\" role=\"listitem\"\t id=\"sbi_18168939595403331\" data-date=\"1788272193\"\n\t data-numcomments=\"0\" data-template=\"ft_default\">\n\t<div class=\"sbi_inner_wrap\" >\n\n\t\t\n\t\t\t<div class=\"sbi_photo_wrap\" >\n\t\t\t\t\t\t\n\t\t<div  style=\"background: rgba(0,0,0,0.85)\"  class=\"sbi_link \" >\n\t\t\t<div class=\"sbi_hover_top\">\n\n\t\t\t\t\t<p class=\"sbi_hover_caption_wrap\"\n\t\t>\n\t\t<span\n\t\t\tclass=\"sbi_caption\">Et si vous faisiez un d\u00e9tour par le Port de France ? \u2693<br><br>Au pied des remparts Vauban, le Port de France est un petit port de plaisance install\u00e9 le long du canal de la Marne au Rhin.<br><br>C\u2019est aussi un point de d\u00e9part agr\u00e9able pour une promenade : longez le canal et poursuivez votre balade autour des fortifications !<br><br>Une petite balade \u00e0 pr\u00e9voir lors de votre prochaine sortie \u00e0 Toul !<br><br>Photo \u00a9Ville de Toul<br><br>#Toul #TerresTouloises #Balade #Promenade #CanalDeLaMarneAuRhin #FortificationsVauban #TourismeLorraine #Fluvial #Port<\/span>\n\t<\/p>\n\n\t\t\t<\/div>\n\n\t\t\t\n\t\t\t<div class=\"sbi_hover_bottom \" >\n\n\t\t\t\t\n\t\t\t\t\t\t\t\t\t<div\n\t\t\t\t\t\tclass=\"sbi_meta\" >\n\n\t\t\t\t\t\t\t<span\n\t\tclass=\"sbi_likes\" style=\"font-size: 13px;\" >\n\t\t<svg  style=\"font-size: 13px;\" class=\"svg-inline--fa fa-heart fa-w-18\" aria-hidden=\"true\" data-fa-processed=\"\" data-prefix=\"fa\" data-icon=\"heart\" role=\"presentation\" xmlns=\"http:\/\/www.w3.org\/2000\/svg\" viewBox=\"0 0 576 512\"><path fill=\"currentColor\" d=\"M414.9 24C361.8 24 312 65.7 288 89.3 264 65.7 214.2 24 161.1 24 70.3 24 16 76.9 16 165.5c0 72.6 66.8 133.3 69.2 135.4l187 180.8c8.8 8.5 22.8 8.5 31.6 0l186.7-180.2c2.7-2.7 69.5-63.5 69.5-136C560 76.9 505.7 24 414.9 24z\"><\/path><\/svg>\t\t45\t<\/span>\n\t<span\n\t\tclass=\"sbi_comments\" style=\"font-size: 13px;\" >\n\t\t<svg  style=\"font-size: 13px;\" class=\"svg-inline--fa fa-comment fa-w-18\" aria-hidden=\"true\" data-fa-processed=\"\" data-prefix=\"fa\" data-icon=\"comment\" role=\"presentation\" xmlns=\"http:\/\/www.w3.org\/2000\/svg\" viewBox=\"0 0 576 512\"><path fill=\"currentColor\" d=\"M576 240c0 115-129 208-288 208-48.3 0-93.9-8.6-133.9-23.8-40.3 31.2-89.8 50.3-142.4 55.7-5.2.6-10.2-2.8-11.5-7.7-1.3-5 2.7-8.1 6.6-11.8 19.3-18.4 42.7-32.8 51.9-94.6C21.9 330.9 0 287.3 0 240 0 125.1 129 32 288 32s288 93.1 288 208z\"><\/path><\/svg>\t\t0\t<\/span>\n\t\t\t\t\t<\/div>\n\t\t\t\t\n\t\t\t<\/div>\n\n\t\t\t<a class=\"sbi_link_area nofancybox\" rel=\"nofollow noopener\" href=\"https:\/\/scontent-bru2-1.cdninstagram.com\/v\/t39.30808-6\/793212713_1725882549543476_2936995667871470157_n.jpg?stp=dst-jpg_e35_tt6&#038;_nc_cat=100&#038;ccb=7-5&#038;_nc_sid=18de74&#038;efg=eyJlZmdfdGFnIjoiRkVFRC5iZXN0X2ltYWdlX3VybGdlbi5DMyJ9&#038;_nc_ohc=h0k1i0xrcb8Q7kNvwHdmlIV&#038;_nc_oc=Adrv1QdFVNQ-qoD-bJDwAB9kQr5SfywJAGWHpwNZ_HZFOnr7GWJTXXZNRI56ewi2mPI&#038;_nc_zt=23&#038;_nc_ht=scontent-bru2-1.cdninstagram.com&#038;edm=ANo9K5cEAAAA&#038;_nc_gid=f8HCxtrkqFlcMWY05w_7uQ&#038;_nc_tpa=Q5bMBQJ5OmvgKBDFJztFVjG1LSSEZj8CLL1sgbZCKClPvWTQgJNmFPNIM5yqnVpUKc78yUtFhNClDHoafA&#038;oh=00_AQLx82zNyW1S4qHTZqHHfpss11mcnpilAAa0BIDfWW3eZg&#038;oe=6A9FC605\"\n\t\t\t   data-lightbox-sbi=\"\"\n\t\t\t   data-title=\"Et si vous faisiez un d\u00e9tour par le Port de France ? \u2693&lt;br&gt;\n&lt;br&gt;\nAu pied des remparts Vauban, le Port de France est un petit port de plaisance install\u00e9 le long du canal de la Marne au Rhin.&lt;br&gt;\n&lt;br&gt;\nC\u2019est aussi un point de d\u00e9part agr\u00e9able pour une promenade : longez le canal et poursuivez votre balade autour des fortifications !&lt;br&gt;\n&lt;br&gt;\nUne petite balade \u00e0 pr\u00e9voir lors de votre prochaine sortie \u00e0 Toul !&lt;br&gt;\n&lt;br&gt;\nPhoto \u00a9Ville de Toul&lt;br&gt;\n&lt;br&gt;\n#Toul #TerresTouloises #Balade #Promenade #CanalDeLaMarneAuRhin #FortificationsVauban #TourismeLorraine #Fluvial #Port\"\n\t\t\t   data-video=\"\"\n\t\t\t   data-carousel=\"\"\n\t\t\t   data-id=\"sbi_18168939595403331\" data-user=\"terrestouloises\"\n\t\t\t   data-url=\"https:\/\/www.instagram.com\/p\/Dcv2whyiGpQ\/\" data-avatar=\"https:\/\/scontent-bru2-1.cdninstagram.com\/v\/t51.2885-19\/434581911_1095161461792456_1779633722141861464_n.jpg?stp=dst-jpg_s206x206_tt6&amp;_nc_cat=105&amp;ccb=7-5&amp;_nc_sid=bf7eb4&amp;efg=eyJ2ZW5jb2RlX3RhZyI6InByb2ZpbGVfcGljLnd3dy4zMTEuQzMifQ%3D%3D&amp;_nc_ohc=mRXezM4oizsQ7kNvwGjuoTF&amp;_nc_oc=Adq7sBi_Ua2A4b9UhkwBe2oKdvqYKVXLX4z6zU_ZE6w-XEalFp-LaUUck3lOipAccj8&amp;_nc_zt=24&amp;_nc_ht=scontent-bru2-1.cdninstagram.com&amp;edm=AP4hL3IEAAAA&amp;_nc_tpa=Q5bMBQKU-KSuQLWOMQPF6u7R_M2tn2N2TxfVOmaJ8l-AXUUVM_qQ_5YfnxF_1l8Al13ukLBJ3HtBdxZFHA&amp;oh=00_AQJZrjroXYoQRRgWHOAzyE-_mvo9LSSgSqp30DLfLywpTw&amp;oe=6A9FCFDB\"\n\t\t\t   data-account-type=\"business\"\n\t\t\t   data-iframe=''\n\t\t\t   data-media-type=\"feed\"\n\t\t\t   data-posted-on=\"\"\n\t\t\t   data-custom-avatar=\"\">\n\t\t\t\t<span class=\"sbi-screenreader\">\n\t\t\t\t\tOpen post by terrestouloises with ID 18168939595403331\t\t\t\t<\/span>\n\t\t\t\t\t\t\t<\/a>\n\t\t<\/div>\n\n\t\t<a class=\"sbi_photo\" target=\"_blank\" rel=\"nofollow noopener\" href=\"https:\/\/www.instagram.com\/p\/Dcv2whyiGpQ\/\"\n\t\t   data-full-res=\"https:\/\/scontent-bru2-1.cdninstagram.com\/v\/t39.30808-6\/793212713_1725882549543476_2936995667871470157_n.jpg?stp=dst-jpg_e35_tt6&#038;_nc_cat=100&#038;ccb=7-5&#038;_nc_sid=18de74&#038;efg=eyJlZmdfdGFnIjoiRkVFRC5iZXN0X2ltYWdlX3VybGdlbi5DMyJ9&#038;_nc_ohc=h0k1i0xrcb8Q7kNvwHdmlIV&#038;_nc_oc=Adrv1QdFVNQ-qoD-bJDwAB9kQr5SfywJAGWHpwNZ_HZFOnr7GWJTXXZNRI56ewi2mPI&#038;_nc_zt=23&#038;_nc_ht=scontent-bru2-1.cdninstagram.com&#038;edm=ANo9K5cEAAAA&#038;_nc_gid=f8HCxtrkqFlcMWY05w_7uQ&#038;_nc_tpa=Q5bMBQJ5OmvgKBDFJztFVjG1LSSEZj8CLL1sgbZCKClPvWTQgJNmFPNIM5yqnVpUKc78yUtFhNClDHoafA&#038;oh=00_AQLx82zNyW1S4qHTZqHHfpss11mcnpilAAa0BIDfWW3eZg&#038;oe=6A9FC605\"\n\t\t   data-img-src-set=\"{&quot;d&quot;:&quot;https:\\\/\\\/scontent-bru2-1.cdninstagram.com\\\/v\\\/t39.30808-6\\\/793212713_1725882549543476_2936995667871470157_n.jpg?stp=dst-jpg_e35_tt6&amp;_nc_cat=100&amp;ccb=7-5&amp;_nc_sid=18de74&amp;efg=eyJlZmdfdGFnIjoiRkVFRC5iZXN0X2ltYWdlX3VybGdlbi5DMyJ9&amp;_nc_ohc=h0k1i0xrcb8Q7kNvwHdmlIV&amp;_nc_oc=Adrv1QdFVNQ-qoD-bJDwAB9kQr5SfywJAGWHpwNZ_HZFOnr7GWJTXXZNRI56ewi2mPI&amp;_nc_zt=23&amp;_nc_ht=scontent-bru2-1.cdninstagram.com&amp;edm=ANo9K5cEAAAA&amp;_nc_gid=f8HCxtrkqFlcMWY05w_7uQ&amp;_nc_tpa=Q5bMBQJ5OmvgKBDFJztFVjG1LSSEZj8CLL1sgbZCKClPvWTQgJNmFPNIM5yqnVpUKc78yUtFhNClDHoafA&amp;oh=00_AQLx82zNyW1S4qHTZqHHfpss11mcnpilAAa0BIDfWW3eZg&amp;oe=6A9FC605&quot;,&quot;150&quot;:&quot;https:\\\/\\\/scontent-bru2-1.cdninstagram.com\\\/v\\\/t39.30808-6\\\/793212713_1725882549543476_2936995667871470157_n.jpg?stp=dst-jpg_e35_tt6&amp;_nc_cat=100&amp;ccb=7-5&amp;_nc_sid=18de74&amp;efg=eyJlZmdfdGFnIjoiRkVFRC5iZXN0X2ltYWdlX3VybGdlbi5DMyJ9&amp;_nc_ohc=h0k1i0xrcb8Q7kNvwHdmlIV&amp;_nc_oc=Adrv1QdFVNQ-qoD-bJDwAB9kQr5SfywJAGWHpwNZ_HZFOnr7GWJTXXZNRI56ewi2mPI&amp;_nc_zt=23&amp;_nc_ht=scontent-bru2-1.cdninstagram.com&amp;edm=ANo9K5cEAAAA&amp;_nc_gid=f8HCxtrkqFlcMWY05w_7uQ&amp;_nc_tpa=Q5bMBQJ5OmvgKBDFJztFVjG1LSSEZj8CLL1sgbZCKClPvWTQgJNmFPNIM5yqnVpUKc78yUtFhNClDHoafA&amp;oh=00_AQLx82zNyW1S4qHTZqHHfpss11mcnpilAAa0BIDfWW3eZg&amp;oe=6A9FC605&quot;,&quot;320&quot;:&quot;https:\\\/\\\/scontent-bru2-1.cdninstagram.com\\\/v\\\/t39.30808-6\\\/793212713_1725882549543476_2936995667871470157_n.jpg?stp=dst-jpg_e35_tt6&amp;_nc_cat=100&amp;ccb=7-5&amp;_nc_sid=18de74&amp;efg=eyJlZmdfdGFnIjoiRkVFRC5iZXN0X2ltYWdlX3VybGdlbi5DMyJ9&amp;_nc_ohc=h0k1i0xrcb8Q7kNvwHdmlIV&amp;_nc_oc=Adrv1QdFVNQ-qoD-bJDwAB9kQr5SfywJAGWHpwNZ_HZFOnr7GWJTXXZNRI56ewi2mPI&amp;_nc_zt=23&amp;_nc_ht=scontent-bru2-1.cdninstagram.com&amp;edm=ANo9K5cEAAAA&amp;_nc_gid=f8HCxtrkqFlcMWY05w_7uQ&amp;_nc_tpa=Q5bMBQJ5OmvgKBDFJztFVjG1LSSEZj8CLL1sgbZCKClPvWTQgJNmFPNIM5yqnVpUKc78yUtFhNClDHoafA&amp;oh=00_AQLx82zNyW1S4qHTZqHHfpss11mcnpilAAa0BIDfWW3eZg&amp;oe=6A9FC605&quot;,&quot;640&quot;:&quot;https:\\\/\\\/scontent-bru2-1.cdninstagram.com\\\/v\\\/t39.30808-6\\\/793212713_1725882549543476_2936995667871470157_n.jpg?stp=dst-jpg_e35_tt6&amp;_nc_cat=100&amp;ccb=7-5&amp;_nc_sid=18de74&amp;efg=eyJlZmdfdGFnIjoiRkVFRC5iZXN0X2ltYWdlX3VybGdlbi5DMyJ9&amp;_nc_ohc=h0k1i0xrcb8Q7kNvwHdmlIV&amp;_nc_oc=Adrv1QdFVNQ-qoD-bJDwAB9kQr5SfywJAGWHpwNZ_HZFOnr7GWJTXXZNRI56ewi2mPI&amp;_nc_zt=23&amp;_nc_ht=scontent-bru2-1.cdninstagram.com&amp;edm=ANo9K5cEAAAA&amp;_nc_gid=f8HCxtrkqFlcMWY05w_7uQ&amp;_nc_tpa=Q5bMBQJ5OmvgKBDFJztFVjG1LSSEZj8CLL1sgbZCKClPvWTQgJNmFPNIM5yqnVpUKc78yUtFhNClDHoafA&amp;oh=00_AQLx82zNyW1S4qHTZqHHfpss11mcnpilAAa0BIDfWW3eZg&amp;oe=6A9FC605&quot;}\" tabindex=\"-1\">\n\t\t\t<img decoding=\"async\" src=\"https:\/\/tourisme-terrestouloises.com\/wp-content\/plugins\/instagram-feed-pro\/img\/placeholder.png\" alt=\"Et si vous faisiez un d\u00e9tour par le Port de France ? \u2693\n\nAu pied des remparts Vauban, le Port de France est un petit port de plaisance install\u00e9 le long du canal de la Marne au Rhin.\n\nC\u2019est aussi un point de d\u00e9part agr\u00e9able pour une promenade : longez le canal et poursuivez votre balade autour des fortifications !\n\nUne petite balade \u00e0 pr\u00e9voir lors de votre prochaine sortie \u00e0 Toul !\n\nPhoto \u00a9Ville de Toul\n\n#Toul #TerresTouloises #Balade #Promenade #CanalDeLaMarneAuRhin #FortificationsVauban #TourismeLorraine #Fluvial #Port\">\n\t\t<\/a>\n\t<\/div>\n\n\n\t\t\n\t\t<div class=\"sbi_info_wrapper\">\n\t\t\t<div class=\"sbi_info \">\n\n\t\t\t\t\t\t\t\t\t<p class=\"sbi_caption_wrap\" >\n\t\t\t\t\t\t<span\n\t\t\t\t\t\t\tclass=\"sbi_caption\"  style=\"font-size: 12px;color: rgb(67,73,96);\" aria-hidden=\"true\">Et si vous faisiez un d\u00e9tour par le Port de France ? \u2693<br><br>Au pied des remparts Vauban, le Port de France est un petit port de plaisance install\u00e9 le long du canal de la Marne au Rhin.<br><br>C\u2019est aussi un point de d\u00e9part agr\u00e9able pour une promenade : longez le canal et poursuivez votre balade autour des fortifications !<br><br>Une petite balade \u00e0 pr\u00e9voir lors de votre prochaine sortie \u00e0 Toul !<br><br>Photo \u00a9Ville de Toul<br><br>#Toul #TerresTouloises #Balade #Promenade #CanalDeLaMarneAuRhin #FortificationsVauban #TourismeLorraine #Fluvial #Port<\/span>\n\t\t\t\t\t\t<span class=\"sbi_expand\">\n\t\t\t\t\t\t\t<button type=\"button\" class=\"sbi_more_btn\" aria-label=\"Show full caption\" aria-expanded=\"false\" style=\"background:none;border:0;padding:0;font:inherit;color:inherit;cursor:pointer;\"><span class=\"sbi_more\" aria-hidden=\"true\">...<\/span><\/button>\n\t\t\t\t\t\t<\/span>\n\t\t\t\t\t<\/p>\n\t\t\t\t\n\t\t\t\t<div class=\"sbi_meta_wrap\">\n\t\t\t\t\t\t\t\t\t\t\t<div\n\t\t\t\t\t\t\tclass=\"sbi_meta\" >\n\t\t\t\t\t\t\t\t<span\n\t\tclass=\"sbi_likes\"  style=\"font-size: 13px;\" \t\taria-label=\"45 likes\">\n\t\t<span>\n\t\t\t<svg  style=\"font-size: 13px;\" class=\"svg-inline--fa fa-heart fa-w-18\" aria-hidden=\"true\" data-fa-processed=\"\" data-prefix=\"fa\" data-icon=\"heart\" role=\"presentation\" xmlns=\"http:\/\/www.w3.org\/2000\/svg\" viewBox=\"0 0 576 512\"><path fill=\"currentColor\" d=\"M414.9 24C361.8 24 312 65.7 288 89.3 264 65.7 214.2 24 161.1 24 70.3 24 16 76.9 16 165.5c0 72.6 66.8 133.3 69.2 135.4l187 180.8c8.8 8.5 22.8 8.5 31.6 0l186.7-180.2c2.7-2.7 69.5-63.5 69.5-136C560 76.9 505.7 24 414.9 24z\"><\/path><\/svg>\t\t<\/span>\n\t\t45\t<\/span>\n\t<span\n\t\tclass=\"sbi_comments\"  style=\"font-size: 13px;\" \t\taria-label=\"0 comments\">\n\t\t<span>\n\t\t\t<svg  style=\"font-size: 13px;\" class=\"svg-inline--fa fa-comment fa-w-18\" aria-hidden=\"true\" data-fa-processed=\"\" data-prefix=\"fa\" data-icon=\"comment\" role=\"presentation\" xmlns=\"http:\/\/www.w3.org\/2000\/svg\" viewBox=\"0 0 576 512\"><path fill=\"currentColor\" d=\"M576 240c0 115-129 208-288 208-48.3 0-93.9-8.6-133.9-23.8-40.3 31.2-89.8 50.3-142.4 55.7-5.2.6-10.2-2.8-11.5-7.7-1.3-5 2.7-8.1 6.6-11.8 19.3-18.4 42.7-32.8 51.9-94.6C21.9 330.9 0 287.3 0 240 0 125.1 129 32 288 32s288 93.1 288 208z\"><\/path><\/svg>\t\t<\/span>\n\t\t0\t<\/span>\n\n\t\t\t\t\t\t\t\t\t\t\t\t\t<\/div>\n\t\t\t\t\t\n\t\t\t\t\t\t\t\t\t<\/div>\n\t\t\t<\/div>\n\t\t<\/div>\n\t<\/div>\n\n\t<div class=\"sbi-divider\"><\/div>\n<\/div>\n<div class=\"sbi_item sbi_type_carousel sbi_new sbi_transition\" role=\"listitem\"\t id=\"sbi_18075796223362413\" data-date=\"1787126421\"\n\t data-numcomments=\"0\" data-template=\"ft_default\">\n\t<div class=\"sbi_inner_wrap\" >\n\n\t\t\n\t\t\t<div class=\"sbi_photo_wrap\" >\n\t\t\t\t<svg class=\"svg-inline--fa fa-clone fa-w-16 sbi_lightbox_carousel_icon\" aria-hidden=\"true\" aria-label=\"Clone\" data-fa-pro\u0192cessed=\"\" data-prefix=\"far\" data-icon=\"clone\" role=\"img\" xmlns=\"http:\/\/www.w3.org\/2000\/svg\" viewBox=\"0 0 512 512\">\n                    <path fill=\"currentColor\" d=\"M464 0H144c-26.51 0-48 21.49-48 48v48H48c-26.51 0-48 21.49-48 48v320c0 26.51 21.49 48 48 48h320c26.51 0 48-21.49 48-48v-48h48c26.51 0 48-21.49 48-48V48c0-26.51-21.49-48-48-48zM362 464H54a6 6 0 0 1-6-6V150a6 6 0 0 1 6-6h42v224c0 26.51 21.49 48 48 48h224v42a6 6 0 0 1-6 6zm96-96H150a6 6 0 0 1-6-6V54a6 6 0 0 1 6-6h308a6 6 0 0 1 6 6v308a6 6 0 0 1-6 6z\"><\/path>\n                <\/svg>\t\t\n\t\t<div  style=\"background: rgba(0,0,0,0.85)\"  class=\"sbi_link \" >\n\t\t\t<div class=\"sbi_hover_top\">\n\n\t\t\t\t\t<p class=\"sbi_hover_caption_wrap\"\n\t\t>\n\t\t<span\n\t\t\tclass=\"sbi_caption\">Au c\u0153ur du Toulois, Dommartin-l\u00e8s-Toul d\u00e9voile un patrimoine riche, marqu\u00e9 par son histoire et son identit\u00e9 lorraine.<br><br>Entre son \u00e9glise Saint-Martin, son ch\u00e2teau devenu aujourd\u2019hui l\u2019h\u00f4tel de ville et les nombreux t\u00e9moignages de son pass\u00e9, la commune invite \u00e0 porter un autre regard sur les d\u00e9tails qui fa\u00e7onnent son paysage. \ud83c\udf3f<br><br>Ici, le patrimoine raconte plusieurs si\u00e8cles d\u2019histoire, entre h\u00e9ritage religieux, pr\u00e9sence militaire et vie du village. Un cadre o\u00f9 les traces du pass\u00e9 se m\u00ealent naturellement \u00e0 la douceur de vivre du Toulois.<br><br>Dommartin-l\u00e8s-Toul, une commune o\u00f9 l\u2019histoire se d\u00e9couvre au fil des rues et o\u00f9 chaque patrimoine raconte un peu de l\u2019\u00e2me du village ! <br><br>\u00a9MDT;SB<br><br>#DommartinLesToul #Toulois #MeurtheEtMoselle #Lorraine #PatrimoineLorrain #Patrimoine #Tourisme #D\u00e9couvrirLaLorraine #VillageLorrain #Toul<\/span>\n\t<\/p>\n\n\t\t\t<\/div>\n\n\t\t\t\n\t\t\t<div class=\"sbi_hover_bottom \" >\n\n\t\t\t\t\n\t\t\t\t\t\t\t\t\t<div\n\t\t\t\t\t\tclass=\"sbi_meta\" >\n\n\t\t\t\t\t\t\t<span\n\t\tclass=\"sbi_likes\" style=\"font-size: 13px;\" >\n\t\t<svg  style=\"font-size: 13px;\" class=\"svg-inline--fa fa-heart fa-w-18\" aria-hidden=\"true\" data-fa-processed=\"\" data-prefix=\"fa\" data-icon=\"heart\" role=\"presentation\" xmlns=\"http:\/\/www.w3.org\/2000\/svg\" viewBox=\"0 0 576 512\"><path fill=\"currentColor\" d=\"M414.9 24C361.8 24 312 65.7 288 89.3 264 65.7 214.2 24 161.1 24 70.3 24 16 76.9 16 165.5c0 72.6 66.8 133.3 69.2 135.4l187 180.8c8.8 8.5 22.8 8.5 31.6 0l186.7-180.2c2.7-2.7 69.5-63.5 69.5-136C560 76.9 505.7 24 414.9 24z\"><\/path><\/svg>\t\t22\t<\/span>\n\t<span\n\t\tclass=\"sbi_comments\" style=\"font-size: 13px;\" >\n\t\t<svg  style=\"font-size: 13px;\" class=\"svg-inline--fa fa-comment fa-w-18\" aria-hidden=\"true\" data-fa-processed=\"\" data-prefix=\"fa\" data-icon=\"comment\" role=\"presentation\" xmlns=\"http:\/\/www.w3.org\/2000\/svg\" viewBox=\"0 0 576 512\"><path fill=\"currentColor\" d=\"M576 240c0 115-129 208-288 208-48.3 0-93.9-8.6-133.9-23.8-40.3 31.2-89.8 50.3-142.4 55.7-5.2.6-10.2-2.8-11.5-7.7-1.3-5 2.7-8.1 6.6-11.8 19.3-18.4 42.7-32.8 51.9-94.6C21.9 330.9 0 287.3 0 240 0 125.1 129 32 288 32s288 93.1 288 208z\"><\/path><\/svg>\t\t0\t<\/span>\n\t\t\t\t\t<\/div>\n\t\t\t\t\n\t\t\t<\/div>\n\n\t\t\t<a class=\"sbi_link_area nofancybox\" rel=\"nofollow noopener\" href=\"https:\/\/scontent-bru2-1.cdninstagram.com\/v\/t39.30808-6\/778426730_1710901787708219_715033887239226683_n.jpg?stp=dst-jpg_e35_tt6&#038;_nc_cat=107&#038;ccb=7-5&#038;_nc_sid=18de74&#038;efg=eyJlZmdfdGFnIjoiQ0FST1VTRUxfSVRFTS5iZXN0X2ltYWdlX3VybGdlbi5DMyJ9&#038;_nc_ohc=i9hecIF_OVIQ7kNvwHDCzvO&#038;_nc_oc=AdookqtOFnbjiyR7SR1zAmXzGGdrDyikU2lc5t3QoAfuX7oAUHTfINZv9e53UDuedFw&#038;_nc_zt=23&#038;_nc_ht=scontent-bru2-1.cdninstagram.com&#038;edm=ANo9K5cEAAAA&#038;_nc_gid=f8HCxtrkqFlcMWY05w_7uQ&#038;_nc_tpa=Q5bMBQJTMNItUFRUHquZKaR80YO2uIa_Vgc0KT96eyuNs7d8TwFvKgMmyitldRZSh4q_3-qXxsxN8xQDdw&#038;oh=00_AQLEvbSirr6QjpL7GgzBWe-jF-RsXLibUh9WQeNbzvxXyQ&#038;oe=6A9FE91A\"\n\t\t\t   data-lightbox-sbi=\"\"\n\t\t\t   data-title=\"Au c\u0153ur du Toulois, Dommartin-l\u00e8s-Toul d\u00e9voile un patrimoine riche, marqu\u00e9 par son histoire et son identit\u00e9 lorraine.&lt;br&gt;\n&lt;br&gt;\nEntre son \u00e9glise Saint-Martin, son ch\u00e2teau devenu aujourd\u2019hui l\u2019h\u00f4tel de ville et les nombreux t\u00e9moignages de son pass\u00e9, la commune invite \u00e0 porter un autre regard sur les d\u00e9tails qui fa\u00e7onnent son paysage. \ud83c\udf3f&lt;br&gt;\n&lt;br&gt;\nIci, le patrimoine raconte plusieurs si\u00e8cles d\u2019histoire, entre h\u00e9ritage religieux, pr\u00e9sence militaire et vie du village. Un cadre o\u00f9 les traces du pass\u00e9 se m\u00ealent naturellement \u00e0 la douceur de vivre du Toulois.&lt;br&gt;\n&lt;br&gt;\nDommartin-l\u00e8s-Toul, une commune o\u00f9 l\u2019histoire se d\u00e9couvre au fil des rues et o\u00f9 chaque patrimoine raconte un peu de l\u2019\u00e2me du village ! &lt;br&gt;\n&lt;br&gt;\n\u00a9MDT;SB&lt;br&gt;\n&lt;br&gt;\n#DommartinLesToul #Toulois #MeurtheEtMoselle #Lorraine #PatrimoineLorrain #Patrimoine #Tourisme #D\u00e9couvrirLaLorraine #VillageLorrain #Toul\"\n\t\t\t   data-video=\"\"\n\t\t\t   data-carousel=\"{&quot;data&quot;:[{&quot;type&quot;:&quot;image&quot;,&quot;media&quot;:&quot;https:\\\/\\\/scontent-bru2-1.cdninstagram.com\\\/v\\\/t39.30808-6\\\/778426730_1710901787708219_715033887239226683_n.jpg?stp=dst-jpg_e35_tt6&amp;_nc_cat=107&amp;ccb=7-5&amp;_nc_sid=18de74&amp;efg=eyJlZmdfdGFnIjoiQ0FST1VTRUxfSVRFTS5iZXN0X2ltYWdlX3VybGdlbi5DMyJ9&amp;_nc_ohc=i9hecIF_OVIQ7kNvwHDCzvO&amp;_nc_oc=AdookqtOFnbjiyR7SR1zAmXzGGdrDyikU2lc5t3QoAfuX7oAUHTfINZv9e53UDuedFw&amp;_nc_zt=23&amp;_nc_ht=scontent-bru2-1.cdninstagram.com&amp;edm=ANo9K5cEAAAA&amp;_nc_gid=f8HCxtrkqFlcMWY05w_7uQ&amp;_nc_tpa=Q5bMBQKNB6G5P0c8s1E9wo6sn9I4vd8mlVHdN5QJTvheJ4CaZi4Fl-UBuXrMlnfeREZEA4OeNx0eEEAZ2A&amp;oh=00_AQLhM3p-exA1ZbOlOqvDUjFiUP84hNIsoY83UJetqjmDKA&amp;oe=6A9FE91A&quot;},{&quot;type&quot;:&quot;image&quot;,&quot;media&quot;:&quot;https:\\\/\\\/scontent-bru2-1.cdninstagram.com\\\/v\\\/t39.30808-6\\\/776200525_1710901784374886_3851215847904810926_n.jpg?stp=dst-jpg_e35_tt6&amp;_nc_cat=105&amp;ccb=7-5&amp;_nc_sid=18de74&amp;efg=eyJlZmdfdGFnIjoiQ0FST1VTRUxfSVRFTS5iZXN0X2ltYWdlX3VybGdlbi5DMyJ9&amp;_nc_ohc=2sIx5tGFyhwQ7kNvwGhGQbI&amp;_nc_oc=AdohdnUgYjQGTlsVmulQi6SZJQXTP3t6PQe7yaTMFSmVFVu5NCTdQhusSSH8eOedGS8&amp;_nc_zt=23&amp;_nc_ht=scontent-bru2-1.cdninstagram.com&amp;edm=ANo9K5cEAAAA&amp;_nc_gid=f8HCxtrkqFlcMWY05w_7uQ&amp;_nc_tpa=Q5bMBQKZm9D2fLk_q810njE-iQ9FuE9zZKT4xstgWmMvqDEVbVIOJKVh70ccGml9_Kfl9mfqXZEri1IZiw&amp;oh=00_AQIQxDS_gEAyLy7UkIUORnA4XuaSnm_vg9nz34n-f-fYpQ&amp;oe=6A9FD85E&quot;}],&quot;vid_first&quot;:false}\"\n\t\t\t   data-id=\"sbi_18075796223362413\" data-user=\"terrestouloises\"\n\t\t\t   data-url=\"https:\/\/www.instagram.com\/p\/DcNtX-el6wu\/\" data-avatar=\"https:\/\/scontent-bru2-1.cdninstagram.com\/v\/t51.2885-19\/434581911_1095161461792456_1779633722141861464_n.jpg?stp=dst-jpg_s206x206_tt6&amp;_nc_cat=105&amp;ccb=7-5&amp;_nc_sid=bf7eb4&amp;efg=eyJ2ZW5jb2RlX3RhZyI6InByb2ZpbGVfcGljLnd3dy4zMTEuQzMifQ%3D%3D&amp;_nc_ohc=mRXezM4oizsQ7kNvwGjuoTF&amp;_nc_oc=Adq7sBi_Ua2A4b9UhkwBe2oKdvqYKVXLX4z6zU_ZE6w-XEalFp-LaUUck3lOipAccj8&amp;_nc_zt=24&amp;_nc_ht=scontent-bru2-1.cdninstagram.com&amp;edm=AP4hL3IEAAAA&amp;_nc_tpa=Q5bMBQKU-KSuQLWOMQPF6u7R_M2tn2N2TxfVOmaJ8l-AXUUVM_qQ_5YfnxF_1l8Al13ukLBJ3HtBdxZFHA&amp;oh=00_AQJZrjroXYoQRRgWHOAzyE-_mvo9LSSgSqp30DLfLywpTw&amp;oe=6A9FCFDB\"\n\t\t\t   data-account-type=\"business\"\n\t\t\t   data-iframe=''\n\t\t\t   data-media-type=\"feed\"\n\t\t\t   data-posted-on=\"\"\n\t\t\t   data-custom-avatar=\"\">\n\t\t\t\t<span class=\"sbi-screenreader\">\n\t\t\t\t\tOpen post by terrestouloises with ID 18075796223362413\t\t\t\t<\/span>\n\t\t\t\t\t\t\t<\/a>\n\t\t<\/div>\n\n\t\t<a class=\"sbi_photo\" target=\"_blank\" rel=\"nofollow noopener\" href=\"https:\/\/www.instagram.com\/p\/DcNtX-el6wu\/\"\n\t\t   data-full-res=\"https:\/\/scontent-bru2-1.cdninstagram.com\/v\/t39.30808-6\/778426730_1710901787708219_715033887239226683_n.jpg?stp=dst-jpg_e35_tt6&#038;_nc_cat=107&#038;ccb=7-5&#038;_nc_sid=18de74&#038;efg=eyJlZmdfdGFnIjoiQ0FST1VTRUxfSVRFTS5iZXN0X2ltYWdlX3VybGdlbi5DMyJ9&#038;_nc_ohc=i9hecIF_OVIQ7kNvwHDCzvO&#038;_nc_oc=AdookqtOFnbjiyR7SR1zAmXzGGdrDyikU2lc5t3QoAfuX7oAUHTfINZv9e53UDuedFw&#038;_nc_zt=23&#038;_nc_ht=scontent-bru2-1.cdninstagram.com&#038;edm=ANo9K5cEAAAA&#038;_nc_gid=f8HCxtrkqFlcMWY05w_7uQ&#038;_nc_tpa=Q5bMBQJTMNItUFRUHquZKaR80YO2uIa_Vgc0KT96eyuNs7d8TwFvKgMmyitldRZSh4q_3-qXxsxN8xQDdw&#038;oh=00_AQLEvbSirr6QjpL7GgzBWe-jF-RsXLibUh9WQeNbzvxXyQ&#038;oe=6A9FE91A\"\n\t\t   data-img-src-set=\"{&quot;d&quot;:&quot;https:\\\/\\\/scontent-bru2-1.cdninstagram.com\\\/v\\\/t39.30808-6\\\/778426730_1710901787708219_715033887239226683_n.jpg?stp=dst-jpg_e35_tt6&amp;_nc_cat=107&amp;ccb=7-5&amp;_nc_sid=18de74&amp;efg=eyJlZmdfdGFnIjoiQ0FST1VTRUxfSVRFTS5iZXN0X2ltYWdlX3VybGdlbi5DMyJ9&amp;_nc_ohc=i9hecIF_OVIQ7kNvwHDCzvO&amp;_nc_oc=AdookqtOFnbjiyR7SR1zAmXzGGdrDyikU2lc5t3QoAfuX7oAUHTfINZv9e53UDuedFw&amp;_nc_zt=23&amp;_nc_ht=scontent-bru2-1.cdninstagram.com&amp;edm=ANo9K5cEAAAA&amp;_nc_gid=f8HCxtrkqFlcMWY05w_7uQ&amp;_nc_tpa=Q5bMBQJTMNItUFRUHquZKaR80YO2uIa_Vgc0KT96eyuNs7d8TwFvKgMmyitldRZSh4q_3-qXxsxN8xQDdw&amp;oh=00_AQLEvbSirr6QjpL7GgzBWe-jF-RsXLibUh9WQeNbzvxXyQ&amp;oe=6A9FE91A&quot;,&quot;150&quot;:&quot;https:\\\/\\\/scontent-bru2-1.cdninstagram.com\\\/v\\\/t39.30808-6\\\/778426730_1710901787708219_715033887239226683_n.jpg?stp=dst-jpg_e35_tt6&amp;_nc_cat=107&amp;ccb=7-5&amp;_nc_sid=18de74&amp;efg=eyJlZmdfdGFnIjoiQ0FST1VTRUxfSVRFTS5iZXN0X2ltYWdlX3VybGdlbi5DMyJ9&amp;_nc_ohc=i9hecIF_OVIQ7kNvwHDCzvO&amp;_nc_oc=AdookqtOFnbjiyR7SR1zAmXzGGdrDyikU2lc5t3QoAfuX7oAUHTfINZv9e53UDuedFw&amp;_nc_zt=23&amp;_nc_ht=scontent-bru2-1.cdninstagram.com&amp;edm=ANo9K5cEAAAA&amp;_nc_gid=f8HCxtrkqFlcMWY05w_7uQ&amp;_nc_tpa=Q5bMBQJTMNItUFRUHquZKaR80YO2uIa_Vgc0KT96eyuNs7d8TwFvKgMmyitldRZSh4q_3-qXxsxN8xQDdw&amp;oh=00_AQLEvbSirr6QjpL7GgzBWe-jF-RsXLibUh9WQeNbzvxXyQ&amp;oe=6A9FE91A&quot;,&quot;320&quot;:&quot;https:\\\/\\\/scontent-bru2-1.cdninstagram.com\\\/v\\\/t39.30808-6\\\/778426730_1710901787708219_715033887239226683_n.jpg?stp=dst-jpg_e35_tt6&amp;_nc_cat=107&amp;ccb=7-5&amp;_nc_sid=18de74&amp;efg=eyJlZmdfdGFnIjoiQ0FST1VTRUxfSVRFTS5iZXN0X2ltYWdlX3VybGdlbi5DMyJ9&amp;_nc_ohc=i9hecIF_OVIQ7kNvwHDCzvO&amp;_nc_oc=AdookqtOFnbjiyR7SR1zAmXzGGdrDyikU2lc5t3QoAfuX7oAUHTfINZv9e53UDuedFw&amp;_nc_zt=23&amp;_nc_ht=scontent-bru2-1.cdninstagram.com&amp;edm=ANo9K5cEAAAA&amp;_nc_gid=f8HCxtrkqFlcMWY05w_7uQ&amp;_nc_tpa=Q5bMBQJTMNItUFRUHquZKaR80YO2uIa_Vgc0KT96eyuNs7d8TwFvKgMmyitldRZSh4q_3-qXxsxN8xQDdw&amp;oh=00_AQLEvbSirr6QjpL7GgzBWe-jF-RsXLibUh9WQeNbzvxXyQ&amp;oe=6A9FE91A&quot;,&quot;640&quot;:&quot;https:\\\/\\\/scontent-bru2-1.cdninstagram.com\\\/v\\\/t39.30808-6\\\/778426730_1710901787708219_715033887239226683_n.jpg?stp=dst-jpg_e35_tt6&amp;_nc_cat=107&amp;ccb=7-5&amp;_nc_sid=18de74&amp;efg=eyJlZmdfdGFnIjoiQ0FST1VTRUxfSVRFTS5iZXN0X2ltYWdlX3VybGdlbi5DMyJ9&amp;_nc_ohc=i9hecIF_OVIQ7kNvwHDCzvO&amp;_nc_oc=AdookqtOFnbjiyR7SR1zAmXzGGdrDyikU2lc5t3QoAfuX7oAUHTfINZv9e53UDuedFw&amp;_nc_zt=23&amp;_nc_ht=scontent-bru2-1.cdninstagram.com&amp;edm=ANo9K5cEAAAA&amp;_nc_gid=f8HCxtrkqFlcMWY05w_7uQ&amp;_nc_tpa=Q5bMBQJTMNItUFRUHquZKaR80YO2uIa_Vgc0KT96eyuNs7d8TwFvKgMmyitldRZSh4q_3-qXxsxN8xQDdw&amp;oh=00_AQLEvbSirr6QjpL7GgzBWe-jF-RsXLibUh9WQeNbzvxXyQ&amp;oe=6A9FE91A&quot;}\" tabindex=\"-1\">\n\t\t\t<img decoding=\"async\" src=\"https:\/\/tourisme-terrestouloises.com\/wp-content\/plugins\/instagram-feed-pro\/img\/placeholder.png\" alt=\"Au c\u0153ur du Toulois, Dommartin-l\u00e8s-Toul d\u00e9voile un patrimoine riche, marqu\u00e9 par son histoire et son identit\u00e9 lorraine.\n\nEntre son \u00e9glise Saint-Martin, son ch\u00e2teau devenu aujourd\u2019hui l\u2019h\u00f4tel de ville et les nombreux t\u00e9moignages de son pass\u00e9, la commune invite \u00e0 porter un autre regard sur les d\u00e9tails qui fa\u00e7onnent son paysage. \ud83c\udf3f\n\nIci, le patrimoine raconte plusieurs si\u00e8cles d\u2019histoire, entre h\u00e9ritage religieux, pr\u00e9sence militaire et vie du village. Un cadre o\u00f9 les traces du pass\u00e9 se m\u00ealent naturellement \u00e0 la douceur de vivre du Toulois.\n\nDommartin-l\u00e8s-Toul, une commune o\u00f9 l\u2019histoire se d\u00e9couvre au fil des rues et o\u00f9 chaque patrimoine raconte un peu de l\u2019\u00e2me du village ! \n\n\u00a9MDT;SB\n\n#DommartinLesToul #Toulois #MeurtheEtMoselle #Lorraine #PatrimoineLorrain #Patrimoine #Tourisme #D\u00e9couvrirLaLorraine #VillageLorrain #Toul\">\n\t\t<\/a>\n\t<\/div>\n\n\n\t\t\n\t\t<div class=\"sbi_info_wrapper\">\n\t\t\t<div class=\"sbi_info \">\n\n\t\t\t\t\t\t\t\t\t<p class=\"sbi_caption_wrap\" >\n\t\t\t\t\t\t<span\n\t\t\t\t\t\t\tclass=\"sbi_caption\"  style=\"font-size: 12px;color: rgb(67,73,96);\" aria-hidden=\"true\">Au c\u0153ur du Toulois, Dommartin-l\u00e8s-Toul d\u00e9voile un patrimoine riche, marqu\u00e9 par son histoire et son identit\u00e9 lorraine.<br><br>Entre son \u00e9glise Saint-Martin, son ch\u00e2teau devenu aujourd\u2019hui l\u2019h\u00f4tel de ville et les nombreux t\u00e9moignages de son pass\u00e9, la commune invite \u00e0 porter un autre regard sur les d\u00e9tails qui fa\u00e7onnent son paysage. \ud83c\udf3f<br><br>Ici, le patrimoine raconte plusieurs si\u00e8cles d\u2019histoire, entre h\u00e9ritage religieux, pr\u00e9sence militaire et vie du village. Un cadre o\u00f9 les traces du pass\u00e9 se m\u00ealent naturellement \u00e0 la douceur de vivre du Toulois.<br><br>Dommartin-l\u00e8s-Toul, une commune o\u00f9 l\u2019histoire se d\u00e9couvre au fil des rues et o\u00f9 chaque patrimoine raconte un peu de l\u2019\u00e2me du village ! <br><br>\u00a9MDT;SB<br><br>#DommartinLesToul #Toulois #MeurtheEtMoselle #Lorraine #PatrimoineLorrain #Patrimoine #Tourisme #D\u00e9couvrirLaLorraine #VillageLorrain #Toul<\/span>\n\t\t\t\t\t\t<span class=\"sbi_expand\">\n\t\t\t\t\t\t\t<button type=\"button\" class=\"sbi_more_btn\" aria-label=\"Show full caption\" aria-expanded=\"false\" style=\"background:none;border:0;padding:0;font:inherit;color:inherit;cursor:pointer;\"><span class=\"sbi_more\" aria-hidden=\"true\">...<\/span><\/button>\n\t\t\t\t\t\t<\/span>\n\t\t\t\t\t<\/p>\n\t\t\t\t\n\t\t\t\t<div class=\"sbi_meta_wrap\">\n\t\t\t\t\t\t\t\t\t\t\t<div\n\t\t\t\t\t\t\tclass=\"sbi_meta\" >\n\t\t\t\t\t\t\t\t<span\n\t\tclass=\"sbi_likes\"  style=\"font-size: 13px;\" \t\taria-label=\"22 likes\">\n\t\t<span>\n\t\t\t<svg  style=\"font-size: 13px;\" class=\"svg-inline--fa fa-heart fa-w-18\" aria-hidden=\"true\" data-fa-processed=\"\" data-prefix=\"fa\" data-icon=\"heart\" role=\"presentation\" xmlns=\"http:\/\/www.w3.org\/2000\/svg\" viewBox=\"0 0 576 512\"><path fill=\"currentColor\" d=\"M414.9 24C361.8 24 312 65.7 288 89.3 264 65.7 214.2 24 161.1 24 70.3 24 16 76.9 16 165.5c0 72.6 66.8 133.3 69.2 135.4l187 180.8c8.8 8.5 22.8 8.5 31.6 0l186.7-180.2c2.7-2.7 69.5-63.5 69.5-136C560 76.9 505.7 24 414.9 24z\"><\/path><\/svg>\t\t<\/span>\n\t\t22\t<\/span>\n\t<span\n\t\tclass=\"sbi_comments\"  style=\"font-size: 13px;\" \t\taria-label=\"0 comments\">\n\t\t<span>\n\t\t\t<svg  style=\"font-size: 13px;\" class=\"svg-inline--fa fa-comment fa-w-18\" aria-hidden=\"true\" data-fa-processed=\"\" data-prefix=\"fa\" data-icon=\"comment\" role=\"presentation\" xmlns=\"http:\/\/www.w3.org\/2000\/svg\" viewBox=\"0 0 576 512\"><path fill=\"currentColor\" d=\"M576 240c0 115-129 208-288 208-48.3 0-93.9-8.6-133.9-23.8-40.3 31.2-89.8 50.3-142.4 55.7-5.2.6-10.2-2.8-11.5-7.7-1.3-5 2.7-8.1 6.6-11.8 19.3-18.4 42.7-32.8 51.9-94.6C21.9 330.9 0 287.3 0 240 0 125.1 129 32 288 32s288 93.1 288 208z\"><\/path><\/svg>\t\t<\/span>\n\t\t0\t<\/span>\n\n\t\t\t\t\t\t\t\t\t\t\t\t\t<\/div>\n\t\t\t\t\t\n\t\t\t\t\t\t\t\t\t<\/div>\n\t\t\t<\/div>\n\t\t<\/div>\n\t<\/div>\n\n\t<div class=\"sbi-divider\"><\/div>\n<\/div>\n<div class=\"sbi_item sbi_type_image sbi_new sbi_transition\" role=\"listitem\"\t id=\"sbi_17912687547445186\" data-date=\"1786867259\"\n\t data-numcomments=\"0\" data-template=\"ft_default\">\n\t<div class=\"sbi_inner_wrap\" >\n\n\t\t\n\t\t\t<div class=\"sbi_photo_wrap\" >\n\t\t\t\t\t\t\n\t\t<div  style=\"background: rgba(0,0,0,0.85)\"  class=\"sbi_link \" >\n\t\t\t<div class=\"sbi_hover_top\">\n\n\t\t\t\t\t<p class=\"sbi_hover_caption_wrap\"\n\t\t>\n\t\t<span\n\t\t\tclass=\"sbi_caption\">\u2728 La coll\u00e9giale Saint-Gengoult de Toul : un \u00e9crin de pierre et de lumi\u00e8re<br><br>\u00c0 Toul, la coll\u00e9giale Saint-Gengoult d\u00e9voile un patrimoine remarquable, o\u00f9 chaque pierre raconte une histoire. \u26ea<br><br>Cette vue du clo\u00eetre nous plonge au c\u0153ur de l\u2019architecture gothique flamboyante. Les \u00e9l\u00e9gantes arcades, les sculptures d\u00e9licates et les vo\u00fbtes de pierre composent un v\u00e9ritable jeu de lumi\u00e8re et d\u2019ombre, sublim\u00e9 ici par les rayons du soleil.<br><br>Construit \u00e0 partir de la fin du XVe si\u00e8cle, le clo\u00eetre est l\u2019un des joyaux de la coll\u00e9giale. Ses galeries offrent un moment hors du temps, entre architecture, histoire et s\u00e9r\u00e9nit\u00e9. \ud83c\udf3f<br><br>\u00a9MDT;SB<br><br>#Toul #SaintGengoult #Coll\u00e9gialeSaintGengoult #Patrimoine #PatrimoineLorrain #Lorraine #MeurtheEtMoselle #Architecture #ArchitectureGothique #GothiqueFlamboyant #Clo\u00eetre #Tourisme #DestinationLorraine #Histoire #FrancePatrimoine<\/span>\n\t<\/p>\n\n\t\t\t<\/div>\n\n\t\t\t\n\t\t\t<div class=\"sbi_hover_bottom \" >\n\n\t\t\t\t\n\t\t\t\t\t\t\t\t\t<div\n\t\t\t\t\t\tclass=\"sbi_meta\" >\n\n\t\t\t\t\t\t\t<span\n\t\tclass=\"sbi_likes\" style=\"font-size: 13px;\" >\n\t\t<svg  style=\"font-size: 13px;\" class=\"svg-inline--fa fa-heart fa-w-18\" aria-hidden=\"true\" data-fa-processed=\"\" data-prefix=\"fa\" data-icon=\"heart\" role=\"presentation\" xmlns=\"http:\/\/www.w3.org\/2000\/svg\" viewBox=\"0 0 576 512\"><path fill=\"currentColor\" d=\"M414.9 24C361.8 24 312 65.7 288 89.3 264 65.7 214.2 24 161.1 24 70.3 24 16 76.9 16 165.5c0 72.6 66.8 133.3 69.2 135.4l187 180.8c8.8 8.5 22.8 8.5 31.6 0l186.7-180.2c2.7-2.7 69.5-63.5 69.5-136C560 76.9 505.7 24 414.9 24z\"><\/path><\/svg>\t\t22\t<\/span>\n\t<span\n\t\tclass=\"sbi_comments\" style=\"font-size: 13px;\" >\n\t\t<svg  style=\"font-size: 13px;\" class=\"svg-inline--fa fa-comment fa-w-18\" aria-hidden=\"true\" data-fa-processed=\"\" data-prefix=\"fa\" data-icon=\"comment\" role=\"presentation\" xmlns=\"http:\/\/www.w3.org\/2000\/svg\" viewBox=\"0 0 576 512\"><path fill=\"currentColor\" d=\"M576 240c0 115-129 208-288 208-48.3 0-93.9-8.6-133.9-23.8-40.3 31.2-89.8 50.3-142.4 55.7-5.2.6-10.2-2.8-11.5-7.7-1.3-5 2.7-8.1 6.6-11.8 19.3-18.4 42.7-32.8 51.9-94.6C21.9 330.9 0 287.3 0 240 0 125.1 129 32 288 32s288 93.1 288 208z\"><\/path><\/svg>\t\t0\t<\/span>\n\t\t\t\t\t<\/div>\n\t\t\t\t\n\t\t\t<\/div>\n\n\t\t\t<a class=\"sbi_link_area nofancybox\" rel=\"nofollow noopener\" href=\"https:\/\/scontent-bru2-1.cdninstagram.com\/v\/t39.30808-6\/768421590_1706643998133998_6543579231813286362_n.jpg?stp=dst-jpg_e35_tt6&#038;_nc_cat=110&#038;ccb=7-5&#038;_nc_sid=18de74&#038;efg=eyJlZmdfdGFnIjoiRkVFRC5iZXN0X2ltYWdlX3VybGdlbi5DMyJ9&#038;_nc_ohc=46iS6ARL2B0Q7kNvwEfoTM9&#038;_nc_oc=Adr5bFYqwO1zKCpePhLcoeiY0uIhJPAAp5mS7q6wszcjqq_hD7RRd1Jgr56m5UiWbXM&#038;_nc_zt=23&#038;_nc_ht=scontent-bru2-1.cdninstagram.com&#038;edm=ANo9K5cEAAAA&#038;_nc_gid=f8HCxtrkqFlcMWY05w_7uQ&#038;_nc_tpa=Q5bMBQJf5MdiG43dCJRrxYQgSta_jdZGGY8NgxabaViAlsxfOf3nkknA7cNVrd5mldy_23-QSYbpX3IBYg&#038;oh=00_AQKI-0kd87BIaQ75P1O2SscRbHaypDtL6qEbJNsWg8sWMw&#038;oe=6A9FD161\"\n\t\t\t   data-lightbox-sbi=\"\"\n\t\t\t   data-title=\"\u2728 La coll\u00e9giale Saint-Gengoult de Toul : un \u00e9crin de pierre et de lumi\u00e8re&lt;br&gt;\n&lt;br&gt;\n\u00c0 Toul, la coll\u00e9giale Saint-Gengoult d\u00e9voile un patrimoine remarquable, o\u00f9 chaque pierre raconte une histoire. \u26ea&lt;br&gt;\n&lt;br&gt;\nCette vue du clo\u00eetre nous plonge au c\u0153ur de l\u2019architecture gothique flamboyante. Les \u00e9l\u00e9gantes arcades, les sculptures d\u00e9licates et les vo\u00fbtes de pierre composent un v\u00e9ritable jeu de lumi\u00e8re et d\u2019ombre, sublim\u00e9 ici par les rayons du soleil.&lt;br&gt;\n&lt;br&gt;\nConstruit \u00e0 partir de la fin du XVe si\u00e8cle, le clo\u00eetre est l\u2019un des joyaux de la coll\u00e9giale. Ses galeries offrent un moment hors du temps, entre architecture, histoire et s\u00e9r\u00e9nit\u00e9. \ud83c\udf3f&lt;br&gt;\n&lt;br&gt;\n\u00a9MDT;SB&lt;br&gt;\n&lt;br&gt;\n#Toul #SaintGengoult #Coll\u00e9gialeSaintGengoult #Patrimoine #PatrimoineLorrain #Lorraine #MeurtheEtMoselle #Architecture #ArchitectureGothique #GothiqueFlamboyant #Clo\u00eetre #Tourisme #DestinationLorraine #Histoire #FrancePatrimoine\"\n\t\t\t   data-video=\"\"\n\t\t\t   data-carousel=\"\"\n\t\t\t   data-id=\"sbi_17912687547445186\" data-user=\"terrestouloises\"\n\t\t\t   data-url=\"https:\/\/www.instagram.com\/p\/DcF_DsTghId\/\" data-avatar=\"https:\/\/scontent-bru2-1.cdninstagram.com\/v\/t51.2885-19\/434581911_1095161461792456_1779633722141861464_n.jpg?stp=dst-jpg_s206x206_tt6&amp;_nc_cat=105&amp;ccb=7-5&amp;_nc_sid=bf7eb4&amp;efg=eyJ2ZW5jb2RlX3RhZyI6InByb2ZpbGVfcGljLnd3dy4zMTEuQzMifQ%3D%3D&amp;_nc_ohc=mRXezM4oizsQ7kNvwGjuoTF&amp;_nc_oc=Adq7sBi_Ua2A4b9UhkwBe2oKdvqYKVXLX4z6zU_ZE6w-XEalFp-LaUUck3lOipAccj8&amp;_nc_zt=24&amp;_nc_ht=scontent-bru2-1.cdninstagram.com&amp;edm=AP4hL3IEAAAA&amp;_nc_tpa=Q5bMBQKU-KSuQLWOMQPF6u7R_M2tn2N2TxfVOmaJ8l-AXUUVM_qQ_5YfnxF_1l8Al13ukLBJ3HtBdxZFHA&amp;oh=00_AQJZrjroXYoQRRgWHOAzyE-_mvo9LSSgSqp30DLfLywpTw&amp;oe=6A9FCFDB\"\n\t\t\t   data-account-type=\"business\"\n\t\t\t   data-iframe=''\n\t\t\t   data-media-type=\"feed\"\n\t\t\t   data-posted-on=\"\"\n\t\t\t   data-custom-avatar=\"\">\n\t\t\t\t<span class=\"sbi-screenreader\">\n\t\t\t\t\tOpen post by terrestouloises with ID 17912687547445186\t\t\t\t<\/span>\n\t\t\t\t\t\t\t<\/a>\n\t\t<\/div>\n\n\t\t<a class=\"sbi_photo\" target=\"_blank\" rel=\"nofollow noopener\" href=\"https:\/\/www.instagram.com\/p\/DcF_DsTghId\/\"\n\t\t   data-full-res=\"https:\/\/scontent-bru2-1.cdninstagram.com\/v\/t39.30808-6\/768421590_1706643998133998_6543579231813286362_n.jpg?stp=dst-jpg_e35_tt6&#038;_nc_cat=110&#038;ccb=7-5&#038;_nc_sid=18de74&#038;efg=eyJlZmdfdGFnIjoiRkVFRC5iZXN0X2ltYWdlX3VybGdlbi5DMyJ9&#038;_nc_ohc=46iS6ARL2B0Q7kNvwEfoTM9&#038;_nc_oc=Adr5bFYqwO1zKCpePhLcoeiY0uIhJPAAp5mS7q6wszcjqq_hD7RRd1Jgr56m5UiWbXM&#038;_nc_zt=23&#038;_nc_ht=scontent-bru2-1.cdninstagram.com&#038;edm=ANo9K5cEAAAA&#038;_nc_gid=f8HCxtrkqFlcMWY05w_7uQ&#038;_nc_tpa=Q5bMBQJf5MdiG43dCJRrxYQgSta_jdZGGY8NgxabaViAlsxfOf3nkknA7cNVrd5mldy_23-QSYbpX3IBYg&#038;oh=00_AQKI-0kd87BIaQ75P1O2SscRbHaypDtL6qEbJNsWg8sWMw&#038;oe=6A9FD161\"\n\t\t   data-img-src-set=\"{&quot;d&quot;:&quot;https:\\\/\\\/scontent-bru2-1.cdninstagram.com\\\/v\\\/t39.30808-6\\\/768421590_1706643998133998_6543579231813286362_n.jpg?stp=dst-jpg_e35_tt6&amp;_nc_cat=110&amp;ccb=7-5&amp;_nc_sid=18de74&amp;efg=eyJlZmdfdGFnIjoiRkVFRC5iZXN0X2ltYWdlX3VybGdlbi5DMyJ9&amp;_nc_ohc=46iS6ARL2B0Q7kNvwEfoTM9&amp;_nc_oc=Adr5bFYqwO1zKCpePhLcoeiY0uIhJPAAp5mS7q6wszcjqq_hD7RRd1Jgr56m5UiWbXM&amp;_nc_zt=23&amp;_nc_ht=scontent-bru2-1.cdninstagram.com&amp;edm=ANo9K5cEAAAA&amp;_nc_gid=f8HCxtrkqFlcMWY05w_7uQ&amp;_nc_tpa=Q5bMBQJf5MdiG43dCJRrxYQgSta_jdZGGY8NgxabaViAlsxfOf3nkknA7cNVrd5mldy_23-QSYbpX3IBYg&amp;oh=00_AQKI-0kd87BIaQ75P1O2SscRbHaypDtL6qEbJNsWg8sWMw&amp;oe=6A9FD161&quot;,&quot;150&quot;:&quot;https:\\\/\\\/scontent-bru2-1.cdninstagram.com\\\/v\\\/t39.30808-6\\\/768421590_1706643998133998_6543579231813286362_n.jpg?stp=dst-jpg_e35_tt6&amp;_nc_cat=110&amp;ccb=7-5&amp;_nc_sid=18de74&amp;efg=eyJlZmdfdGFnIjoiRkVFRC5iZXN0X2ltYWdlX3VybGdlbi5DMyJ9&amp;_nc_ohc=46iS6ARL2B0Q7kNvwEfoTM9&amp;_nc_oc=Adr5bFYqwO1zKCpePhLcoeiY0uIhJPAAp5mS7q6wszcjqq_hD7RRd1Jgr56m5UiWbXM&amp;_nc_zt=23&amp;_nc_ht=scontent-bru2-1.cdninstagram.com&amp;edm=ANo9K5cEAAAA&amp;_nc_gid=f8HCxtrkqFlcMWY05w_7uQ&amp;_nc_tpa=Q5bMBQJf5MdiG43dCJRrxYQgSta_jdZGGY8NgxabaViAlsxfOf3nkknA7cNVrd5mldy_23-QSYbpX3IBYg&amp;oh=00_AQKI-0kd87BIaQ75P1O2SscRbHaypDtL6qEbJNsWg8sWMw&amp;oe=6A9FD161&quot;,&quot;320&quot;:&quot;https:\\\/\\\/scontent-bru2-1.cdninstagram.com\\\/v\\\/t39.30808-6\\\/768421590_1706643998133998_6543579231813286362_n.jpg?stp=dst-jpg_e35_tt6&amp;_nc_cat=110&amp;ccb=7-5&amp;_nc_sid=18de74&amp;efg=eyJlZmdfdGFnIjoiRkVFRC5iZXN0X2ltYWdlX3VybGdlbi5DMyJ9&amp;_nc_ohc=46iS6ARL2B0Q7kNvwEfoTM9&amp;_nc_oc=Adr5bFYqwO1zKCpePhLcoeiY0uIhJPAAp5mS7q6wszcjqq_hD7RRd1Jgr56m5UiWbXM&amp;_nc_zt=23&amp;_nc_ht=scontent-bru2-1.cdninstagram.com&amp;edm=ANo9K5cEAAAA&amp;_nc_gid=f8HCxtrkqFlcMWY05w_7uQ&amp;_nc_tpa=Q5bMBQJf5MdiG43dCJRrxYQgSta_jdZGGY8NgxabaViAlsxfOf3nkknA7cNVrd5mldy_23-QSYbpX3IBYg&amp;oh=00_AQKI-0kd87BIaQ75P1O2SscRbHaypDtL6qEbJNsWg8sWMw&amp;oe=6A9FD161&quot;,&quot;640&quot;:&quot;https:\\\/\\\/scontent-bru2-1.cdninstagram.com\\\/v\\\/t39.30808-6\\\/768421590_1706643998133998_6543579231813286362_n.jpg?stp=dst-jpg_e35_tt6&amp;_nc_cat=110&amp;ccb=7-5&amp;_nc_sid=18de74&amp;efg=eyJlZmdfdGFnIjoiRkVFRC5iZXN0X2ltYWdlX3VybGdlbi5DMyJ9&amp;_nc_ohc=46iS6ARL2B0Q7kNvwEfoTM9&amp;_nc_oc=Adr5bFYqwO1zKCpePhLcoeiY0uIhJPAAp5mS7q6wszcjqq_hD7RRd1Jgr56m5UiWbXM&amp;_nc_zt=23&amp;_nc_ht=scontent-bru2-1.cdninstagram.com&amp;edm=ANo9K5cEAAAA&amp;_nc_gid=f8HCxtrkqFlcMWY05w_7uQ&amp;_nc_tpa=Q5bMBQJf5MdiG43dCJRrxYQgSta_jdZGGY8NgxabaViAlsxfOf3nkknA7cNVrd5mldy_23-QSYbpX3IBYg&amp;oh=00_AQKI-0kd87BIaQ75P1O2SscRbHaypDtL6qEbJNsWg8sWMw&amp;oe=6A9FD161&quot;}\" tabindex=\"-1\">\n\t\t\t<img decoding=\"async\" src=\"https:\/\/tourisme-terrestouloises.com\/wp-content\/plugins\/instagram-feed-pro\/img\/placeholder.png\" alt=\"\u2728 La coll\u00e9giale Saint-Gengoult de Toul : un \u00e9crin de pierre et de lumi\u00e8re\n\n\u00c0 Toul, la coll\u00e9giale Saint-Gengoult d\u00e9voile un patrimoine remarquable, o\u00f9 chaque pierre raconte une histoire. \u26ea\n\nCette vue du clo\u00eetre nous plonge au c\u0153ur de l\u2019architecture gothique flamboyante. Les \u00e9l\u00e9gantes arcades, les sculptures d\u00e9licates et les vo\u00fbtes de pierre composent un v\u00e9ritable jeu de lumi\u00e8re et d\u2019ombre, sublim\u00e9 ici par les rayons du soleil.\n\nConstruit \u00e0 partir de la fin du XVe si\u00e8cle, le clo\u00eetre est l\u2019un des joyaux de la coll\u00e9giale. Ses galeries offrent un moment hors du temps, entre architecture, histoire et s\u00e9r\u00e9nit\u00e9. \ud83c\udf3f\n\n\u00a9MDT;SB\n\n#Toul #SaintGengoult #Coll\u00e9gialeSaintGengoult #Patrimoine #PatrimoineLorrain #Lorraine #MeurtheEtMoselle #Architecture #ArchitectureGothique #GothiqueFlamboyant #Clo\u00eetre #Tourisme #DestinationLorraine #Histoire #FrancePatrimoine\">\n\t\t<\/a>\n\t<\/div>\n\n\n\t\t\n\t\t<div class=\"sbi_info_wrapper\">\n\t\t\t<div class=\"sbi_info \">\n\n\t\t\t\t\t\t\t\t\t<p class=\"sbi_caption_wrap\" >\n\t\t\t\t\t\t<span\n\t\t\t\t\t\t\tclass=\"sbi_caption\"  style=\"font-size: 12px;color: rgb(67,73,96);\" aria-hidden=\"true\">\u2728 La coll\u00e9giale Saint-Gengoult de Toul : un \u00e9crin de pierre et de lumi\u00e8re<br><br>\u00c0 Toul, la coll\u00e9giale Saint-Gengoult d\u00e9voile un patrimoine remarquable, o\u00f9 chaque pierre raconte une histoire. \u26ea<br><br>Cette vue du clo\u00eetre nous plonge au c\u0153ur de l\u2019architecture gothique flamboyante. Les \u00e9l\u00e9gantes arcades, les sculptures d\u00e9licates et les vo\u00fbtes de pierre composent un v\u00e9ritable jeu de lumi\u00e8re et d\u2019ombre, sublim\u00e9 ici par les rayons du soleil.<br><br>Construit \u00e0 partir de la fin du XVe si\u00e8cle, le clo\u00eetre est l\u2019un des joyaux de la coll\u00e9giale. Ses galeries offrent un moment hors du temps, entre architecture, histoire et s\u00e9r\u00e9nit\u00e9. \ud83c\udf3f<br><br>\u00a9MDT;SB<br><br>#Toul #SaintGengoult #Coll\u00e9gialeSaintGengoult #Patrimoine #PatrimoineLorrain #Lorraine #MeurtheEtMoselle #Architecture #ArchitectureGothique #GothiqueFlamboyant #Clo\u00eetre #Tourisme #DestinationLorraine #Histoire #FrancePatrimoine<\/span>\n\t\t\t\t\t\t<span class=\"sbi_expand\">\n\t\t\t\t\t\t\t<button type=\"button\" class=\"sbi_more_btn\" aria-label=\"Show full caption\" aria-expanded=\"false\" style=\"background:none;border:0;padding:0;font:inherit;color:inherit;cursor:pointer;\"><span class=\"sbi_more\" aria-hidden=\"true\">...<\/span><\/button>\n\t\t\t\t\t\t<\/span>\n\t\t\t\t\t<\/p>\n\t\t\t\t\n\t\t\t\t<div class=\"sbi_meta_wrap\">\n\t\t\t\t\t\t\t\t\t\t\t<div\n\t\t\t\t\t\t\tclass=\"sbi_meta\" >\n\t\t\t\t\t\t\t\t<span\n\t\tclass=\"sbi_likes\"  style=\"font-size: 13px;\" \t\taria-label=\"22 likes\">\n\t\t<span>\n\t\t\t<svg  style=\"font-size: 13px;\" class=\"svg-inline--fa fa-heart fa-w-18\" aria-hidden=\"true\" data-fa-processed=\"\" data-prefix=\"fa\" data-icon=\"heart\" role=\"presentation\" xmlns=\"http:\/\/www.w3.org\/2000\/svg\" viewBox=\"0 0 576 512\"><path fill=\"currentColor\" d=\"M414.9 24C361.8 24 312 65.7 288 89.3 264 65.7 214.2 24 161.1 24 70.3 24 16 76.9 16 165.5c0 72.6 66.8 133.3 69.2 135.4l187 180.8c8.8 8.5 22.8 8.5 31.6 0l186.7-180.2c2.7-2.7 69.5-63.5 69.5-136C560 76.9 505.7 24 414.9 24z\"><\/path><\/svg>\t\t<\/span>\n\t\t22\t<\/span>\n\t<span\n\t\tclass=\"sbi_comments\"  style=\"font-size: 13px;\" \t\taria-label=\"0 comments\">\n\t\t<span>\n\t\t\t<svg  style=\"font-size: 13px;\" class=\"svg-inline--fa fa-comment fa-w-18\" aria-hidden=\"true\" data-fa-processed=\"\" data-prefix=\"fa\" data-icon=\"comment\" role=\"presentation\" xmlns=\"http:\/\/www.w3.org\/2000\/svg\" viewBox=\"0 0 576 512\"><path fill=\"currentColor\" d=\"M576 240c0 115-129 208-288 208-48.3 0-93.9-8.6-133.9-23.8-40.3 31.2-89.8 50.3-142.4 55.7-5.2.6-10.2-2.8-11.5-7.7-1.3-5 2.7-8.1 6.6-11.8 19.3-18.4 42.7-32.8 51.9-94.6C21.9 330.9 0 287.3 0 240 0 125.1 129 32 288 32s288 93.1 288 208z\"><\/path><\/svg>\t\t<\/span>\n\t\t0\t<\/span>\n\n\t\t\t\t\t\t\t\t\t\t\t\t\t<\/div>\n\t\t\t\t\t\n\t\t\t\t\t\t\t\t\t<\/div>\n\t\t\t<\/div>\n\t\t<\/div>\n\t<\/div>\n\n\t<div class=\"sbi-divider\"><\/div>\n<\/div>\n<div class=\"sbi_item sbi_type_image sbi_new sbi_transition\" role=\"listitem\"\t id=\"sbi_18381488467203121\" data-date=\"1786262426\"\n\t data-numcomments=\"0\" data-template=\"ft_default\">\n\t<div class=\"sbi_inner_wrap\" >\n\n\t\t\n\t\t\t<div class=\"sbi_photo_wrap\" >\n\t\t\t\t\t\t\n\t\t<div  style=\"background: rgba(0,0,0,0.85)\"  class=\"sbi_link \" >\n\t\t\t<div class=\"sbi_hover_top\">\n\n\t\t\t\t\t<p class=\"sbi_hover_caption_wrap\"\n\t\t>\n\t\t<span\n\t\t\tclass=\"sbi_caption\">\ud83c\udf53\ud83c\udf3d Le march\u00e9 fermier de Toul vous attend ! \ud83e\uddc0\ud83c\udf51<br><br>Chaque mercredi et vendredi matin, la Place des 3 \u00c9v\u00each\u00e9s s`anime au rythme des producteurs et commer\u00e7ants. Venez faire le plein de fruits et l\u00e9gumes de saison, de produits frais et de sp\u00e9cialit\u00e9s locales, tout en profitant d`une ambiance conviviale au c\u0153ur de la ville. Le march\u00e9 se tient de 8h \u00e0 12h30, rue Jeanne-d`Arc et place des 3 \u00c9v\u00each\u00e9s.<br><br>\ud83e\udd55 Consommer local, c`est soutenir les producteurs, privil\u00e9gier la qualit\u00e9 et red\u00e9couvrir le plaisir de faire son march\u00e9.<br><br>\u00c0 tr\u00e8s vite sur le march\u00e9 ! \ud83c\udf1e\ud83d\udecd\ufe0f<br><br>\u00a9MDT;NM<br><br>#Toul #March\u00e9DeToul #March\u00e9Fermier #TerresTouloises #ProduitsLocaux #CircuitCourt #FruitsEtL\u00e9gumes #ConsommerLocal #Lorraine #March\u00e9Hebdomadaire<\/span>\n\t<\/p>\n\n\t\t\t<\/div>\n\n\t\t\t\n\t\t\t<div class=\"sbi_hover_bottom \" >\n\n\t\t\t\t\n\t\t\t\t\t\t\t\t\t<div\n\t\t\t\t\t\tclass=\"sbi_meta\" >\n\n\t\t\t\t\t\t\t<span\n\t\tclass=\"sbi_likes\" style=\"font-size: 13px;\" >\n\t\t<svg  style=\"font-size: 13px;\" class=\"svg-inline--fa fa-heart fa-w-18\" aria-hidden=\"true\" data-fa-processed=\"\" data-prefix=\"fa\" data-icon=\"heart\" role=\"presentation\" xmlns=\"http:\/\/www.w3.org\/2000\/svg\" viewBox=\"0 0 576 512\"><path fill=\"currentColor\" d=\"M414.9 24C361.8 24 312 65.7 288 89.3 264 65.7 214.2 24 161.1 24 70.3 24 16 76.9 16 165.5c0 72.6 66.8 133.3 69.2 135.4l187 180.8c8.8 8.5 22.8 8.5 31.6 0l186.7-180.2c2.7-2.7 69.5-63.5 69.5-136C560 76.9 505.7 24 414.9 24z\"><\/path><\/svg>\t\t12\t<\/span>\n\t<span\n\t\tclass=\"sbi_comments\" style=\"font-size: 13px;\" >\n\t\t<svg  style=\"font-size: 13px;\" class=\"svg-inline--fa fa-comment fa-w-18\" aria-hidden=\"true\" data-fa-processed=\"\" data-prefix=\"fa\" data-icon=\"comment\" role=\"presentation\" xmlns=\"http:\/\/www.w3.org\/2000\/svg\" viewBox=\"0 0 576 512\"><path fill=\"currentColor\" d=\"M576 240c0 115-129 208-288 208-48.3 0-93.9-8.6-133.9-23.8-40.3 31.2-89.8 50.3-142.4 55.7-5.2.6-10.2-2.8-11.5-7.7-1.3-5 2.7-8.1 6.6-11.8 19.3-18.4 42.7-32.8 51.9-94.6C21.9 330.9 0 287.3 0 240 0 125.1 129 32 288 32s288 93.1 288 208z\"><\/path><\/svg>\t\t0\t<\/span>\n\t\t\t\t\t<\/div>\n\t\t\t\t\n\t\t\t<\/div>\n\n\t\t\t<a class=\"sbi_link_area nofancybox\" rel=\"nofollow noopener\" href=\"https:\/\/scontent-bru2-1.cdninstagram.com\/v\/t39.30808-6\/765818062_1701021992029532_6381092635912429634_n.jpg?stp=dst-jpg_e35_tt6&#038;_nc_cat=100&#038;ccb=7-5&#038;_nc_sid=18de74&#038;efg=eyJlZmdfdGFnIjoiRkVFRC5iZXN0X2ltYWdlX3VybGdlbi5DMyJ9&#038;_nc_ohc=fpWPL3FzLbEQ7kNvwE7aZDm&#038;_nc_oc=Adq053B_94Mgny1_FaPxwIE02gXGdhJmrTPLYRmcAu0s4pZlKRH3sndVkiXTnMOO_WQ&#038;_nc_zt=23&#038;_nc_ht=scontent-bru2-1.cdninstagram.com&#038;edm=ANo9K5cEAAAA&#038;_nc_gid=f8HCxtrkqFlcMWY05w_7uQ&#038;_nc_tpa=Q5bMBQKgDG0fliMVIxraAUKlgrxW5TWrKj-nTnGOanlF3YLKolSr1nQaNnx29PZqXV9KKJmil56VZZ57uQ&#038;oh=00_AQLr_ACBknoCFcaw6AfzQyQRvcWddz5FT-MG2eox2Xu3gg&#038;oe=6A9FC362\"\n\t\t\t   data-lightbox-sbi=\"\"\n\t\t\t   data-title=\"\ud83c\udf53\ud83c\udf3d Le march\u00e9 fermier de Toul vous attend ! \ud83e\uddc0\ud83c\udf51&lt;br&gt;\n&lt;br&gt;\nChaque mercredi et vendredi matin, la Place des 3 \u00c9v\u00each\u00e9s s&#039;anime au rythme des producteurs et commer\u00e7ants. Venez faire le plein de fruits et l\u00e9gumes de saison, de produits frais et de sp\u00e9cialit\u00e9s locales, tout en profitant d&#039;une ambiance conviviale au c\u0153ur de la ville. Le march\u00e9 se tient de 8h \u00e0 12h30, rue Jeanne-d&#039;Arc et place des 3 \u00c9v\u00each\u00e9s.&lt;br&gt;\n&lt;br&gt;\n\ud83e\udd55 Consommer local, c&#039;est soutenir les producteurs, privil\u00e9gier la qualit\u00e9 et red\u00e9couvrir le plaisir de faire son march\u00e9.&lt;br&gt;\n&lt;br&gt;\n\u00c0 tr\u00e8s vite sur le march\u00e9 ! \ud83c\udf1e\ud83d\udecd\ufe0f&lt;br&gt;\n&lt;br&gt;\n\u00a9MDT;NM&lt;br&gt;\n&lt;br&gt;\n#Toul #March\u00e9DeToul #March\u00e9Fermier #TerresTouloises #ProduitsLocaux #CircuitCourt #FruitsEtL\u00e9gumes #ConsommerLocal #Lorraine #March\u00e9Hebdomadaire\"\n\t\t\t   data-video=\"\"\n\t\t\t   data-carousel=\"\"\n\t\t\t   data-id=\"sbi_18381488467203121\" data-user=\"terrestouloises\"\n\t\t\t   data-url=\"https:\/\/www.instagram.com\/p\/Dbz9bvTjKGj\/\" data-avatar=\"https:\/\/scontent-bru2-1.cdninstagram.com\/v\/t51.2885-19\/434581911_1095161461792456_1779633722141861464_n.jpg?stp=dst-jpg_s206x206_tt6&amp;_nc_cat=105&amp;ccb=7-5&amp;_nc_sid=bf7eb4&amp;efg=eyJ2ZW5jb2RlX3RhZyI6InByb2ZpbGVfcGljLnd3dy4zMTEuQzMifQ%3D%3D&amp;_nc_ohc=mRXezM4oizsQ7kNvwGjuoTF&amp;_nc_oc=Adq7sBi_Ua2A4b9UhkwBe2oKdvqYKVXLX4z6zU_ZE6w-XEalFp-LaUUck3lOipAccj8&amp;_nc_zt=24&amp;_nc_ht=scontent-bru2-1.cdninstagram.com&amp;edm=AP4hL3IEAAAA&amp;_nc_tpa=Q5bMBQKU-KSuQLWOMQPF6u7R_M2tn2N2TxfVOmaJ8l-AXUUVM_qQ_5YfnxF_1l8Al13ukLBJ3HtBdxZFHA&amp;oh=00_AQJZrjroXYoQRRgWHOAzyE-_mvo9LSSgSqp30DLfLywpTw&amp;oe=6A9FCFDB\"\n\t\t\t   data-account-type=\"business\"\n\t\t\t   data-iframe=''\n\t\t\t   data-media-type=\"feed\"\n\t\t\t   data-posted-on=\"\"\n\t\t\t   data-custom-avatar=\"\">\n\t\t\t\t<span class=\"sbi-screenreader\">\n\t\t\t\t\tOpen post by terrestouloises with ID 18381488467203121\t\t\t\t<\/span>\n\t\t\t\t\t\t\t<\/a>\n\t\t<\/div>\n\n\t\t<a class=\"sbi_photo\" target=\"_blank\" rel=\"nofollow noopener\" href=\"https:\/\/www.instagram.com\/p\/Dbz9bvTjKGj\/\"\n\t\t   data-full-res=\"https:\/\/scontent-bru2-1.cdninstagram.com\/v\/t39.30808-6\/765818062_1701021992029532_6381092635912429634_n.jpg?stp=dst-jpg_e35_tt6&#038;_nc_cat=100&#038;ccb=7-5&#038;_nc_sid=18de74&#038;efg=eyJlZmdfdGFnIjoiRkVFRC5iZXN0X2ltYWdlX3VybGdlbi5DMyJ9&#038;_nc_ohc=fpWPL3FzLbEQ7kNvwE7aZDm&#038;_nc_oc=Adq053B_94Mgny1_FaPxwIE02gXGdhJmrTPLYRmcAu0s4pZlKRH3sndVkiXTnMOO_WQ&#038;_nc_zt=23&#038;_nc_ht=scontent-bru2-1.cdninstagram.com&#038;edm=ANo9K5cEAAAA&#038;_nc_gid=f8HCxtrkqFlcMWY05w_7uQ&#038;_nc_tpa=Q5bMBQKgDG0fliMVIxraAUKlgrxW5TWrKj-nTnGOanlF3YLKolSr1nQaNnx29PZqXV9KKJmil56VZZ57uQ&#038;oh=00_AQLr_ACBknoCFcaw6AfzQyQRvcWddz5FT-MG2eox2Xu3gg&#038;oe=6A9FC362\"\n\t\t   data-img-src-set=\"{&quot;d&quot;:&quot;https:\\\/\\\/scontent-bru2-1.cdninstagram.com\\\/v\\\/t39.30808-6\\\/765818062_1701021992029532_6381092635912429634_n.jpg?stp=dst-jpg_e35_tt6&amp;_nc_cat=100&amp;ccb=7-5&amp;_nc_sid=18de74&amp;efg=eyJlZmdfdGFnIjoiRkVFRC5iZXN0X2ltYWdlX3VybGdlbi5DMyJ9&amp;_nc_ohc=fpWPL3FzLbEQ7kNvwE7aZDm&amp;_nc_oc=Adq053B_94Mgny1_FaPxwIE02gXGdhJmrTPLYRmcAu0s4pZlKRH3sndVkiXTnMOO_WQ&amp;_nc_zt=23&amp;_nc_ht=scontent-bru2-1.cdninstagram.com&amp;edm=ANo9K5cEAAAA&amp;_nc_gid=f8HCxtrkqFlcMWY05w_7uQ&amp;_nc_tpa=Q5bMBQKgDG0fliMVIxraAUKlgrxW5TWrKj-nTnGOanlF3YLKolSr1nQaNnx29PZqXV9KKJmil56VZZ57uQ&amp;oh=00_AQLr_ACBknoCFcaw6AfzQyQRvcWddz5FT-MG2eox2Xu3gg&amp;oe=6A9FC362&quot;,&quot;150&quot;:&quot;https:\\\/\\\/scontent-bru2-1.cdninstagram.com\\\/v\\\/t39.30808-6\\\/765818062_1701021992029532_6381092635912429634_n.jpg?stp=dst-jpg_e35_tt6&amp;_nc_cat=100&amp;ccb=7-5&amp;_nc_sid=18de74&amp;efg=eyJlZmdfdGFnIjoiRkVFRC5iZXN0X2ltYWdlX3VybGdlbi5DMyJ9&amp;_nc_ohc=fpWPL3FzLbEQ7kNvwE7aZDm&amp;_nc_oc=Adq053B_94Mgny1_FaPxwIE02gXGdhJmrTPLYRmcAu0s4pZlKRH3sndVkiXTnMOO_WQ&amp;_nc_zt=23&amp;_nc_ht=scontent-bru2-1.cdninstagram.com&amp;edm=ANo9K5cEAAAA&amp;_nc_gid=f8HCxtrkqFlcMWY05w_7uQ&amp;_nc_tpa=Q5bMBQKgDG0fliMVIxraAUKlgrxW5TWrKj-nTnGOanlF3YLKolSr1nQaNnx29PZqXV9KKJmil56VZZ57uQ&amp;oh=00_AQLr_ACBknoCFcaw6AfzQyQRvcWddz5FT-MG2eox2Xu3gg&amp;oe=6A9FC362&quot;,&quot;320&quot;:&quot;https:\\\/\\\/scontent-bru2-1.cdninstagram.com\\\/v\\\/t39.30808-6\\\/765818062_1701021992029532_6381092635912429634_n.jpg?stp=dst-jpg_e35_tt6&amp;_nc_cat=100&amp;ccb=7-5&amp;_nc_sid=18de74&amp;efg=eyJlZmdfdGFnIjoiRkVFRC5iZXN0X2ltYWdlX3VybGdlbi5DMyJ9&amp;_nc_ohc=fpWPL3FzLbEQ7kNvwE7aZDm&amp;_nc_oc=Adq053B_94Mgny1_FaPxwIE02gXGdhJmrTPLYRmcAu0s4pZlKRH3sndVkiXTnMOO_WQ&amp;_nc_zt=23&amp;_nc_ht=scontent-bru2-1.cdninstagram.com&amp;edm=ANo9K5cEAAAA&amp;_nc_gid=f8HCxtrkqFlcMWY05w_7uQ&amp;_nc_tpa=Q5bMBQKgDG0fliMVIxraAUKlgrxW5TWrKj-nTnGOanlF3YLKolSr1nQaNnx29PZqXV9KKJmil56VZZ57uQ&amp;oh=00_AQLr_ACBknoCFcaw6AfzQyQRvcWddz5FT-MG2eox2Xu3gg&amp;oe=6A9FC362&quot;,&quot;640&quot;:&quot;https:\\\/\\\/scontent-bru2-1.cdninstagram.com\\\/v\\\/t39.30808-6\\\/765818062_1701021992029532_6381092635912429634_n.jpg?stp=dst-jpg_e35_tt6&amp;_nc_cat=100&amp;ccb=7-5&amp;_nc_sid=18de74&amp;efg=eyJlZmdfdGFnIjoiRkVFRC5iZXN0X2ltYWdlX3VybGdlbi5DMyJ9&amp;_nc_ohc=fpWPL3FzLbEQ7kNvwE7aZDm&amp;_nc_oc=Adq053B_94Mgny1_FaPxwIE02gXGdhJmrTPLYRmcAu0s4pZlKRH3sndVkiXTnMOO_WQ&amp;_nc_zt=23&amp;_nc_ht=scontent-bru2-1.cdninstagram.com&amp;edm=ANo9K5cEAAAA&amp;_nc_gid=f8HCxtrkqFlcMWY05w_7uQ&amp;_nc_tpa=Q5bMBQKgDG0fliMVIxraAUKlgrxW5TWrKj-nTnGOanlF3YLKolSr1nQaNnx29PZqXV9KKJmil56VZZ57uQ&amp;oh=00_AQLr_ACBknoCFcaw6AfzQyQRvcWddz5FT-MG2eox2Xu3gg&amp;oe=6A9FC362&quot;}\" tabindex=\"-1\">\n\t\t\t<img decoding=\"async\" src=\"https:\/\/tourisme-terrestouloises.com\/wp-content\/plugins\/instagram-feed-pro\/img\/placeholder.png\" alt=\"\ud83c\udf53\ud83c\udf3d Le march\u00e9 fermier de Toul vous attend ! \ud83e\uddc0\ud83c\udf51\n\nChaque mercredi et vendredi matin, la Place des 3 \u00c9v\u00each\u00e9s s&#039;anime au rythme des producteurs et commer\u00e7ants. Venez faire le plein de fruits et l\u00e9gumes de saison, de produits frais et de sp\u00e9cialit\u00e9s locales, tout en profitant d&#039;une ambiance conviviale au c\u0153ur de la ville. Le march\u00e9 se tient de 8h \u00e0 12h30, rue Jeanne-d&#039;Arc et place des 3 \u00c9v\u00each\u00e9s.\n\n\ud83e\udd55 Consommer local, c&#039;est soutenir les producteurs, privil\u00e9gier la qualit\u00e9 et red\u00e9couvrir le plaisir de faire son march\u00e9.\n\n\u00c0 tr\u00e8s vite sur le march\u00e9 ! \ud83c\udf1e\ud83d\udecd\ufe0f\n\n\u00a9MDT;NM\n\n#Toul #March\u00e9DeToul #March\u00e9Fermier #TerresTouloises #ProduitsLocaux #CircuitCourt #FruitsEtL\u00e9gumes #ConsommerLocal #Lorraine #March\u00e9Hebdomadaire\">\n\t\t<\/a>\n\t<\/div>\n\n\n\t\t\n\t\t<div class=\"sbi_info_wrapper\">\n\t\t\t<div class=\"sbi_info \">\n\n\t\t\t\t\t\t\t\t\t<p class=\"sbi_caption_wrap\" >\n\t\t\t\t\t\t<span\n\t\t\t\t\t\t\tclass=\"sbi_caption\"  style=\"font-size: 12px;color: rgb(67,73,96);\" aria-hidden=\"true\">\ud83c\udf53\ud83c\udf3d Le march\u00e9 fermier de Toul vous attend ! \ud83e\uddc0\ud83c\udf51<br><br>Chaque mercredi et vendredi matin, la Place des 3 \u00c9v\u00each\u00e9s s`anime au rythme des producteurs et commer\u00e7ants. Venez faire le plein de fruits et l\u00e9gumes de saison, de produits frais et de sp\u00e9cialit\u00e9s locales, tout en profitant d`une ambiance conviviale au c\u0153ur de la ville. Le march\u00e9 se tient de 8h \u00e0 12h30, rue Jeanne-d`Arc et place des 3 \u00c9v\u00each\u00e9s.<br><br>\ud83e\udd55 Consommer local, c`est soutenir les producteurs, privil\u00e9gier la qualit\u00e9 et red\u00e9couvrir le plaisir de faire son march\u00e9.<br><br>\u00c0 tr\u00e8s vite sur le march\u00e9 ! \ud83c\udf1e\ud83d\udecd\ufe0f<br><br>\u00a9MDT;NM<br><br>#Toul #March\u00e9DeToul #March\u00e9Fermier #TerresTouloises #ProduitsLocaux #CircuitCourt #FruitsEtL\u00e9gumes #ConsommerLocal #Lorraine #March\u00e9Hebdomadaire<\/span>\n\t\t\t\t\t\t<span class=\"sbi_expand\">\n\t\t\t\t\t\t\t<button type=\"button\" class=\"sbi_more_btn\" aria-label=\"Show full caption\" aria-expanded=\"false\" style=\"background:none;border:0;padding:0;font:inherit;color:inherit;cursor:pointer;\"><span class=\"sbi_more\" aria-hidden=\"true\">...<\/span><\/button>\n\t\t\t\t\t\t<\/span>\n\t\t\t\t\t<\/p>\n\t\t\t\t\n\t\t\t\t<div class=\"sbi_meta_wrap\">\n\t\t\t\t\t\t\t\t\t\t\t<div\n\t\t\t\t\t\t\tclass=\"sbi_meta\" >\n\t\t\t\t\t\t\t\t<span\n\t\tclass=\"sbi_likes\"  style=\"font-size: 13px;\" \t\taria-label=\"12 likes\">\n\t\t<span>\n\t\t\t<svg  style=\"font-size: 13px;\" class=\"svg-inline--fa fa-heart fa-w-18\" aria-hidden=\"true\" data-fa-processed=\"\" data-prefix=\"fa\" data-icon=\"heart\" role=\"presentation\" xmlns=\"http:\/\/www.w3.org\/2000\/svg\" viewBox=\"0 0 576 512\"><path fill=\"currentColor\" d=\"M414.9 24C361.8 24 312 65.7 288 89.3 264 65.7 214.2 24 161.1 24 70.3 24 16 76.9 16 165.5c0 72.6 66.8 133.3 69.2 135.4l187 180.8c8.8 8.5 22.8 8.5 31.6 0l186.7-180.2c2.7-2.7 69.5-63.5 69.5-136C560 76.9 505.7 24 414.9 24z\"><\/path><\/svg>\t\t<\/span>\n\t\t12\t<\/span>\n\t<span\n\t\tclass=\"sbi_comments\"  style=\"font-size: 13px;\" \t\taria-label=\"0 comments\">\n\t\t<span>\n\t\t\t<svg  style=\"font-size: 13px;\" class=\"svg-inline--fa fa-comment fa-w-18\" aria-hidden=\"true\" data-fa-processed=\"\" data-prefix=\"fa\" data-icon=\"comment\" role=\"presentation\" xmlns=\"http:\/\/www.w3.org\/2000\/svg\" viewBox=\"0 0 576 512\"><path fill=\"currentColor\" d=\"M576 240c0 115-129 208-288 208-48.3 0-93.9-8.6-133.9-23.8-40.3 31.2-89.8 50.3-142.4 55.7-5.2.6-10.2-2.8-11.5-7.7-1.3-5 2.7-8.1 6.6-11.8 19.3-18.4 42.7-32.8 51.9-94.6C21.9 330.9 0 287.3 0 240 0 125.1 129 32 288 32s288 93.1 288 208z\"><\/path><\/svg>\t\t<\/span>\n\t\t0\t<\/span>\n\n\t\t\t\t\t\t\t\t\t\t\t\t\t<\/div>\n\t\t\t\t\t\n\t\t\t\t\t\t\t\t\t<\/div>\n\t\t\t<\/div>\n\t\t<\/div>\n\t<\/div>\n\n\t<div class=\"sbi-divider\"><\/div>\n<\/div>\n<div class=\"sbi_item sbi_type_image sbi_new sbi_transition\" role=\"listitem\"\t id=\"sbi_18120416860813864\" data-date=\"1785859216\"\n\t data-numcomments=\"0\" data-template=\"ft_default\">\n\t<div class=\"sbi_inner_wrap\" >\n\n\t\t\n\t\t\t<div class=\"sbi_photo_wrap\" >\n\t\t\t\t\t\t\n\t\t<div  style=\"background: rgba(0,0,0,0.85)\"  class=\"sbi_link \" >\n\t\t\t<div class=\"sbi_hover_top\">\n\n\t\t\t\t\t<p class=\"sbi_hover_caption_wrap\"\n\t\t>\n\t\t<span\n\t\t\tclass=\"sbi_caption\">\u2728 En levant les yeux, on d\u00e9couvre l`un des plus beaux tr\u00e9sors de la cath\u00e9drale Saint-\u00c9tienne de Toul.<br><br>La coupole de la chapelle Jean Forget d\u00e9voile toute la beaut\u00e9 de l`architecture Renaissance. Sa vo\u00fbte \u00e0 caissons, baign\u00e9e par la lumi\u00e8re qui descend du lanternon, attire naturellement le regard vers le ciel.<br><br>Les sculptures d\u00e9licates et l`\u00e9l\u00e9gance de cette architecture cr\u00e9ent une atmosph\u00e8re paisible, o\u00f9 l`on prend volontiers le temps de s`arr\u00eater pour admirer chaque d\u00e9tail. \ud83e\udd0d<br><br>Un v\u00e9ritable chef-d`\u0153uvre qui rappelle que, parfois, il suffit de lever les yeux pour \u00eatre \u00e9merveill\u00e9. \u2728<br><br>\u00a9MDT;N.M<br><br>#Toul #Cath\u00e9draleDeToul #ChapelleJeanForget #Lorraine #GrandEst #Patrimoine #Architecture #Renaissance #MonumentHistorique #Histoire #D\u00e9couverte #PhotoDuJour<\/span>\n\t<\/p>\n\n\t\t\t<\/div>\n\n\t\t\t\n\t\t\t<div class=\"sbi_hover_bottom \" >\n\n\t\t\t\t\n\t\t\t\t\t\t\t\t\t<div\n\t\t\t\t\t\tclass=\"sbi_meta\" >\n\n\t\t\t\t\t\t\t<span\n\t\tclass=\"sbi_likes\" style=\"font-size: 13px;\" >\n\t\t<svg  style=\"font-size: 13px;\" class=\"svg-inline--fa fa-heart fa-w-18\" aria-hidden=\"true\" data-fa-processed=\"\" data-prefix=\"fa\" data-icon=\"heart\" role=\"presentation\" xmlns=\"http:\/\/www.w3.org\/2000\/svg\" viewBox=\"0 0 576 512\"><path fill=\"currentColor\" d=\"M414.9 24C361.8 24 312 65.7 288 89.3 264 65.7 214.2 24 161.1 24 70.3 24 16 76.9 16 165.5c0 72.6 66.8 133.3 69.2 135.4l187 180.8c8.8 8.5 22.8 8.5 31.6 0l186.7-180.2c2.7-2.7 69.5-63.5 69.5-136C560 76.9 505.7 24 414.9 24z\"><\/path><\/svg>\t\t14\t<\/span>\n\t<span\n\t\tclass=\"sbi_comments\" style=\"font-size: 13px;\" >\n\t\t<svg  style=\"font-size: 13px;\" class=\"svg-inline--fa fa-comment fa-w-18\" aria-hidden=\"true\" data-fa-processed=\"\" data-prefix=\"fa\" data-icon=\"comment\" role=\"presentation\" xmlns=\"http:\/\/www.w3.org\/2000\/svg\" viewBox=\"0 0 576 512\"><path fill=\"currentColor\" d=\"M576 240c0 115-129 208-288 208-48.3 0-93.9-8.6-133.9-23.8-40.3 31.2-89.8 50.3-142.4 55.7-5.2.6-10.2-2.8-11.5-7.7-1.3-5 2.7-8.1 6.6-11.8 19.3-18.4 42.7-32.8 51.9-94.6C21.9 330.9 0 287.3 0 240 0 125.1 129 32 288 32s288 93.1 288 208z\"><\/path><\/svg>\t\t0\t<\/span>\n\t\t\t\t\t<\/div>\n\t\t\t\t\n\t\t\t<\/div>\n\n\t\t\t<a class=\"sbi_link_area nofancybox\" rel=\"nofollow noopener\" href=\"https:\/\/scontent-bru2-1.cdninstagram.com\/v\/t39.30808-6\/764300793_1697774585687606_9051146080016647444_n.jpg?stp=dst-jpg_e35_tt6&#038;_nc_cat=105&#038;ccb=7-5&#038;_nc_sid=18de74&#038;efg=eyJlZmdfdGFnIjoiRkVFRC5iZXN0X2ltYWdlX3VybGdlbi5DMyJ9&#038;_nc_ohc=nSPwUk9MjJ0Q7kNvwGQFqce&#038;_nc_oc=AdrZTDYVhZA-UaB1hVY2UbGQnPiGA4_cVGFPumcfZ7ERcC6kXX5YK_I4015betorAdM&#038;_nc_zt=23&#038;_nc_ht=scontent-bru2-1.cdninstagram.com&#038;edm=ANo9K5cEAAAA&#038;_nc_gid=f8HCxtrkqFlcMWY05w_7uQ&#038;_nc_tpa=Q5bMBQLNhvKja50ft-MbXZYECaDdJekTdX3Q6LO_ahyDqv6X9-nw7rYLHHfAIa6NkChc35LKoO68W44_Wg&#038;oh=00_AQKT-dQBtM-Sz-FWh_tAu6yjm2rl3X0TbSW2laa66sXX1w&#038;oe=6A9FBE53\"\n\t\t\t   data-lightbox-sbi=\"\"\n\t\t\t   data-title=\"\u2728 En levant les yeux, on d\u00e9couvre l&#039;un des plus beaux tr\u00e9sors de la cath\u00e9drale Saint-\u00c9tienne de Toul.&lt;br&gt;\n&lt;br&gt;\nLa coupole de la chapelle Jean Forget d\u00e9voile toute la beaut\u00e9 de l&#039;architecture Renaissance. Sa vo\u00fbte \u00e0 caissons, baign\u00e9e par la lumi\u00e8re qui descend du lanternon, attire naturellement le regard vers le ciel.&lt;br&gt;\n&lt;br&gt;\nLes sculptures d\u00e9licates et l&#039;\u00e9l\u00e9gance de cette architecture cr\u00e9ent une atmosph\u00e8re paisible, o\u00f9 l&#039;on prend volontiers le temps de s&#039;arr\u00eater pour admirer chaque d\u00e9tail. \ud83e\udd0d&lt;br&gt;\n&lt;br&gt;\nUn v\u00e9ritable chef-d&#039;\u0153uvre qui rappelle que, parfois, il suffit de lever les yeux pour \u00eatre \u00e9merveill\u00e9. \u2728&lt;br&gt;\n&lt;br&gt;\n\u00a9MDT;N.M&lt;br&gt;\n&lt;br&gt;\n#Toul #Cath\u00e9draleDeToul #ChapelleJeanForget #Lorraine #GrandEst #Patrimoine #Architecture #Renaissance #MonumentHistorique #Histoire #D\u00e9couverte #PhotoDuJour\"\n\t\t\t   data-video=\"\"\n\t\t\t   data-carousel=\"\"\n\t\t\t   data-id=\"sbi_18120416860813864\" data-user=\"terrestouloises\"\n\t\t\t   data-url=\"https:\/\/www.instagram.com\/p\/Dbn8X0ujTZQ\/\" data-avatar=\"https:\/\/scontent-bru2-1.cdninstagram.com\/v\/t51.2885-19\/434581911_1095161461792456_1779633722141861464_n.jpg?stp=dst-jpg_s206x206_tt6&amp;_nc_cat=105&amp;ccb=7-5&amp;_nc_sid=bf7eb4&amp;efg=eyJ2ZW5jb2RlX3RhZyI6InByb2ZpbGVfcGljLnd3dy4zMTEuQzMifQ%3D%3D&amp;_nc_ohc=mRXezM4oizsQ7kNvwGjuoTF&amp;_nc_oc=Adq7sBi_Ua2A4b9UhkwBe2oKdvqYKVXLX4z6zU_ZE6w-XEalFp-LaUUck3lOipAccj8&amp;_nc_zt=24&amp;_nc_ht=scontent-bru2-1.cdninstagram.com&amp;edm=AP4hL3IEAAAA&amp;_nc_tpa=Q5bMBQKU-KSuQLWOMQPF6u7R_M2tn2N2TxfVOmaJ8l-AXUUVM_qQ_5YfnxF_1l8Al13ukLBJ3HtBdxZFHA&amp;oh=00_AQJZrjroXYoQRRgWHOAzyE-_mvo9LSSgSqp30DLfLywpTw&amp;oe=6A9FCFDB\"\n\t\t\t   data-account-type=\"business\"\n\t\t\t   data-iframe=''\n\t\t\t   data-media-type=\"feed\"\n\t\t\t   data-posted-on=\"\"\n\t\t\t   data-custom-avatar=\"\">\n\t\t\t\t<span class=\"sbi-screenreader\">\n\t\t\t\t\tOpen post by terrestouloises with ID 18120416860813864\t\t\t\t<\/span>\n\t\t\t\t\t\t\t<\/a>\n\t\t<\/div>\n\n\t\t<a class=\"sbi_photo\" target=\"_blank\" rel=\"nofollow noopener\" href=\"https:\/\/www.instagram.com\/p\/Dbn8X0ujTZQ\/\"\n\t\t   data-full-res=\"https:\/\/scontent-bru2-1.cdninstagram.com\/v\/t39.30808-6\/764300793_1697774585687606_9051146080016647444_n.jpg?stp=dst-jpg_e35_tt6&#038;_nc_cat=105&#038;ccb=7-5&#038;_nc_sid=18de74&#038;efg=eyJlZmdfdGFnIjoiRkVFRC5iZXN0X2ltYWdlX3VybGdlbi5DMyJ9&#038;_nc_ohc=nSPwUk9MjJ0Q7kNvwGQFqce&#038;_nc_oc=AdrZTDYVhZA-UaB1hVY2UbGQnPiGA4_cVGFPumcfZ7ERcC6kXX5YK_I4015betorAdM&#038;_nc_zt=23&#038;_nc_ht=scontent-bru2-1.cdninstagram.com&#038;edm=ANo9K5cEAAAA&#038;_nc_gid=f8HCxtrkqFlcMWY05w_7uQ&#038;_nc_tpa=Q5bMBQLNhvKja50ft-MbXZYECaDdJekTdX3Q6LO_ahyDqv6X9-nw7rYLHHfAIa6NkChc35LKoO68W44_Wg&#038;oh=00_AQKT-dQBtM-Sz-FWh_tAu6yjm2rl3X0TbSW2laa66sXX1w&#038;oe=6A9FBE53\"\n\t\t   data-img-src-set=\"{&quot;d&quot;:&quot;https:\\\/\\\/scontent-bru2-1.cdninstagram.com\\\/v\\\/t39.30808-6\\\/764300793_1697774585687606_9051146080016647444_n.jpg?stp=dst-jpg_e35_tt6&amp;_nc_cat=105&amp;ccb=7-5&amp;_nc_sid=18de74&amp;efg=eyJlZmdfdGFnIjoiRkVFRC5iZXN0X2ltYWdlX3VybGdlbi5DMyJ9&amp;_nc_ohc=nSPwUk9MjJ0Q7kNvwGQFqce&amp;_nc_oc=AdrZTDYVhZA-UaB1hVY2UbGQnPiGA4_cVGFPumcfZ7ERcC6kXX5YK_I4015betorAdM&amp;_nc_zt=23&amp;_nc_ht=scontent-bru2-1.cdninstagram.com&amp;edm=ANo9K5cEAAAA&amp;_nc_gid=f8HCxtrkqFlcMWY05w_7uQ&amp;_nc_tpa=Q5bMBQLNhvKja50ft-MbXZYECaDdJekTdX3Q6LO_ahyDqv6X9-nw7rYLHHfAIa6NkChc35LKoO68W44_Wg&amp;oh=00_AQKT-dQBtM-Sz-FWh_tAu6yjm2rl3X0TbSW2laa66sXX1w&amp;oe=6A9FBE53&quot;,&quot;150&quot;:&quot;https:\\\/\\\/scontent-bru2-1.cdninstagram.com\\\/v\\\/t39.30808-6\\\/764300793_1697774585687606_9051146080016647444_n.jpg?stp=dst-jpg_e35_tt6&amp;_nc_cat=105&amp;ccb=7-5&amp;_nc_sid=18de74&amp;efg=eyJlZmdfdGFnIjoiRkVFRC5iZXN0X2ltYWdlX3VybGdlbi5DMyJ9&amp;_nc_ohc=nSPwUk9MjJ0Q7kNvwGQFqce&amp;_nc_oc=AdrZTDYVhZA-UaB1hVY2UbGQnPiGA4_cVGFPumcfZ7ERcC6kXX5YK_I4015betorAdM&amp;_nc_zt=23&amp;_nc_ht=scontent-bru2-1.cdninstagram.com&amp;edm=ANo9K5cEAAAA&amp;_nc_gid=f8HCxtrkqFlcMWY05w_7uQ&amp;_nc_tpa=Q5bMBQLNhvKja50ft-MbXZYECaDdJekTdX3Q6LO_ahyDqv6X9-nw7rYLHHfAIa6NkChc35LKoO68W44_Wg&amp;oh=00_AQKT-dQBtM-Sz-FWh_tAu6yjm2rl3X0TbSW2laa66sXX1w&amp;oe=6A9FBE53&quot;,&quot;320&quot;:&quot;https:\\\/\\\/scontent-bru2-1.cdninstagram.com\\\/v\\\/t39.30808-6\\\/764300793_1697774585687606_9051146080016647444_n.jpg?stp=dst-jpg_e35_tt6&amp;_nc_cat=105&amp;ccb=7-5&amp;_nc_sid=18de74&amp;efg=eyJlZmdfdGFnIjoiRkVFRC5iZXN0X2ltYWdlX3VybGdlbi5DMyJ9&amp;_nc_ohc=nSPwUk9MjJ0Q7kNvwGQFqce&amp;_nc_oc=AdrZTDYVhZA-UaB1hVY2UbGQnPiGA4_cVGFPumcfZ7ERcC6kXX5YK_I4015betorAdM&amp;_nc_zt=23&amp;_nc_ht=scontent-bru2-1.cdninstagram.com&amp;edm=ANo9K5cEAAAA&amp;_nc_gid=f8HCxtrkqFlcMWY05w_7uQ&amp;_nc_tpa=Q5bMBQLNhvKja50ft-MbXZYECaDdJekTdX3Q6LO_ahyDqv6X9-nw7rYLHHfAIa6NkChc35LKoO68W44_Wg&amp;oh=00_AQKT-dQBtM-Sz-FWh_tAu6yjm2rl3X0TbSW2laa66sXX1w&amp;oe=6A9FBE53&quot;,&quot;640&quot;:&quot;https:\\\/\\\/scontent-bru2-1.cdninstagram.com\\\/v\\\/t39.30808-6\\\/764300793_1697774585687606_9051146080016647444_n.jpg?stp=dst-jpg_e35_tt6&amp;_nc_cat=105&amp;ccb=7-5&amp;_nc_sid=18de74&amp;efg=eyJlZmdfdGFnIjoiRkVFRC5iZXN0X2ltYWdlX3VybGdlbi5DMyJ9&amp;_nc_ohc=nSPwUk9MjJ0Q7kNvwGQFqce&amp;_nc_oc=AdrZTDYVhZA-UaB1hVY2UbGQnPiGA4_cVGFPumcfZ7ERcC6kXX5YK_I4015betorAdM&amp;_nc_zt=23&amp;_nc_ht=scontent-bru2-1.cdninstagram.com&amp;edm=ANo9K5cEAAAA&amp;_nc_gid=f8HCxtrkqFlcMWY05w_7uQ&amp;_nc_tpa=Q5bMBQLNhvKja50ft-MbXZYECaDdJekTdX3Q6LO_ahyDqv6X9-nw7rYLHHfAIa6NkChc35LKoO68W44_Wg&amp;oh=00_AQKT-dQBtM-Sz-FWh_tAu6yjm2rl3X0TbSW2laa66sXX1w&amp;oe=6A9FBE53&quot;}\" tabindex=\"-1\">\n\t\t\t<img decoding=\"async\" src=\"https:\/\/tourisme-terrestouloises.com\/wp-content\/plugins\/instagram-feed-pro\/img\/placeholder.png\" alt=\"\u2728 En levant les yeux, on d\u00e9couvre l&#039;un des plus beaux tr\u00e9sors de la cath\u00e9drale Saint-\u00c9tienne de Toul.\n\nLa coupole de la chapelle Jean Forget d\u00e9voile toute la beaut\u00e9 de l&#039;architecture Renaissance. Sa vo\u00fbte \u00e0 caissons, baign\u00e9e par la lumi\u00e8re qui descend du lanternon, attire naturellement le regard vers le ciel.\n\nLes sculptures d\u00e9licates et l&#039;\u00e9l\u00e9gance de cette architecture cr\u00e9ent une atmosph\u00e8re paisible, o\u00f9 l&#039;on prend volontiers le temps de s&#039;arr\u00eater pour admirer chaque d\u00e9tail. \ud83e\udd0d\n\nUn v\u00e9ritable chef-d&#039;\u0153uvre qui rappelle que, parfois, il suffit de lever les yeux pour \u00eatre \u00e9merveill\u00e9. \u2728\n\n\u00a9MDT;N.M\n\n#Toul #Cath\u00e9draleDeToul #ChapelleJeanForget #Lorraine #GrandEst #Patrimoine #Architecture #Renaissance #MonumentHistorique #Histoire #D\u00e9couverte #PhotoDuJour\">\n\t\t<\/a>\n\t<\/div>\n\n\n\t\t\n\t\t<div class=\"sbi_info_wrapper\">\n\t\t\t<div class=\"sbi_info \">\n\n\t\t\t\t\t\t\t\t\t<p class=\"sbi_caption_wrap\" >\n\t\t\t\t\t\t<span\n\t\t\t\t\t\t\tclass=\"sbi_caption\"  style=\"font-size: 12px;color: rgb(67,73,96);\" aria-hidden=\"true\">\u2728 En levant les yeux, on d\u00e9couvre l`un des plus beaux tr\u00e9sors de la cath\u00e9drale Saint-\u00c9tienne de Toul.<br><br>La coupole de la chapelle Jean Forget d\u00e9voile toute la beaut\u00e9 de l`architecture Renaissance. Sa vo\u00fbte \u00e0 caissons, baign\u00e9e par la lumi\u00e8re qui descend du lanternon, attire naturellement le regard vers le ciel.<br><br>Les sculptures d\u00e9licates et l`\u00e9l\u00e9gance de cette architecture cr\u00e9ent une atmosph\u00e8re paisible, o\u00f9 l`on prend volontiers le temps de s`arr\u00eater pour admirer chaque d\u00e9tail. \ud83e\udd0d<br><br>Un v\u00e9ritable chef-d`\u0153uvre qui rappelle que, parfois, il suffit de lever les yeux pour \u00eatre \u00e9merveill\u00e9. \u2728<br><br>\u00a9MDT;N.M<br><br>#Toul #Cath\u00e9draleDeToul #ChapelleJeanForget #Lorraine #GrandEst #Patrimoine #Architecture #Renaissance #MonumentHistorique #Histoire #D\u00e9couverte #PhotoDuJour<\/span>\n\t\t\t\t\t\t<span class=\"sbi_expand\">\n\t\t\t\t\t\t\t<button type=\"button\" class=\"sbi_more_btn\" aria-label=\"Show full caption\" aria-expanded=\"false\" style=\"background:none;border:0;padding:0;font:inherit;color:inherit;cursor:pointer;\"><span class=\"sbi_more\" aria-hidden=\"true\">...<\/span><\/button>\n\t\t\t\t\t\t<\/span>\n\t\t\t\t\t<\/p>\n\t\t\t\t\n\t\t\t\t<div class=\"sbi_meta_wrap\">\n\t\t\t\t\t\t\t\t\t\t\t<div\n\t\t\t\t\t\t\tclass=\"sbi_meta\" >\n\t\t\t\t\t\t\t\t<span\n\t\tclass=\"sbi_likes\"  style=\"font-size: 13px;\" \t\taria-label=\"14 likes\">\n\t\t<span>\n\t\t\t<svg  style=\"font-size: 13px;\" class=\"svg-inline--fa fa-heart fa-w-18\" aria-hidden=\"true\" data-fa-processed=\"\" data-prefix=\"fa\" data-icon=\"heart\" role=\"presentation\" xmlns=\"http:\/\/www.w3.org\/2000\/svg\" viewBox=\"0 0 576 512\"><path fill=\"currentColor\" d=\"M414.9 24C361.8 24 312 65.7 288 89.3 264 65.7 214.2 24 161.1 24 70.3 24 16 76.9 16 165.5c0 72.6 66.8 133.3 69.2 135.4l187 180.8c8.8 8.5 22.8 8.5 31.6 0l186.7-180.2c2.7-2.7 69.5-63.5 69.5-136C560 76.9 505.7 24 414.9 24z\"><\/path><\/svg>\t\t<\/span>\n\t\t14\t<\/span>\n\t<span\n\t\tclass=\"sbi_comments\"  style=\"font-size: 13px;\" \t\taria-label=\"0 comments\">\n\t\t<span>\n\t\t\t<svg  style=\"font-size: 13px;\" class=\"svg-inline--fa fa-comment fa-w-18\" aria-hidden=\"true\" data-fa-processed=\"\" data-prefix=\"fa\" data-icon=\"comment\" role=\"presentation\" xmlns=\"http:\/\/www.w3.org\/2000\/svg\" viewBox=\"0 0 576 512\"><path fill=\"currentColor\" d=\"M576 240c0 115-129 208-288 208-48.3 0-93.9-8.6-133.9-23.8-40.3 31.2-89.8 50.3-142.4 55.7-5.2.6-10.2-2.8-11.5-7.7-1.3-5 2.7-8.1 6.6-11.8 19.3-18.4 42.7-32.8 51.9-94.6C21.9 330.9 0 287.3 0 240 0 125.1 129 32 288 32s288 93.1 288 208z\"><\/path><\/svg>\t\t<\/span>\n\t\t0\t<\/span>\n\n\t\t\t\t\t\t\t\t\t\t\t\t\t<\/div>\n\t\t\t\t\t\n\t\t\t\t\t\t\t\t\t<\/div>\n\t\t\t<\/div>\n\t\t<\/div>\n\t<\/div>\n\n\t<div class=\"sbi-divider\"><\/div>\n<\/div>\n<div class=\"sbi_item sbi_type_image sbi_new sbi_transition\" role=\"listitem\"\t id=\"sbi_18362484124240742\" data-date=\"1785657631\"\n\t data-numcomments=\"0\" data-template=\"ft_default\">\n\t<div class=\"sbi_inner_wrap\" >\n\n\t\t\n\t\t\t<div class=\"sbi_photo_wrap\" >\n\t\t\t\t\t\t\n\t\t<div  style=\"background: rgba(0,0,0,0.85)\"  class=\"sbi_link \" >\n\t\t\t<div class=\"sbi_hover_top\">\n\n\t\t\t\t\t<p class=\"sbi_hover_caption_wrap\"\n\t\t>\n\t\t<span\n\t\t\tclass=\"sbi_caption\">\ud83c\udf47 Entre ciel et vignes, l`\u00e2me des C\u00f4tes de Toul \ud83d\udc9a<br><br>Sous un ciel \u00e9clatant, les rangs de vignes s`\u00e9tendent au pied de l`\u00e9glise de Bruley, offrant un paysage embl\u00e9matique du vignoble des C\u00f4tes de Toul. \ud83c\udf3f<br><br>Ici, chaque vignoble raconte une histoire fa\u00e7onn\u00e9e par la passion des vignerons, un terroir unique et un savoir-faire transmis de g\u00e9n\u00e9ration en g\u00e9n\u00e9ration. C`est dans ces paysages que naissent des vins de caract\u00e8re, reflet de la Lorraine et de son patrimoine.<br><br>\ud83c\udf77 Avez-vous d\u00e9j\u00e0 eu l`occasion de d\u00e9couvrir les C\u00f4tes de Toul ? <br><br>\u00a9MDT, SB<br><br>#CotesDeToul #Vignoble #Lorraine #Bruley #Vin #Terroir #Viticulture #Patrimoine #Nature #Paysage #FrenchWine #ExploreLorraine #Vignes #Tourisme<\/span>\n\t<\/p>\n\n\t\t\t<\/div>\n\n\t\t\t\n\t\t\t<div class=\"sbi_hover_bottom \" >\n\n\t\t\t\t\n\t\t\t\t\t\t\t\t\t<div\n\t\t\t\t\t\tclass=\"sbi_meta\" >\n\n\t\t\t\t\t\t\t<span\n\t\tclass=\"sbi_likes\" style=\"font-size: 13px;\" >\n\t\t<svg  style=\"font-size: 13px;\" class=\"svg-inline--fa fa-heart fa-w-18\" aria-hidden=\"true\" data-fa-processed=\"\" data-prefix=\"fa\" data-icon=\"heart\" role=\"presentation\" xmlns=\"http:\/\/www.w3.org\/2000\/svg\" viewBox=\"0 0 576 512\"><path fill=\"currentColor\" d=\"M414.9 24C361.8 24 312 65.7 288 89.3 264 65.7 214.2 24 161.1 24 70.3 24 16 76.9 16 165.5c0 72.6 66.8 133.3 69.2 135.4l187 180.8c8.8 8.5 22.8 8.5 31.6 0l186.7-180.2c2.7-2.7 69.5-63.5 69.5-136C560 76.9 505.7 24 414.9 24z\"><\/path><\/svg>\t\t16\t<\/span>\n\t<span\n\t\tclass=\"sbi_comments\" style=\"font-size: 13px;\" >\n\t\t<svg  style=\"font-size: 13px;\" class=\"svg-inline--fa fa-comment fa-w-18\" aria-hidden=\"true\" data-fa-processed=\"\" data-prefix=\"fa\" data-icon=\"comment\" role=\"presentation\" xmlns=\"http:\/\/www.w3.org\/2000\/svg\" viewBox=\"0 0 576 512\"><path fill=\"currentColor\" d=\"M576 240c0 115-129 208-288 208-48.3 0-93.9-8.6-133.9-23.8-40.3 31.2-89.8 50.3-142.4 55.7-5.2.6-10.2-2.8-11.5-7.7-1.3-5 2.7-8.1 6.6-11.8 19.3-18.4 42.7-32.8 51.9-94.6C21.9 330.9 0 287.3 0 240 0 125.1 129 32 288 32s288 93.1 288 208z\"><\/path><\/svg>\t\t0\t<\/span>\n\t\t\t\t\t<\/div>\n\t\t\t\t\n\t\t\t<\/div>\n\n\t\t\t<a class=\"sbi_link_area nofancybox\" rel=\"nofollow noopener\" href=\"https:\/\/scontent-bru2-1.cdninstagram.com\/v\/t39.30808-6\/759803584_1693652912766440_2896844913800255167_n.jpg?stp=dst-jpg_e35_tt6&#038;_nc_cat=102&#038;ccb=7-5&#038;_nc_sid=18de74&#038;efg=eyJlZmdfdGFnIjoiRkVFRC5iZXN0X2ltYWdlX3VybGdlbi5DMyJ9&#038;_nc_ohc=ZZeAzzlN9BYQ7kNvwEZ1gFt&#038;_nc_oc=AdqVF7kyCqim-2exUjoRvONx2pYk8M0RBcsh0Vig6tyfSr1N77zrG-K49vWsie92vro&#038;_nc_zt=23&#038;_nc_ht=scontent-bru2-1.cdninstagram.com&#038;edm=ANo9K5cEAAAA&#038;_nc_gid=f8HCxtrkqFlcMWY05w_7uQ&#038;_nc_tpa=Q5bMBQJYKsgJtaNstlCadluSTTD2BRQ71jXLuauI_hFaJpL07IlPkKYrLWmHhWJ7LAZrK3i_RtmTHUdQcQ&#038;oh=00_AQKYf5wukh-lePjy2rDeNWBqQAG6yTkNJK3O_HNvZjWtXg&#038;oe=6A9FCE21\"\n\t\t\t   data-lightbox-sbi=\"\"\n\t\t\t   data-title=\"\ud83c\udf47 Entre ciel et vignes, l&#039;\u00e2me des C\u00f4tes de Toul \ud83d\udc9a&lt;br&gt;\n&lt;br&gt;\nSous un ciel \u00e9clatant, les rangs de vignes s&#039;\u00e9tendent au pied de l&#039;\u00e9glise de Bruley, offrant un paysage embl\u00e9matique du vignoble des C\u00f4tes de Toul. \ud83c\udf3f&lt;br&gt;\n&lt;br&gt;\nIci, chaque vignoble raconte une histoire fa\u00e7onn\u00e9e par la passion des vignerons, un terroir unique et un savoir-faire transmis de g\u00e9n\u00e9ration en g\u00e9n\u00e9ration. C&#039;est dans ces paysages que naissent des vins de caract\u00e8re, reflet de la Lorraine et de son patrimoine.&lt;br&gt;\n&lt;br&gt;\n\ud83c\udf77 Avez-vous d\u00e9j\u00e0 eu l&#039;occasion de d\u00e9couvrir les C\u00f4tes de Toul ? &lt;br&gt;\n&lt;br&gt;\n\u00a9MDT, SB&lt;br&gt;\n&lt;br&gt;\n#CotesDeToul #Vignoble #Lorraine #Bruley #Vin #Terroir #Viticulture #Patrimoine #Nature #Paysage #FrenchWine #ExploreLorraine #Vignes #Tourisme\"\n\t\t\t   data-video=\"\"\n\t\t\t   data-carousel=\"\"\n\t\t\t   data-id=\"sbi_18362484124240742\" data-user=\"terrestouloises\"\n\t\t\t   data-url=\"https:\/\/www.instagram.com\/p\/Dbh74TVCQV3\/\" data-avatar=\"https:\/\/scontent-bru2-1.cdninstagram.com\/v\/t51.2885-19\/434581911_1095161461792456_1779633722141861464_n.jpg?stp=dst-jpg_s206x206_tt6&amp;_nc_cat=105&amp;ccb=7-5&amp;_nc_sid=bf7eb4&amp;efg=eyJ2ZW5jb2RlX3RhZyI6InByb2ZpbGVfcGljLnd3dy4zMTEuQzMifQ%3D%3D&amp;_nc_ohc=mRXezM4oizsQ7kNvwGjuoTF&amp;_nc_oc=Adq7sBi_Ua2A4b9UhkwBe2oKdvqYKVXLX4z6zU_ZE6w-XEalFp-LaUUck3lOipAccj8&amp;_nc_zt=24&amp;_nc_ht=scontent-bru2-1.cdninstagram.com&amp;edm=AP4hL3IEAAAA&amp;_nc_tpa=Q5bMBQKU-KSuQLWOMQPF6u7R_M2tn2N2TxfVOmaJ8l-AXUUVM_qQ_5YfnxF_1l8Al13ukLBJ3HtBdxZFHA&amp;oh=00_AQJZrjroXYoQRRgWHOAzyE-_mvo9LSSgSqp30DLfLywpTw&amp;oe=6A9FCFDB\"\n\t\t\t   data-account-type=\"business\"\n\t\t\t   data-iframe=''\n\t\t\t   data-media-type=\"feed\"\n\t\t\t   data-posted-on=\"\"\n\t\t\t   data-custom-avatar=\"\">\n\t\t\t\t<span class=\"sbi-screenreader\">\n\t\t\t\t\tOpen post by terrestouloises with ID 18362484124240742\t\t\t\t<\/span>\n\t\t\t\t\t\t\t<\/a>\n\t\t<\/div>\n\n\t\t<a class=\"sbi_photo\" target=\"_blank\" rel=\"nofollow noopener\" href=\"https:\/\/www.instagram.com\/p\/Dbh74TVCQV3\/\"\n\t\t   data-full-res=\"https:\/\/scontent-bru2-1.cdninstagram.com\/v\/t39.30808-6\/759803584_1693652912766440_2896844913800255167_n.jpg?stp=dst-jpg_e35_tt6&#038;_nc_cat=102&#038;ccb=7-5&#038;_nc_sid=18de74&#038;efg=eyJlZmdfdGFnIjoiRkVFRC5iZXN0X2ltYWdlX3VybGdlbi5DMyJ9&#038;_nc_ohc=ZZeAzzlN9BYQ7kNvwEZ1gFt&#038;_nc_oc=AdqVF7kyCqim-2exUjoRvONx2pYk8M0RBcsh0Vig6tyfSr1N77zrG-K49vWsie92vro&#038;_nc_zt=23&#038;_nc_ht=scontent-bru2-1.cdninstagram.com&#038;edm=ANo9K5cEAAAA&#038;_nc_gid=f8HCxtrkqFlcMWY05w_7uQ&#038;_nc_tpa=Q5bMBQJYKsgJtaNstlCadluSTTD2BRQ71jXLuauI_hFaJpL07IlPkKYrLWmHhWJ7LAZrK3i_RtmTHUdQcQ&#038;oh=00_AQKYf5wukh-lePjy2rDeNWBqQAG6yTkNJK3O_HNvZjWtXg&#038;oe=6A9FCE21\"\n\t\t   data-img-src-set=\"{&quot;d&quot;:&quot;https:\\\/\\\/scontent-bru2-1.cdninstagram.com\\\/v\\\/t39.30808-6\\\/759803584_1693652912766440_2896844913800255167_n.jpg?stp=dst-jpg_e35_tt6&amp;_nc_cat=102&amp;ccb=7-5&amp;_nc_sid=18de74&amp;efg=eyJlZmdfdGFnIjoiRkVFRC5iZXN0X2ltYWdlX3VybGdlbi5DMyJ9&amp;_nc_ohc=ZZeAzzlN9BYQ7kNvwEZ1gFt&amp;_nc_oc=AdqVF7kyCqim-2exUjoRvONx2pYk8M0RBcsh0Vig6tyfSr1N77zrG-K49vWsie92vro&amp;_nc_zt=23&amp;_nc_ht=scontent-bru2-1.cdninstagram.com&amp;edm=ANo9K5cEAAAA&amp;_nc_gid=f8HCxtrkqFlcMWY05w_7uQ&amp;_nc_tpa=Q5bMBQJYKsgJtaNstlCadluSTTD2BRQ71jXLuauI_hFaJpL07IlPkKYrLWmHhWJ7LAZrK3i_RtmTHUdQcQ&amp;oh=00_AQKYf5wukh-lePjy2rDeNWBqQAG6yTkNJK3O_HNvZjWtXg&amp;oe=6A9FCE21&quot;,&quot;150&quot;:&quot;https:\\\/\\\/scontent-bru2-1.cdninstagram.com\\\/v\\\/t39.30808-6\\\/759803584_1693652912766440_2896844913800255167_n.jpg?stp=dst-jpg_e35_tt6&amp;_nc_cat=102&amp;ccb=7-5&amp;_nc_sid=18de74&amp;efg=eyJlZmdfdGFnIjoiRkVFRC5iZXN0X2ltYWdlX3VybGdlbi5DMyJ9&amp;_nc_ohc=ZZeAzzlN9BYQ7kNvwEZ1gFt&amp;_nc_oc=AdqVF7kyCqim-2exUjoRvONx2pYk8M0RBcsh0Vig6tyfSr1N77zrG-K49vWsie92vro&amp;_nc_zt=23&amp;_nc_ht=scontent-bru2-1.cdninstagram.com&amp;edm=ANo9K5cEAAAA&amp;_nc_gid=f8HCxtrkqFlcMWY05w_7uQ&amp;_nc_tpa=Q5bMBQJYKsgJtaNstlCadluSTTD2BRQ71jXLuauI_hFaJpL07IlPkKYrLWmHhWJ7LAZrK3i_RtmTHUdQcQ&amp;oh=00_AQKYf5wukh-lePjy2rDeNWBqQAG6yTkNJK3O_HNvZjWtXg&amp;oe=6A9FCE21&quot;,&quot;320&quot;:&quot;https:\\\/\\\/scontent-bru2-1.cdninstagram.com\\\/v\\\/t39.30808-6\\\/759803584_1693652912766440_2896844913800255167_n.jpg?stp=dst-jpg_e35_tt6&amp;_nc_cat=102&amp;ccb=7-5&amp;_nc_sid=18de74&amp;efg=eyJlZmdfdGFnIjoiRkVFRC5iZXN0X2ltYWdlX3VybGdlbi5DMyJ9&amp;_nc_ohc=ZZeAzzlN9BYQ7kNvwEZ1gFt&amp;_nc_oc=AdqVF7kyCqim-2exUjoRvONx2pYk8M0RBcsh0Vig6tyfSr1N77zrG-K49vWsie92vro&amp;_nc_zt=23&amp;_nc_ht=scontent-bru2-1.cdninstagram.com&amp;edm=ANo9K5cEAAAA&amp;_nc_gid=f8HCxtrkqFlcMWY05w_7uQ&amp;_nc_tpa=Q5bMBQJYKsgJtaNstlCadluSTTD2BRQ71jXLuauI_hFaJpL07IlPkKYrLWmHhWJ7LAZrK3i_RtmTHUdQcQ&amp;oh=00_AQKYf5wukh-lePjy2rDeNWBqQAG6yTkNJK3O_HNvZjWtXg&amp;oe=6A9FCE21&quot;,&quot;640&quot;:&quot;https:\\\/\\\/scontent-bru2-1.cdninstagram.com\\\/v\\\/t39.30808-6\\\/759803584_1693652912766440_2896844913800255167_n.jpg?stp=dst-jpg_e35_tt6&amp;_nc_cat=102&amp;ccb=7-5&amp;_nc_sid=18de74&amp;efg=eyJlZmdfdGFnIjoiRkVFRC5iZXN0X2ltYWdlX3VybGdlbi5DMyJ9&amp;_nc_ohc=ZZeAzzlN9BYQ7kNvwEZ1gFt&amp;_nc_oc=AdqVF7kyCqim-2exUjoRvONx2pYk8M0RBcsh0Vig6tyfSr1N77zrG-K49vWsie92vro&amp;_nc_zt=23&amp;_nc_ht=scontent-bru2-1.cdninstagram.com&amp;edm=ANo9K5cEAAAA&amp;_nc_gid=f8HCxtrkqFlcMWY05w_7uQ&amp;_nc_tpa=Q5bMBQJYKsgJtaNstlCadluSTTD2BRQ71jXLuauI_hFaJpL07IlPkKYrLWmHhWJ7LAZrK3i_RtmTHUdQcQ&amp;oh=00_AQKYf5wukh-lePjy2rDeNWBqQAG6yTkNJK3O_HNvZjWtXg&amp;oe=6A9FCE21&quot;}\" tabindex=\"-1\">\n\t\t\t<img decoding=\"async\" src=\"https:\/\/tourisme-terrestouloises.com\/wp-content\/plugins\/instagram-feed-pro\/img\/placeholder.png\" alt=\"\ud83c\udf47 Entre ciel et vignes, l&#039;\u00e2me des C\u00f4tes de Toul \ud83d\udc9a\n\nSous un ciel \u00e9clatant, les rangs de vignes s&#039;\u00e9tendent au pied de l&#039;\u00e9glise de Bruley, offrant un paysage embl\u00e9matique du vignoble des C\u00f4tes de Toul. \ud83c\udf3f\n\nIci, chaque vignoble raconte une histoire fa\u00e7onn\u00e9e par la passion des vignerons, un terroir unique et un savoir-faire transmis de g\u00e9n\u00e9ration en g\u00e9n\u00e9ration. C&#039;est dans ces paysages que naissent des vins de caract\u00e8re, reflet de la Lorraine et de son patrimoine.\n\n\ud83c\udf77 Avez-vous d\u00e9j\u00e0 eu l&#039;occasion de d\u00e9couvrir les C\u00f4tes de Toul ? \n\n\u00a9MDT, SB\n\n#CotesDeToul #Vignoble #Lorraine #Bruley #Vin #Terroir #Viticulture #Patrimoine #Nature #Paysage #FrenchWine #ExploreLorraine #Vignes #Tourisme\">\n\t\t<\/a>\n\t<\/div>\n\n\n\t\t\n\t\t<div class=\"sbi_info_wrapper\">\n\t\t\t<div class=\"sbi_info \">\n\n\t\t\t\t\t\t\t\t\t<p class=\"sbi_caption_wrap\" >\n\t\t\t\t\t\t<span\n\t\t\t\t\t\t\tclass=\"sbi_caption\"  style=\"font-size: 12px;color: rgb(67,73,96);\" aria-hidden=\"true\">\ud83c\udf47 Entre ciel et vignes, l`\u00e2me des C\u00f4tes de Toul \ud83d\udc9a<br><br>Sous un ciel \u00e9clatant, les rangs de vignes s`\u00e9tendent au pied de l`\u00e9glise de Bruley, offrant un paysage embl\u00e9matique du vignoble des C\u00f4tes de Toul. \ud83c\udf3f<br><br>Ici, chaque vignoble raconte une histoire fa\u00e7onn\u00e9e par la passion des vignerons, un terroir unique et un savoir-faire transmis de g\u00e9n\u00e9ration en g\u00e9n\u00e9ration. C`est dans ces paysages que naissent des vins de caract\u00e8re, reflet de la Lorraine et de son patrimoine.<br><br>\ud83c\udf77 Avez-vous d\u00e9j\u00e0 eu l`occasion de d\u00e9couvrir les C\u00f4tes de Toul ? <br><br>\u00a9MDT, SB<br><br>#CotesDeToul #Vignoble #Lorraine #Bruley #Vin #Terroir #Viticulture #Patrimoine #Nature #Paysage #FrenchWine #ExploreLorraine #Vignes #Tourisme<\/span>\n\t\t\t\t\t\t<span class=\"sbi_expand\">\n\t\t\t\t\t\t\t<button type=\"button\" class=\"sbi_more_btn\" aria-label=\"Show full caption\" aria-expanded=\"false\" style=\"background:none;border:0;padding:0;font:inherit;color:inherit;cursor:pointer;\"><span class=\"sbi_more\" aria-hidden=\"true\">...<\/span><\/button>\n\t\t\t\t\t\t<\/span>\n\t\t\t\t\t<\/p>\n\t\t\t\t\n\t\t\t\t<div class=\"sbi_meta_wrap\">\n\t\t\t\t\t\t\t\t\t\t\t<div\n\t\t\t\t\t\t\tclass=\"sbi_meta\" >\n\t\t\t\t\t\t\t\t<span\n\t\tclass=\"sbi_likes\"  style=\"font-size: 13px;\" \t\taria-label=\"16 likes\">\n\t\t<span>\n\t\t\t<svg  style=\"font-size: 13px;\" class=\"svg-inline--fa fa-heart fa-w-18\" aria-hidden=\"true\" data-fa-processed=\"\" data-prefix=\"fa\" data-icon=\"heart\" role=\"presentation\" xmlns=\"http:\/\/www.w3.org\/2000\/svg\" viewBox=\"0 0 576 512\"><path fill=\"currentColor\" d=\"M414.9 24C361.8 24 312 65.7 288 89.3 264 65.7 214.2 24 161.1 24 70.3 24 16 76.9 16 165.5c0 72.6 66.8 133.3 69.2 135.4l187 180.8c8.8 8.5 22.8 8.5 31.6 0l186.7-180.2c2.7-2.7 69.5-63.5 69.5-136C560 76.9 505.7 24 414.9 24z\"><\/path><\/svg>\t\t<\/span>\n\t\t16\t<\/span>\n\t<span\n\t\tclass=\"sbi_comments\"  style=\"font-size: 13px;\" \t\taria-label=\"0 comments\">\n\t\t<span>\n\t\t\t<svg  style=\"font-size: 13px;\" class=\"svg-inline--fa fa-comment fa-w-18\" aria-hidden=\"true\" data-fa-processed=\"\" data-prefix=\"fa\" data-icon=\"comment\" role=\"presentation\" xmlns=\"http:\/\/www.w3.org\/2000\/svg\" viewBox=\"0 0 576 512\"><path fill=\"currentColor\" d=\"M576 240c0 115-129 208-288 208-48.3 0-93.9-8.6-133.9-23.8-40.3 31.2-89.8 50.3-142.4 55.7-5.2.6-10.2-2.8-11.5-7.7-1.3-5 2.7-8.1 6.6-11.8 19.3-18.4 42.7-32.8 51.9-94.6C21.9 330.9 0 287.3 0 240 0 125.1 129 32 288 32s288 93.1 288 208z\"><\/path><\/svg>\t\t<\/span>\n\t\t0\t<\/span>\n\n\t\t\t\t\t\t\t\t\t\t\t\t\t<\/div>\n\t\t\t\t\t\n\t\t\t\t\t\t\t\t\t<\/div>\n\t\t\t<\/div>\n\t\t<\/div>\n\t<\/div>\n\n\t<div class=\"sbi-divider\"><\/div>\n<\/div>\n<div class=\"sbi_item sbi_type_carousel sbi_new sbi_transition\" role=\"listitem\"\t id=\"sbi_18059638460742022\" data-date=\"1785427209\"\n\t data-numcomments=\"0\" data-template=\"ft_default\">\n\t<div class=\"sbi_inner_wrap\" >\n\n\t\t\n\t\t\t<div class=\"sbi_photo_wrap\" >\n\t\t\t\t<svg class=\"svg-inline--fa fa-clone fa-w-16 sbi_lightbox_carousel_icon\" aria-hidden=\"true\" aria-label=\"Clone\" data-fa-pro\u0192cessed=\"\" data-prefix=\"far\" data-icon=\"clone\" role=\"img\" xmlns=\"http:\/\/www.w3.org\/2000\/svg\" viewBox=\"0 0 512 512\">\n                    <path fill=\"currentColor\" d=\"M464 0H144c-26.51 0-48 21.49-48 48v48H48c-26.51 0-48 21.49-48 48v320c0 26.51 21.49 48 48 48h320c26.51 0 48-21.49 48-48v-48h48c26.51 0 48-21.49 48-48V48c0-26.51-21.49-48-48-48zM362 464H54a6 6 0 0 1-6-6V150a6 6 0 0 1 6-6h42v224c0 26.51 21.49 48 48 48h224v42a6 6 0 0 1-6 6zm96-96H150a6 6 0 0 1-6-6V54a6 6 0 0 1 6-6h308a6 6 0 0 1 6 6v308a6 6 0 0 1-6 6z\"><\/path>\n                <\/svg>\t\t\n\t\t<div  style=\"background: rgba(0,0,0,0.85)\"  class=\"sbi_link \" >\n\t\t\t<div class=\"sbi_hover_top\">\n\n\t\t\t\t\t<p class=\"sbi_hover_caption_wrap\"\n\t\t>\n\t\t<span\n\t\t\tclass=\"sbi_caption\">\ud83c\udf3f \u00c0 la d\u00e9couverte du Marais de Lay-Saint-R\u00e9my \ud83c\udf3f<br><br>Envie d`une parenth\u00e8se nature au c\u0153ur du Toulois ? Le Marais de Lay-Saint-R\u00e9my vous invite \u00e0 une balade paisible sur ses passerelles en bois, au milieu d`un espace naturel pr\u00e9serv\u00e9. \ud83c\udf3e\ud83d\udc9a<br><br>Occupant l`ancien lit de la Moselle il y a pr\u00e8s de 350 000 ans, ce site abrite une tourbi\u00e8re alcaline form\u00e9e depuis environ 2 000 ans, offrant un refuge \u00e0 une biodiversit\u00e9 exceptionnelle.<br><br>Au fil du sentier, laissez-vous porter par le calme des lieux, observez la richesse de la faune et de la flore, et profitez d`un v\u00e9ritable havre de paix. \ud83c\udf43<br><br>\ud83e\udd7e Acc\u00e8s libre toute l`ann\u00e9e<br>\ud83d\udcf8 Une balade id\u00e9ale pour les amoureux de nature, de randonn\u00e9e et de photographie.<br><br>Avez-vous d\u00e9j\u00e0 d\u00e9couvert ce petit coin de nature ? \ud83d\udc9a<br><br> #Toulois #meurtheetmoselle #lorraine #grandest #nature #baladenature #Faune #flore #paysage #randonn\u00e9e #d\u00e9couverte #PatrimoineNaturel #outdoor<\/span>\n\t<\/p>\n\n\t\t\t<\/div>\n\n\t\t\t\n\t\t\t<div class=\"sbi_hover_bottom \" >\n\n\t\t\t\t\n\t\t\t\t\t\t\t\t\t<div\n\t\t\t\t\t\tclass=\"sbi_meta\" >\n\n\t\t\t\t\t\t\t<span\n\t\tclass=\"sbi_likes\" style=\"font-size: 13px;\" >\n\t\t<svg  style=\"font-size: 13px;\" class=\"svg-inline--fa fa-heart fa-w-18\" aria-hidden=\"true\" data-fa-processed=\"\" data-prefix=\"fa\" data-icon=\"heart\" role=\"presentation\" xmlns=\"http:\/\/www.w3.org\/2000\/svg\" viewBox=\"0 0 576 512\"><path fill=\"currentColor\" d=\"M414.9 24C361.8 24 312 65.7 288 89.3 264 65.7 214.2 24 161.1 24 70.3 24 16 76.9 16 165.5c0 72.6 66.8 133.3 69.2 135.4l187 180.8c8.8 8.5 22.8 8.5 31.6 0l186.7-180.2c2.7-2.7 69.5-63.5 69.5-136C560 76.9 505.7 24 414.9 24z\"><\/path><\/svg>\t\t17\t<\/span>\n\t<span\n\t\tclass=\"sbi_comments\" style=\"font-size: 13px;\" >\n\t\t<svg  style=\"font-size: 13px;\" class=\"svg-inline--fa fa-comment fa-w-18\" aria-hidden=\"true\" data-fa-processed=\"\" data-prefix=\"fa\" data-icon=\"comment\" role=\"presentation\" xmlns=\"http:\/\/www.w3.org\/2000\/svg\" viewBox=\"0 0 576 512\"><path fill=\"currentColor\" d=\"M576 240c0 115-129 208-288 208-48.3 0-93.9-8.6-133.9-23.8-40.3 31.2-89.8 50.3-142.4 55.7-5.2.6-10.2-2.8-11.5-7.7-1.3-5 2.7-8.1 6.6-11.8 19.3-18.4 42.7-32.8 51.9-94.6C21.9 330.9 0 287.3 0 240 0 125.1 129 32 288 32s288 93.1 288 208z\"><\/path><\/svg>\t\t0\t<\/span>\n\t\t\t\t\t<\/div>\n\t\t\t\t\n\t\t\t<\/div>\n\n\t\t\t<a class=\"sbi_link_area nofancybox\" rel=\"nofollow noopener\" href=\"https:\/\/scontent-bru2-1.cdninstagram.com\/v\/t39.30808-6\/759776527_1692624702869261_7253348309349401626_n.jpg?stp=dst-jpg_e35_tt6&#038;_nc_cat=104&#038;ccb=7-5&#038;_nc_sid=18de74&#038;efg=eyJlZmdfdGFnIjoiQ0FST1VTRUxfSVRFTS5iZXN0X2ltYWdlX3VybGdlbi5DMyJ9&#038;_nc_ohc=9Wya8XjqtcsQ7kNvwHtCfkZ&#038;_nc_oc=Ado-MMiV1xAmpiBFrOJEgvnKwNz3edf1oPw9rgLSWTQVyiZx7l_g7ZSTZrvWtS9hwhk&#038;_nc_zt=23&#038;_nc_ht=scontent-bru2-1.cdninstagram.com&#038;edm=ANo9K5cEAAAA&#038;_nc_gid=f8HCxtrkqFlcMWY05w_7uQ&#038;_nc_tpa=Q5bMBQK4xjVtRIipw_bytz1bjhuVpi2nHKBAVyGTAx0OqCctZzI6BXUdSZkbOH078xOuzMNXiVrRk5OzRw&#038;oh=00_AQJD2fUmL9Xe9uLgJkVxFWuQP6PebP8U2WY_aA-_H4pRuQ&#038;oe=6A9FE919\"\n\t\t\t   data-lightbox-sbi=\"\"\n\t\t\t   data-title=\"\ud83c\udf3f \u00c0 la d\u00e9couverte du Marais de Lay-Saint-R\u00e9my \ud83c\udf3f&lt;br&gt;\n&lt;br&gt;\nEnvie d&#039;une parenth\u00e8se nature au c\u0153ur du Toulois ? Le Marais de Lay-Saint-R\u00e9my vous invite \u00e0 une balade paisible sur ses passerelles en bois, au milieu d&#039;un espace naturel pr\u00e9serv\u00e9. \ud83c\udf3e\ud83d\udc9a&lt;br&gt;\n&lt;br&gt;\nOccupant l&#039;ancien lit de la Moselle il y a pr\u00e8s de 350 000 ans, ce site abrite une tourbi\u00e8re alcaline form\u00e9e depuis environ 2 000 ans, offrant un refuge \u00e0 une biodiversit\u00e9 exceptionnelle.&lt;br&gt;\n&lt;br&gt;\nAu fil du sentier, laissez-vous porter par le calme des lieux, observez la richesse de la faune et de la flore, et profitez d&#039;un v\u00e9ritable havre de paix. \ud83c\udf43&lt;br&gt;\n&lt;br&gt;\n\ud83e\udd7e Acc\u00e8s libre toute l&#039;ann\u00e9e&lt;br&gt;\n\ud83d\udcf8 Une balade id\u00e9ale pour les amoureux de nature, de randonn\u00e9e et de photographie.&lt;br&gt;\n&lt;br&gt;\nAvez-vous d\u00e9j\u00e0 d\u00e9couvert ce petit coin de nature ? \ud83d\udc9a&lt;br&gt;\n&lt;br&gt;\n #Toulois #meurtheetmoselle #lorraine #grandest #nature #baladenature #Faune #flore #paysage #randonn\u00e9e #d\u00e9couverte #PatrimoineNaturel #outdoor\"\n\t\t\t   data-video=\"\"\n\t\t\t   data-carousel=\"{&quot;data&quot;:[{&quot;type&quot;:&quot;image&quot;,&quot;media&quot;:&quot;https:\\\/\\\/scontent-bru2-1.cdninstagram.com\\\/v\\\/t39.30808-6\\\/759776527_1692624702869261_7253348309349401626_n.jpg?stp=dst-jpg_e35_tt6&amp;_nc_cat=104&amp;ccb=7-5&amp;_nc_sid=18de74&amp;efg=eyJlZmdfdGFnIjoiQ0FST1VTRUxfSVRFTS5iZXN0X2ltYWdlX3VybGdlbi5DMyJ9&amp;_nc_ohc=9Wya8XjqtcsQ7kNvwHtCfkZ&amp;_nc_oc=Ado-MMiV1xAmpiBFrOJEgvnKwNz3edf1oPw9rgLSWTQVyiZx7l_g7ZSTZrvWtS9hwhk&amp;_nc_zt=23&amp;_nc_ht=scontent-bru2-1.cdninstagram.com&amp;edm=ANo9K5cEAAAA&amp;_nc_gid=f8HCxtrkqFlcMWY05w_7uQ&amp;_nc_tpa=Q5bMBQIF1vmMXVRGn-r-jqdLNUzBIpecq_JafnvMjPIrczx_2bYTWazI7EclPQGIPe4fhR_4HqBAoMqo_A&amp;oh=00_AQJMlj2g8zsd2v2QvgVX_OV2oeFFKUVJCMQFvB0Z9BLAoQ&amp;oe=6A9FE919&quot;},{&quot;type&quot;:&quot;image&quot;,&quot;media&quot;:&quot;https:\\\/\\\/scontent-bru2-1.cdninstagram.com\\\/v\\\/t39.30808-6\\\/758264708_1692624679535930_2338538116805281147_n.jpg?stp=dst-jpg_e35_tt6&amp;_nc_cat=105&amp;ccb=7-5&amp;_nc_sid=18de74&amp;efg=eyJlZmdfdGFnIjoiQ0FST1VTRUxfSVRFTS5iZXN0X2ltYWdlX3VybGdlbi5DMyJ9&amp;_nc_ohc=XpBPNOf7MFsQ7kNvwGFh9d1&amp;_nc_oc=Adoq_E2wsYKE3-KoxnfFo70NINTxZuWmvvppKJ5dThc8GutdQZR4ctednXOzK0gWFDc&amp;_nc_zt=23&amp;_nc_ht=scontent-bru2-1.cdninstagram.com&amp;edm=ANo9K5cEAAAA&amp;_nc_gid=f8HCxtrkqFlcMWY05w_7uQ&amp;_nc_tpa=Q5bMBQLpgcvvkr_BSk9sa2JrUpSA253ZX6gXshx0pmQetUcw06w2YTQjR7OIOgFXbVMna3gYvOn8qAC-1g&amp;oh=00_AQKnfXgRXyhSRtgK6o9Yr4BvWBmbRuz4U_G-rQzWTcsYSw&amp;oe=6A9FD7A6&quot;},{&quot;type&quot;:&quot;image&quot;,&quot;media&quot;:&quot;https:\\\/\\\/scontent-bru2-1.cdninstagram.com\\\/v\\\/t39.30808-6\\\/758944210_1692624682869263_5143217892236141998_n.jpg?stp=dst-jpg_e35_tt6&amp;_nc_cat=103&amp;ccb=7-5&amp;_nc_sid=18de74&amp;efg=eyJlZmdfdGFnIjoiQ0FST1VTRUxfSVRFTS5iZXN0X2ltYWdlX3VybGdlbi5DMyJ9&amp;_nc_ohc=YS_IHentLUYQ7kNvwEK6Lwn&amp;_nc_oc=Adrj0jct8bYaVq7Q9BFf9E_0x-wJN_2n9K1-yWQe9SNwYjSdclBVWhfjb3JoT7Kcdis&amp;_nc_zt=23&amp;_nc_ht=scontent-bru2-1.cdninstagram.com&amp;edm=ANo9K5cEAAAA&amp;_nc_gid=f8HCxtrkqFlcMWY05w_7uQ&amp;_nc_tpa=Q5bMBQKRsrdrPlcYfsMxuj7GTTgNsujVFqj1rAs6Q7CxRi8q2LNiXlcONhyrPl2Vxh3oa_BQOInqRTMGLg&amp;oh=00_AQJf1vVao5n1lBz7RRB9ixr96V9_8Q-UO7Dd_0AUf7oS3g&amp;oe=6A9FDB7D&quot;}],&quot;vid_first&quot;:false}\"\n\t\t\t   data-id=\"sbi_18059638460742022\" data-user=\"terrestouloises\"\n\t\t\t   data-url=\"https:\/\/www.instagram.com\/p\/DbbEYnhDZub\/\" data-avatar=\"https:\/\/scontent-bru2-1.cdninstagram.com\/v\/t51.2885-19\/434581911_1095161461792456_1779633722141861464_n.jpg?stp=dst-jpg_s206x206_tt6&amp;_nc_cat=105&amp;ccb=7-5&amp;_nc_sid=bf7eb4&amp;efg=eyJ2ZW5jb2RlX3RhZyI6InByb2ZpbGVfcGljLnd3dy4zMTEuQzMifQ%3D%3D&amp;_nc_ohc=mRXezM4oizsQ7kNvwGjuoTF&amp;_nc_oc=Adq7sBi_Ua2A4b9UhkwBe2oKdvqYKVXLX4z6zU_ZE6w-XEalFp-LaUUck3lOipAccj8&amp;_nc_zt=24&amp;_nc_ht=scontent-bru2-1.cdninstagram.com&amp;edm=AP4hL3IEAAAA&amp;_nc_tpa=Q5bMBQKU-KSuQLWOMQPF6u7R_M2tn2N2TxfVOmaJ8l-AXUUVM_qQ_5YfnxF_1l8Al13ukLBJ3HtBdxZFHA&amp;oh=00_AQJZrjroXYoQRRgWHOAzyE-_mvo9LSSgSqp30DLfLywpTw&amp;oe=6A9FCFDB\"\n\t\t\t   data-account-type=\"business\"\n\t\t\t   data-iframe=''\n\t\t\t   data-media-type=\"feed\"\n\t\t\t   data-posted-on=\"\"\n\t\t\t   data-custom-avatar=\"\">\n\t\t\t\t<span class=\"sbi-screenreader\">\n\t\t\t\t\tOpen post by terrestouloises with ID 18059638460742022\t\t\t\t<\/span>\n\t\t\t\t\t\t\t<\/a>\n\t\t<\/div>\n\n\t\t<a class=\"sbi_photo\" target=\"_blank\" rel=\"nofollow noopener\" href=\"https:\/\/www.instagram.com\/p\/DbbEYnhDZub\/\"\n\t\t   data-full-res=\"https:\/\/scontent-bru2-1.cdninstagram.com\/v\/t39.30808-6\/759776527_1692624702869261_7253348309349401626_n.jpg?stp=dst-jpg_e35_tt6&#038;_nc_cat=104&#038;ccb=7-5&#038;_nc_sid=18de74&#038;efg=eyJlZmdfdGFnIjoiQ0FST1VTRUxfSVRFTS5iZXN0X2ltYWdlX3VybGdlbi5DMyJ9&#038;_nc_ohc=9Wya8XjqtcsQ7kNvwHtCfkZ&#038;_nc_oc=Ado-MMiV1xAmpiBFrOJEgvnKwNz3edf1oPw9rgLSWTQVyiZx7l_g7ZSTZrvWtS9hwhk&#038;_nc_zt=23&#038;_nc_ht=scontent-bru2-1.cdninstagram.com&#038;edm=ANo9K5cEAAAA&#038;_nc_gid=f8HCxtrkqFlcMWY05w_7uQ&#038;_nc_tpa=Q5bMBQK4xjVtRIipw_bytz1bjhuVpi2nHKBAVyGTAx0OqCctZzI6BXUdSZkbOH078xOuzMNXiVrRk5OzRw&#038;oh=00_AQJD2fUmL9Xe9uLgJkVxFWuQP6PebP8U2WY_aA-_H4pRuQ&#038;oe=6A9FE919\"\n\t\t   data-img-src-set=\"{&quot;d&quot;:&quot;https:\\\/\\\/scontent-bru2-1.cdninstagram.com\\\/v\\\/t39.30808-6\\\/759776527_1692624702869261_7253348309349401626_n.jpg?stp=dst-jpg_e35_tt6&amp;_nc_cat=104&amp;ccb=7-5&amp;_nc_sid=18de74&amp;efg=eyJlZmdfdGFnIjoiQ0FST1VTRUxfSVRFTS5iZXN0X2ltYWdlX3VybGdlbi5DMyJ9&amp;_nc_ohc=9Wya8XjqtcsQ7kNvwHtCfkZ&amp;_nc_oc=Ado-MMiV1xAmpiBFrOJEgvnKwNz3edf1oPw9rgLSWTQVyiZx7l_g7ZSTZrvWtS9hwhk&amp;_nc_zt=23&amp;_nc_ht=scontent-bru2-1.cdninstagram.com&amp;edm=ANo9K5cEAAAA&amp;_nc_gid=f8HCxtrkqFlcMWY05w_7uQ&amp;_nc_tpa=Q5bMBQK4xjVtRIipw_bytz1bjhuVpi2nHKBAVyGTAx0OqCctZzI6BXUdSZkbOH078xOuzMNXiVrRk5OzRw&amp;oh=00_AQJD2fUmL9Xe9uLgJkVxFWuQP6PebP8U2WY_aA-_H4pRuQ&amp;oe=6A9FE919&quot;,&quot;150&quot;:&quot;https:\\\/\\\/scontent-bru2-1.cdninstagram.com\\\/v\\\/t39.30808-6\\\/759776527_1692624702869261_7253348309349401626_n.jpg?stp=dst-jpg_e35_tt6&amp;_nc_cat=104&amp;ccb=7-5&amp;_nc_sid=18de74&amp;efg=eyJlZmdfdGFnIjoiQ0FST1VTRUxfSVRFTS5iZXN0X2ltYWdlX3VybGdlbi5DMyJ9&amp;_nc_ohc=9Wya8XjqtcsQ7kNvwHtCfkZ&amp;_nc_oc=Ado-MMiV1xAmpiBFrOJEgvnKwNz3edf1oPw9rgLSWTQVyiZx7l_g7ZSTZrvWtS9hwhk&amp;_nc_zt=23&amp;_nc_ht=scontent-bru2-1.cdninstagram.com&amp;edm=ANo9K5cEAAAA&amp;_nc_gid=f8HCxtrkqFlcMWY05w_7uQ&amp;_nc_tpa=Q5bMBQK4xjVtRIipw_bytz1bjhuVpi2nHKBAVyGTAx0OqCctZzI6BXUdSZkbOH078xOuzMNXiVrRk5OzRw&amp;oh=00_AQJD2fUmL9Xe9uLgJkVxFWuQP6PebP8U2WY_aA-_H4pRuQ&amp;oe=6A9FE919&quot;,&quot;320&quot;:&quot;https:\\\/\\\/scontent-bru2-1.cdninstagram.com\\\/v\\\/t39.30808-6\\\/759776527_1692624702869261_7253348309349401626_n.jpg?stp=dst-jpg_e35_tt6&amp;_nc_cat=104&amp;ccb=7-5&amp;_nc_sid=18de74&amp;efg=eyJlZmdfdGFnIjoiQ0FST1VTRUxfSVRFTS5iZXN0X2ltYWdlX3VybGdlbi5DMyJ9&amp;_nc_ohc=9Wya8XjqtcsQ7kNvwHtCfkZ&amp;_nc_oc=Ado-MMiV1xAmpiBFrOJEgvnKwNz3edf1oPw9rgLSWTQVyiZx7l_g7ZSTZrvWtS9hwhk&amp;_nc_zt=23&amp;_nc_ht=scontent-bru2-1.cdninstagram.com&amp;edm=ANo9K5cEAAAA&amp;_nc_gid=f8HCxtrkqFlcMWY05w_7uQ&amp;_nc_tpa=Q5bMBQK4xjVtRIipw_bytz1bjhuVpi2nHKBAVyGTAx0OqCctZzI6BXUdSZkbOH078xOuzMNXiVrRk5OzRw&amp;oh=00_AQJD2fUmL9Xe9uLgJkVxFWuQP6PebP8U2WY_aA-_H4pRuQ&amp;oe=6A9FE919&quot;,&quot;640&quot;:&quot;https:\\\/\\\/scontent-bru2-1.cdninstagram.com\\\/v\\\/t39.30808-6\\\/759776527_1692624702869261_7253348309349401626_n.jpg?stp=dst-jpg_e35_tt6&amp;_nc_cat=104&amp;ccb=7-5&amp;_nc_sid=18de74&amp;efg=eyJlZmdfdGFnIjoiQ0FST1VTRUxfSVRFTS5iZXN0X2ltYWdlX3VybGdlbi5DMyJ9&amp;_nc_ohc=9Wya8XjqtcsQ7kNvwHtCfkZ&amp;_nc_oc=Ado-MMiV1xAmpiBFrOJEgvnKwNz3edf1oPw9rgLSWTQVyiZx7l_g7ZSTZrvWtS9hwhk&amp;_nc_zt=23&amp;_nc_ht=scontent-bru2-1.cdninstagram.com&amp;edm=ANo9K5cEAAAA&amp;_nc_gid=f8HCxtrkqFlcMWY05w_7uQ&amp;_nc_tpa=Q5bMBQK4xjVtRIipw_bytz1bjhuVpi2nHKBAVyGTAx0OqCctZzI6BXUdSZkbOH078xOuzMNXiVrRk5OzRw&amp;oh=00_AQJD2fUmL9Xe9uLgJkVxFWuQP6PebP8U2WY_aA-_H4pRuQ&amp;oe=6A9FE919&quot;}\" tabindex=\"-1\">\n\t\t\t<img decoding=\"async\" src=\"https:\/\/tourisme-terrestouloises.com\/wp-content\/plugins\/instagram-feed-pro\/img\/placeholder.png\" alt=\"\ud83c\udf3f \u00c0 la d\u00e9couverte du Marais de Lay-Saint-R\u00e9my \ud83c\udf3f\n\nEnvie d&#039;une parenth\u00e8se nature au c\u0153ur du Toulois ? Le Marais de Lay-Saint-R\u00e9my vous invite \u00e0 une balade paisible sur ses passerelles en bois, au milieu d&#039;un espace naturel pr\u00e9serv\u00e9. \ud83c\udf3e\ud83d\udc9a\n\nOccupant l&#039;ancien lit de la Moselle il y a pr\u00e8s de 350 000 ans, ce site abrite une tourbi\u00e8re alcaline form\u00e9e depuis environ 2 000 ans, offrant un refuge \u00e0 une biodiversit\u00e9 exceptionnelle.\n\nAu fil du sentier, laissez-vous porter par le calme des lieux, observez la richesse de la faune et de la flore, et profitez d&#039;un v\u00e9ritable havre de paix. \ud83c\udf43\n\n\ud83e\udd7e Acc\u00e8s libre toute l&#039;ann\u00e9e\n\ud83d\udcf8 Une balade id\u00e9ale pour les amoureux de nature, de randonn\u00e9e et de photographie.\n\nAvez-vous d\u00e9j\u00e0 d\u00e9couvert ce petit coin de nature ? \ud83d\udc9a\n\n #Toulois #meurtheetmoselle #lorraine #grandest #nature #baladenature #Faune #flore #paysage #randonn\u00e9e #d\u00e9couverte #PatrimoineNaturel #outdoor\">\n\t\t<\/a>\n\t<\/div>\n\n\n\t\t\n\t\t<div class=\"sbi_info_wrapper\">\n\t\t\t<div class=\"sbi_info \">\n\n\t\t\t\t\t\t\t\t\t<p class=\"sbi_caption_wrap\" >\n\t\t\t\t\t\t<span\n\t\t\t\t\t\t\tclass=\"sbi_caption\"  style=\"font-size: 12px;color: rgb(67,73,96);\" aria-hidden=\"true\">\ud83c\udf3f \u00c0 la d\u00e9couverte du Marais de Lay-Saint-R\u00e9my \ud83c\udf3f<br><br>Envie d`une parenth\u00e8se nature au c\u0153ur du Toulois ? Le Marais de Lay-Saint-R\u00e9my vous invite \u00e0 une balade paisible sur ses passerelles en bois, au milieu d`un espace naturel pr\u00e9serv\u00e9. \ud83c\udf3e\ud83d\udc9a<br><br>Occupant l`ancien lit de la Moselle il y a pr\u00e8s de 350 000 ans, ce site abrite une tourbi\u00e8re alcaline form\u00e9e depuis environ 2 000 ans, offrant un refuge \u00e0 une biodiversit\u00e9 exceptionnelle.<br><br>Au fil du sentier, laissez-vous porter par le calme des lieux, observez la richesse de la faune et de la flore, et profitez d`un v\u00e9ritable havre de paix. \ud83c\udf43<br><br>\ud83e\udd7e Acc\u00e8s libre toute l`ann\u00e9e<br>\ud83d\udcf8 Une balade id\u00e9ale pour les amoureux de nature, de randonn\u00e9e et de photographie.<br><br>Avez-vous d\u00e9j\u00e0 d\u00e9couvert ce petit coin de nature ? \ud83d\udc9a<br><br> #Toulois #meurtheetmoselle #lorraine #grandest #nature #baladenature #Faune #flore #paysage #randonn\u00e9e #d\u00e9couverte #PatrimoineNaturel #outdoor<\/span>\n\t\t\t\t\t\t<span class=\"sbi_expand\">\n\t\t\t\t\t\t\t<button type=\"button\" class=\"sbi_more_btn\" aria-label=\"Show full caption\" aria-expanded=\"false\" style=\"background:none;border:0;padding:0;font:inherit;color:inherit;cursor:pointer;\"><span class=\"sbi_more\" aria-hidden=\"true\">...<\/span><\/button>\n\t\t\t\t\t\t<\/span>\n\t\t\t\t\t<\/p>\n\t\t\t\t\n\t\t\t\t<div class=\"sbi_meta_wrap\">\n\t\t\t\t\t\t\t\t\t\t\t<div\n\t\t\t\t\t\t\tclass=\"sbi_meta\" >\n\t\t\t\t\t\t\t\t<span\n\t\tclass=\"sbi_likes\"  style=\"font-size: 13px;\" \t\taria-label=\"17 likes\">\n\t\t<span>\n\t\t\t<svg  style=\"font-size: 13px;\" class=\"svg-inline--fa fa-heart fa-w-18\" aria-hidden=\"true\" data-fa-processed=\"\" data-prefix=\"fa\" data-icon=\"heart\" role=\"presentation\" xmlns=\"http:\/\/www.w3.org\/2000\/svg\" viewBox=\"0 0 576 512\"><path fill=\"currentColor\" d=\"M414.9 24C361.8 24 312 65.7 288 89.3 264 65.7 214.2 24 161.1 24 70.3 24 16 76.9 16 165.5c0 72.6 66.8 133.3 69.2 135.4l187 180.8c8.8 8.5 22.8 8.5 31.6 0l186.7-180.2c2.7-2.7 69.5-63.5 69.5-136C560 76.9 505.7 24 414.9 24z\"><\/path><\/svg>\t\t<\/span>\n\t\t17\t<\/span>\n\t<span\n\t\tclass=\"sbi_comments\"  style=\"font-size: 13px;\" \t\taria-label=\"0 comments\">\n\t\t<span>\n\t\t\t<svg  style=\"font-size: 13px;\" class=\"svg-inline--fa fa-comment fa-w-18\" aria-hidden=\"true\" data-fa-processed=\"\" data-prefix=\"fa\" data-icon=\"comment\" role=\"presentation\" xmlns=\"http:\/\/www.w3.org\/2000\/svg\" viewBox=\"0 0 576 512\"><path fill=\"currentColor\" d=\"M576 240c0 115-129 208-288 208-48.3 0-93.9-8.6-133.9-23.8-40.3 31.2-89.8 50.3-142.4 55.7-5.2.6-10.2-2.8-11.5-7.7-1.3-5 2.7-8.1 6.6-11.8 19.3-18.4 42.7-32.8 51.9-94.6C21.9 330.9 0 287.3 0 240 0 125.1 129 32 288 32s288 93.1 288 208z\"><\/path><\/svg>\t\t<\/span>\n\t\t0\t<\/span>\n\n\t\t\t\t\t\t\t\t\t\t\t\t\t<\/div>\n\t\t\t\t\t\n\t\t\t\t\t\t\t\t\t<\/div>\n\t\t\t<\/div>\n\t\t<\/div>\n\t<\/div>\n\n\t<div class=\"sbi-divider\"><\/div>\n<\/div>\n\t<\/div>\n\n\t<div id=\"sbi_load\" >\n\n\t<div class=\"sbi-screenreader\" aria-live=\"polite\" aria-atomic=\"true\" data-sbi-feed-status><\/div>\n\n\t\t\t<button class=\"sbi_load_btn\"\n\t\t\t\ttype=\"button\"  style=\"background: rgb(243,244,245);color: rgb(44,50,76);\" data-button-hover=\"#E8E8EB\">\n\t\t\t\t\t\t<span\n\t\t\t\tclass=\"sbi_btn_text\" >Load More<\/span>\n\t\t\t<span class=\"sbi_loader sbi_hidden\" style=\"background-color: rgb(255, 255, 255);\" aria-hidden=\"true\"><\/span>\n\t\t<\/button>\n\t\n\t\t\t<span\n\t\t\tclass=\"sbi_follow_btn sbi_custom\" >\n\t\t\t<a target=\"_blank\"\n\t\t\t   rel=\"nofollow noopener\"  href=\"https:\/\/www.instagram.com\/terrestouloises\/\" style=\"background: rgb(0,104,160);color: rgb(255,255,255);\">\n\t\t\t\t<svg class=\"svg-inline--fa fa-instagram fa-w-14\" aria-hidden=\"true\" data-fa-processed=\"\" aria-label=\"Instagram\" data-prefix=\"fab\" data-icon=\"instagram\" role=\"img\" viewBox=\"0 0 448 512\">\n                    <path fill=\"currentColor\" d=\"M224.1 141c-63.6 0-114.9 51.3-114.9 114.9s51.3 114.9 114.9 114.9S339 319.5 339 255.9 287.7 141 224.1 141zm0 189.6c-41.1 0-74.7-33.5-74.7-74.7s33.5-74.7 74.7-74.7 74.7 33.5 74.7 74.7-33.6 74.7-74.7 74.7zm146.4-194.3c0 14.9-12 26.8-26.8 26.8-14.9 0-26.8-12-26.8-26.8s12-26.8 26.8-26.8 26.8 12 26.8 26.8zm76.1 27.2c-1.7-35.9-9.9-67.7-36.2-93.9-26.2-26.2-58-34.4-93.9-36.2-37-2.1-147.9-2.1-184.9 0-35.8 1.7-67.6 9.9-93.9 36.1s-34.4 58-36.2 93.9c-2.1 37-2.1 147.9 0 184.9 1.7 35.9 9.9 67.7 36.2 93.9s58 34.4 93.9 36.2c37 2.1 147.9 2.1 184.9 0 35.9-1.7 67.7-9.9 93.9-36.2 26.2-26.2 34.4-58 36.2-93.9 2.1-37 2.1-147.8 0-184.8zM398.8 388c-7.8 19.6-22.9 34.7-42.6 42.6-29.5 11.7-99.5 9-132.1 9s-102.7 2.6-132.1-9c-19.6-7.8-34.7-22.9-42.6-42.6-11.7-29.5-9-99.5-9-132.1s-2.6-102.7 9-132.1c7.8-19.6 22.9-34.7 42.6-42.6 29.5-11.7 99.5-9 132.1-9s102.7-2.6 132.1 9c19.6 7.8 34.7 22.9 42.6 42.6 11.7 29.5 9 99.5 9 132.1s2.7 102.7-9 132.1z\"><\/path>\n                <\/svg>\t\t\t\t<span>Follow on Instagram<\/span>\n\t\t\t<\/a>\n\t\t<\/span>\n\t\n<\/div>\n\n\t\t<span class=\"sbi_resized_image_data\" data-feed-id=\"*6\"\n\t\t  data-resized=\"{&quot;18059638460742022&quot;:{&quot;id&quot;:&quot;759776527_1692624702869261_7253348309349401626_n&quot;,&quot;ratio&quot;:&quot;0.80&quot;,&quot;sizes&quot;:{&quot;full&quot;:640,&quot;low&quot;:320,&quot;thumb&quot;:150},&quot;extension&quot;:&quot;.webp&quot;},&quot;18362484124240742&quot;:{&quot;id&quot;:&quot;759803584_1693652912766440_2896844913800255167_n&quot;,&quot;ratio&quot;:&quot;1.33&quot;,&quot;sizes&quot;:{&quot;full&quot;:640,&quot;low&quot;:320,&quot;thumb&quot;:150},&quot;extension&quot;:&quot;.webp&quot;},&quot;18120416860813864&quot;:{&quot;id&quot;:&quot;764300793_1697774585687606_9051146080016647444_n&quot;,&quot;ratio&quot;:&quot;1.00&quot;,&quot;sizes&quot;:{&quot;full&quot;:640,&quot;low&quot;:320,&quot;thumb&quot;:150},&quot;extension&quot;:&quot;.webp&quot;},&quot;18381488467203121&quot;:{&quot;id&quot;:&quot;765818062_1701021992029532_6381092635912429634_n&quot;,&quot;ratio&quot;:&quot;1.50&quot;,&quot;sizes&quot;:{&quot;full&quot;:640,&quot;low&quot;:320,&quot;thumb&quot;:150},&quot;extension&quot;:&quot;.webp&quot;},&quot;17912687547445186&quot;:{&quot;id&quot;:&quot;768421590_1706643998133998_6543579231813286362_n&quot;,&quot;ratio&quot;:&quot;1.00&quot;,&quot;sizes&quot;:{&quot;full&quot;:640,&quot;low&quot;:320,&quot;thumb&quot;:150},&quot;extension&quot;:&quot;.webp&quot;},&quot;18075796223362413&quot;:{&quot;id&quot;:&quot;778426730_1710901787708219_715033887239226683_n&quot;,&quot;ratio&quot;:&quot;0.80&quot;,&quot;sizes&quot;:{&quot;full&quot;:640,&quot;low&quot;:320,&quot;thumb&quot;:150},&quot;extension&quot;:&quot;.webp&quot;},&quot;18168939595403331&quot;:{&quot;id&quot;:&quot;793212713_1725882549543476_2936995667871470157_n&quot;,&quot;ratio&quot;:&quot;0.80&quot;,&quot;sizes&quot;:{&quot;full&quot;:640,&quot;low&quot;:320,&quot;thumb&quot;:150},&quot;extension&quot;:&quot;.webp&quot;},&quot;18070242848722333&quot;:{&quot;id&quot;:&quot;793159033_1726989609432770_1970527365455902671_n&quot;,&quot;ratio&quot;:&quot;0.80&quot;,&quot;sizes&quot;:{&quot;full&quot;:640,&quot;low&quot;:320,&quot;thumb&quot;:150},&quot;extension&quot;:&quot;.webp&quot;}}\">\n\t<\/span>\n\t\n<\/div>\n\n\t<style type=\"text\/css\">\n\t\t\t\t#sb_instagram #sbi_load .sbi_load_btn:focus,\n\t\t#sb_instagram #sbi_load .sbi_load_btn:hover {\n\t\t\toutline: none;\n\t\t\tbox-shadow: inset 0 0 20px 20px#E8E8EB;\n\t\t}\n\n\t\t\t\t\t\t#sb_instagram .sbi_follow_btn a:hover,\n\t\t#sb_instagram .sbi_follow_btn a:focus {\n\t\t\toutline: none;\n\t\t\tbox-shadow: inset 0 0 10px 20px#005B8C;\n\t\t}\n\n\t\t\t<\/style>\n\t<\/div>\n\t\t\t\t\t\t<\/div>\n\t\t\t\t<\/div>\n\t\t\t\t\t<\/div>\n\t\t<\/div>\n\t\t\t\t\t<\/div>\n\t\t<\/section>\n\t\t\t\t<\/div>\n\t\t","protected":false},"excerpt":{"rendered":"<p>Welcome to theTerres Touloises document.addEventListener( &#8216;wpcf7submit&#8217;, function( event ) { var duration = document.getElementById(&#8220;duration&#8221;).value; if (duration == &#8220;En quelques heures&#8221;) location = &#8216;https:\/\/tourisme-terrestouloises.com\/quelques-heures-en-terres-touloises&#8217;; else if(duration == &#8220;En un week-end&#8221;) location = &#8216;https:\/\/tourisme-terrestouloises.com\/un-week-end-en-terres-touloises&#8217;; else if(duration == &#8220;In a few hours&#8221;) location = &#8216;https:\/\/tourisme-terrestouloises.com\/en\/a-few-hours-in-terres-touloises\/&#8217;; else if(duration == &#8220;In a weekend&#8221;) location = &#8216;https:\/\/tourisme-terrestouloises.com\/en\/a-weekend-in-terres-touloises\/&#8217;; else if(duration == &#8220;In [&hellip;]<\/p>\n","protected":false},"author":10,"featured_media":1203,"parent":0,"menu_order":110,"comment_status":"closed","ping_status":"closed","template":"elementor_header_footer","meta":{"_acf_changed":false,"footnotes":""},"class_list":["post-524666","page","type-page","status-publish","has-post-thumbnail","hentry"],"acf":[],"yoast_head":"<!-- This site is optimized with the Yoast SEO plugin v28.4 - https:\/\/yoast.com\/product\/yoast-seo-wordpress\/ -->\n<title>Terres Touloises Tourist Office<\/title>\n<meta name=\"description\" content=\"Be inspired by the AOC C\u00f4tes de Toul Route, the St Stephen&#039;s Cathedral, the Boucle de la Moselle, the fortifications....\" \/>\n<meta name=\"robots\" content=\"index, follow, max-snippet:-1, max-image-preview:large, max-video-preview:-1\" \/>\n<link rel=\"canonical\" href=\"https:\/\/tourisme-terrestouloises.com\/en\/\" \/>\n<meta property=\"og:locale\" content=\"en_US\" \/>\n<meta property=\"og:type\" content=\"article\" \/>\n<meta property=\"og:title\" content=\"Terres Touloises Tourist Office\" \/>\n<meta property=\"og:description\" content=\"Be inspired by the AOC C\u00f4tes de Toul Route, the St Stephen&#039;s Cathedral, the Boucle de la Moselle, the fortifications....\" \/>\n<meta property=\"og:url\" content=\"https:\/\/tourisme-terrestouloises.com\/en\/\" \/>\n<meta property=\"og:site_name\" content=\"Terres Touloises Tourist Office\" \/>\n<meta property=\"article:modified_time\" content=\"2026-09-03T12:28:42+00:00\" \/>\n<meta property=\"og:image\" content=\"https:\/\/tourisme-terrestouloises.com\/wp-content\/uploads\/2021\/12\/cathedrale-3-min-Copie-min.jpg\" \/>\n\t<meta property=\"og:image:width\" content=\"1670\" \/>\n\t<meta property=\"og:image:height\" content=\"1030\" \/>\n\t<meta property=\"og:image:type\" content=\"image\/jpeg\" \/>\n<meta name=\"twitter:card\" content=\"summary_large_image\" \/>\n<meta name=\"twitter:label1\" content=\"Est. reading time\" \/>\n\t<meta name=\"twitter:data1\" content=\"2 minutes\" \/>\n<script type=\"application\/ld+json\" class=\"yoast-schema-graph\">{\"@context\":\"https:\\\/\\\/schema.org\",\"@graph\":[{\"@type\":\"WebPage\",\"@id\":\"https:\\\/\\\/tourisme-terrestouloises.com\\\/en\\\/\",\"url\":\"https:\\\/\\\/tourisme-terrestouloises.com\\\/en\\\/\",\"name\":\"Terres Touloises Tourist Office\",\"isPartOf\":{\"@id\":\"https:\\\/\\\/tourisme-terrestouloises.com\\\/en\\\/#website\"},\"primaryImageOfPage\":{\"@id\":\"https:\\\/\\\/tourisme-terrestouloises.com\\\/en\\\/#primaryimage\"},\"image\":{\"@id\":\"https:\\\/\\\/tourisme-terrestouloises.com\\\/en\\\/#primaryimage\"},\"thumbnailUrl\":\"https:\\\/\\\/tourisme-terrestouloises.com\\\/wp-content\\\/uploads\\\/2021\\\/12\\\/cathedrale-3-min-Copie-min.jpg\",\"datePublished\":\"2024-09-10T09:34:08+00:00\",\"dateModified\":\"2026-09-03T12:28:42+00:00\",\"description\":\"Be inspired by the AOC C\u00f4tes de Toul Route, the St Stephen's Cathedral, the Boucle de la Moselle, the fortifications....\",\"breadcrumb\":{\"@id\":\"https:\\\/\\\/tourisme-terrestouloises.com\\\/en\\\/#breadcrumb\"},\"inLanguage\":\"en-US\",\"potentialAction\":[{\"@type\":\"ReadAction\",\"target\":[\"https:\\\/\\\/tourisme-terrestouloises.com\\\/en\\\/\"]}]},{\"@type\":\"ImageObject\",\"inLanguage\":\"en-US\",\"@id\":\"https:\\\/\\\/tourisme-terrestouloises.com\\\/en\\\/#primaryimage\",\"url\":\"https:\\\/\\\/tourisme-terrestouloises.com\\\/wp-content\\\/uploads\\\/2021\\\/12\\\/cathedrale-3-min-Copie-min.jpg\",\"contentUrl\":\"https:\\\/\\\/tourisme-terrestouloises.com\\\/wp-content\\\/uploads\\\/2021\\\/12\\\/cathedrale-3-min-Copie-min.jpg\",\"width\":1670,\"height\":1030,\"caption\":\"\u00a9 Ville de Toul\"},{\"@type\":\"BreadcrumbList\",\"@id\":\"https:\\\/\\\/tourisme-terrestouloises.com\\\/en\\\/#breadcrumb\",\"itemListElement\":[{\"@type\":\"ListItem\",\"position\":1,\"name\":\"Accueil\",\"item\":\"https:\\\/\\\/tourisme-terrestouloises.com\\\/en\\\/accueil-copy\\\/\"},{\"@type\":\"ListItem\",\"position\":2,\"name\":\"Accueil Copy\"}]},{\"@type\":\"WebSite\",\"@id\":\"https:\\\/\\\/tourisme-terrestouloises.com\\\/en\\\/#website\",\"url\":\"https:\\\/\\\/tourisme-terrestouloises.com\\\/en\\\/\",\"name\":\"Terres Touloises Tourist Office\",\"description\":\"Bienvenue en Terres Touloises\",\"publisher\":{\"@id\":\"https:\\\/\\\/tourisme-terrestouloises.com\\\/en\\\/#organization\"},\"potentialAction\":[{\"@type\":\"SearchAction\",\"target\":{\"@type\":\"EntryPoint\",\"urlTemplate\":\"https:\\\/\\\/tourisme-terrestouloises.com\\\/en\\\/?s={search_term_string}\"},\"query-input\":{\"@type\":\"PropertyValueSpecification\",\"valueRequired\":true,\"valueName\":\"search_term_string\"}}],\"inLanguage\":\"en-US\"},{\"@type\":\"Organization\",\"@id\":\"https:\\\/\\\/tourisme-terrestouloises.com\\\/en\\\/#organization\",\"name\":\"Terres Touloises Tourist Office\",\"url\":\"https:\\\/\\\/tourisme-terrestouloises.com\\\/en\\\/\",\"logo\":{\"@type\":\"ImageObject\",\"inLanguage\":\"en-US\",\"@id\":\"https:\\\/\\\/tourisme-terrestouloises.com\\\/en\\\/#\\\/schema\\\/logo\\\/image\\\/\",\"url\":\"https:\\\/\\\/tourisme-terrestouloises.com\\\/wp-content\\\/uploads\\\/2021\\\/11\\\/TerresTouloises_Tourisme.svg\",\"contentUrl\":\"https:\\\/\\\/tourisme-terrestouloises.com\\\/wp-content\\\/uploads\\\/2021\\\/11\\\/TerresTouloises_Tourisme.svg\",\"width\":126,\"height\":166,\"caption\":\"Terres Touloises Tourist Office\"},\"image\":{\"@id\":\"https:\\\/\\\/tourisme-terrestouloises.com\\\/en\\\/#\\\/schema\\\/logo\\\/image\\\/\"}}]}<\/script>\n<!-- \/ Yoast SEO plugin. -->","yoast_head_json":{"title":"Terres Touloises Tourist Office","description":"Be inspired by the AOC C\u00f4tes de Toul Route, the St Stephen's Cathedral, the Boucle de la Moselle, the fortifications....","robots":{"index":"index","follow":"follow","max-snippet":"max-snippet:-1","max-image-preview":"max-image-preview:large","max-video-preview":"max-video-preview:-1"},"canonical":"https:\/\/tourisme-terrestouloises.com\/en\/","og_locale":"en_US","og_type":"article","og_title":"Terres Touloises Tourist Office","og_description":"Be inspired by the AOC C\u00f4tes de Toul Route, the St Stephen's Cathedral, the Boucle de la Moselle, the fortifications....","og_url":"https:\/\/tourisme-terrestouloises.com\/en\/","og_site_name":"Terres Touloises Tourist Office","article_modified_time":"2026-09-03T12:28:42+00:00","og_image":[{"width":1670,"height":1030,"url":"https:\/\/tourisme-terrestouloises.com\/wp-content\/uploads\/2021\/12\/cathedrale-3-min-Copie-min.jpg","type":"image\/jpeg"}],"twitter_card":"summary_large_image","twitter_misc":{"Est. reading time":"2 minutes"},"schema":{"@context":"https:\/\/schema.org","@graph":[{"@type":"WebPage","@id":"https:\/\/tourisme-terrestouloises.com\/en\/","url":"https:\/\/tourisme-terrestouloises.com\/en\/","name":"Terres Touloises Tourist Office","isPartOf":{"@id":"https:\/\/tourisme-terrestouloises.com\/en\/#website"},"primaryImageOfPage":{"@id":"https:\/\/tourisme-terrestouloises.com\/en\/#primaryimage"},"image":{"@id":"https:\/\/tourisme-terrestouloises.com\/en\/#primaryimage"},"thumbnailUrl":"https:\/\/tourisme-terrestouloises.com\/wp-content\/uploads\/2021\/12\/cathedrale-3-min-Copie-min.jpg","datePublished":"2024-09-10T09:34:08+00:00","dateModified":"2026-09-03T12:28:42+00:00","description":"Be inspired by the AOC C\u00f4tes de Toul Route, the St Stephen's Cathedral, the Boucle de la Moselle, the fortifications....","breadcrumb":{"@id":"https:\/\/tourisme-terrestouloises.com\/en\/#breadcrumb"},"inLanguage":"en-US","potentialAction":[{"@type":"ReadAction","target":["https:\/\/tourisme-terrestouloises.com\/en\/"]}]},{"@type":"ImageObject","inLanguage":"en-US","@id":"https:\/\/tourisme-terrestouloises.com\/en\/#primaryimage","url":"https:\/\/tourisme-terrestouloises.com\/wp-content\/uploads\/2021\/12\/cathedrale-3-min-Copie-min.jpg","contentUrl":"https:\/\/tourisme-terrestouloises.com\/wp-content\/uploads\/2021\/12\/cathedrale-3-min-Copie-min.jpg","width":1670,"height":1030,"caption":"\u00a9 Ville de Toul"},{"@type":"BreadcrumbList","@id":"https:\/\/tourisme-terrestouloises.com\/en\/#breadcrumb","itemListElement":[{"@type":"ListItem","position":1,"name":"Accueil","item":"https:\/\/tourisme-terrestouloises.com\/en\/accueil-copy\/"},{"@type":"ListItem","position":2,"name":"Accueil Copy"}]},{"@type":"WebSite","@id":"https:\/\/tourisme-terrestouloises.com\/en\/#website","url":"https:\/\/tourisme-terrestouloises.com\/en\/","name":"Terres Touloises Tourist Office","description":"Bienvenue en Terres Touloises","publisher":{"@id":"https:\/\/tourisme-terrestouloises.com\/en\/#organization"},"potentialAction":[{"@type":"SearchAction","target":{"@type":"EntryPoint","urlTemplate":"https:\/\/tourisme-terrestouloises.com\/en\/?s={search_term_string}"},"query-input":{"@type":"PropertyValueSpecification","valueRequired":true,"valueName":"search_term_string"}}],"inLanguage":"en-US"},{"@type":"Organization","@id":"https:\/\/tourisme-terrestouloises.com\/en\/#organization","name":"Terres Touloises Tourist Office","url":"https:\/\/tourisme-terrestouloises.com\/en\/","logo":{"@type":"ImageObject","inLanguage":"en-US","@id":"https:\/\/tourisme-terrestouloises.com\/en\/#\/schema\/logo\/image\/","url":"https:\/\/tourisme-terrestouloises.com\/wp-content\/uploads\/2021\/11\/TerresTouloises_Tourisme.svg","contentUrl":"https:\/\/tourisme-terrestouloises.com\/wp-content\/uploads\/2021\/11\/TerresTouloises_Tourisme.svg","width":126,"height":166,"caption":"Terres Touloises Tourist Office"},"image":{"@id":"https:\/\/tourisme-terrestouloises.com\/en\/#\/schema\/logo\/image\/"}}]}},"_links":{"self":[{"href":"https:\/\/tourisme-terrestouloises.com\/en\/wp-json\/wp\/v2\/pages\/524666","targetHints":{"allow":["GET"]}}],"collection":[{"href":"https:\/\/tourisme-terrestouloises.com\/en\/wp-json\/wp\/v2\/pages"}],"about":[{"href":"https:\/\/tourisme-terrestouloises.com\/en\/wp-json\/wp\/v2\/types\/page"}],"author":[{"embeddable":true,"href":"https:\/\/tourisme-terrestouloises.com\/en\/wp-json\/wp\/v2\/users\/10"}],"replies":[{"embeddable":true,"href":"https:\/\/tourisme-terrestouloises.com\/en\/wp-json\/wp\/v2\/comments?post=524666"}],"version-history":[{"count":36,"href":"https:\/\/tourisme-terrestouloises.com\/en\/wp-json\/wp\/v2\/pages\/524666\/revisions"}],"predecessor-version":[{"id":526652,"href":"https:\/\/tourisme-terrestouloises.com\/en\/wp-json\/wp\/v2\/pages\/524666\/revisions\/526652"}],"wp:featuredmedia":[{"embeddable":true,"href":"https:\/\/tourisme-terrestouloises.com\/en\/wp-json\/wp\/v2\/media\/1203"}],"wp:attachment":[{"href":"https:\/\/tourisme-terrestouloises.com\/en\/wp-json\/wp\/v2\/media?parent=524666"}],"curies":[{"name":"wp","href":"https:\/\/api.w.org\/{rel}","templated":true}]}}